{"id":254119,"date":"2025-07-17T10:36:31","date_gmt":"2025-07-17T08:36:31","guid":{"rendered":"https:\/\/www.peyrassol.com\/?page_id=254119"},"modified":"2025-07-31T16:13:17","modified_gmt":"2025-07-31T14:13:17","slug":"agenda","status":"publish","type":"page","link":"https:\/\/www.peyrassol.com\/en\/agenda\/","title":{"rendered":"Agenda"},"content":{"rendered":"<p>[et_pb_section fb_built=&#8221;1&#8243; module_class=&#8221;parahacks&#8221; _builder_version=&#8221;4.16&#8243; _module_preset=&#8221;default&#8221; background_image=&#8221;https:\/\/www.peyrassol.com\/wp-content\/uploads\/peyrassol-vin-rose-domaine-viticole-v2.jpg&#8221; height=&#8221;50vh&#8221; custom_margin=&#8221;-50px|||||&#8221; custom_padding=&#8221;||86px|||&#8221; scroll_fade=&#8221;20|35|35|100|0|50%|100&#8243; scroll_blur_enable=&#8221;on&#8221; scroll_blur=&#8221;30|96|98|100|0px|0px|3px&#8221; da_disable_devices=&#8221;off|off|off&#8221; locked=&#8221;off&#8221; collapsed=&#8221;on&#8221; global_colors_info=&#8221;{}&#8221; da_is_popup=&#8221;off&#8221; da_exit_intent=&#8221;off&#8221; da_has_close=&#8221;on&#8221; da_alt_close=&#8221;off&#8221; da_dark_close=&#8221;off&#8221; da_not_modal=&#8221;on&#8221; da_is_singular=&#8221;off&#8221; da_with_loader=&#8221;off&#8221; da_has_shadow=&#8221;on&#8221;][\/et_pb_section][et_pb_section fb_built=&#8221;1&#8243; disabled_on=&#8221;off|off|off&#8221; admin_label=&#8221;Bloc d\u00e9croch\u00e9&#8221; _builder_version=&#8221;4.16&#8243; _module_preset=&#8221;default&#8221; width=&#8221;100%&#8221; max_width=&#8221;100%&#8221; custom_padding=&#8221;25px||25px||true|false&#8221; da_disable_devices=&#8221;off|off|off&#8221; locked=&#8221;off&#8221; collapsed=&#8221;off&#8221; global_colors_info=&#8221;{}&#8221; da_is_popup=&#8221;off&#8221; da_exit_intent=&#8221;off&#8221; da_has_close=&#8221;on&#8221; da_alt_close=&#8221;off&#8221; da_dark_close=&#8221;off&#8221; da_not_modal=&#8221;on&#8221; da_is_singular=&#8221;off&#8221; da_with_loader=&#8221;off&#8221; da_has_shadow=&#8221;on&#8221;][et_pb_row module_id=&#8221;#top&#8221; _builder_version=&#8221;4.16&#8243; background_color=&#8221;#ffffff&#8221; max_width=&#8221;1280px&#8221; custom_margin=&#8221;-100px||||false|false&#8221; custom_padding=&#8221;6px|40px|6px|40px|true|true&#8221; border_color_all=&#8221;#eff5f7&#8243; use_custom_width=&#8221;on&#8221; custom_width_px=&#8221;1280px&#8221; global_colors_info=&#8221;{}&#8221;][et_pb_column type=&#8221;4_4&#8243; _builder_version=&#8221;4.16&#8243; custom_padding=&#8221;|||&#8221; global_colors_info=&#8221;{}&#8221; custom_padding__hover=&#8221;|||&#8221;][dipi_breadcrumbs bc_separator=&#8221;symbol&#8221; bc_separator_sysmbol=&#8221;\/&#8221; bc_items_alignment=&#8221;dipi-bc-center&#8221; bc_schema=&#8221;off&#8221; _builder_version=&#8221;4.16&#8243; _module_preset=&#8221;_initial&#8221; items_font=&#8221;Baskervville||on||||||&#8221; items_text_color=&#8221;#5e5e5e&#8221; active_font=&#8221;|600|||||||&#8221; active_text_color=&#8221;#5b5b5b&#8221; custom_padding=&#8221;24px||24px||true|false&#8221; border_color_all_items=&#8221;RGBA(255,255,255,0)&#8221; global_colors_info=&#8221;{}&#8221; active_text_color__hover_enabled=&#8221;on|hover&#8221; active_text_color__hover=&#8221;#CD1719&#8243; items_text_color__hover_enabled=&#8221;on|desktop&#8221; items_text_color__hover=&#8221;#CD1719&#8243;][\/dipi_breadcrumbs][et_pb_text _builder_version=&#8221;4.22.1&#8243; _module_preset=&#8221;ee073472-c997-40a6-bfc7-58f0f0df119e&#8221; header_font_size_tablet=&#8221;30pt&#8221; header_font_size_phone=&#8221;17pt&#8221; header_font_size_last_edited=&#8221;on|phone&#8221; global_colors_info=&#8221;{}&#8221;]<\/p>\n<h1>Agenda<\/h1>\n<p>[\/et_pb_text][et_pb_text disabled_on=&#8221;off|off|off&#8221; _builder_version=&#8221;4.27.2&#8243; _module_preset=&#8221;c325be86-f9a2-4088-aa67-8c96eeddf5f4&#8243; header_2_font=&#8221;Baskervville||||||||&#8221; header_2_text_align=&#8221;center&#8221; header_2_text_color=&#8221;#CC1517&#8243; header_3_font=&#8221;Baskervville||||||||&#8221; locked=&#8221;off&#8221; global_colors_info=&#8221;{}&#8221;]<\/p>\n<p>Throughout the year, we offer events centered around wine, art, culture, and nature, inviting you to experience the Commanderie de Peyrassol in a different way and to once again take the time to enjoy a special moment with us&#8230;<\/p>\n<p>[\/et_pb_text][et_pb_button button_url=&#8221;https:\/\/www.peyrassol.com\/wp-content\/uploads\/Les-Rendez-vous-a-la-Commanderie-de-Peyrassol_2025-1.pdf&#8221; button_text=&#8221;T\u00e9l\u00e9charger le programme 2025 au format PDF&#8221; button_alignment=&#8221;center&#8221; disabled_on=&#8221;on|on|on&#8221; _builder_version=&#8221;4.27.2&#8243; _module_preset=&#8221;default&#8221; button_text_color=&#8221;#EEEEEE&#8221; button_bg_color=&#8221;#CD1719&#8243; button_border_radius=&#8221;0px&#8221; button_font=&#8221;Libre Baskerville|||||||#DA202B|&#8221; disabled=&#8221;on&#8221; locked=&#8221;off&#8221; global_colors_info=&#8221;{}&#8221;][\/et_pb_button][\/et_pb_column][\/et_pb_row][\/et_pb_section][et_pb_section fb_built=&#8221;1&#8243; _builder_version=&#8221;4.16&#8243; _module_preset=&#8221;default&#8221; custom_padding=&#8221;0px|||||&#8221; da_disable_devices=&#8221;off|off|off&#8221; global_colors_info=&#8221;{}&#8221; da_is_popup=&#8221;off&#8221; da_exit_intent=&#8221;off&#8221; da_has_close=&#8221;on&#8221; da_alt_close=&#8221;off&#8221; da_dark_close=&#8221;off&#8221; da_not_modal=&#8221;on&#8221; da_is_singular=&#8221;off&#8221; da_with_loader=&#8221;off&#8221; da_has_shadow=&#8221;on&#8221;][et_pb_row disabled_on=&#8221;off|off|off&#8221; _builder_version=&#8221;4.16&#8243; _module_preset=&#8221;default&#8221; global_colors_info=&#8221;{}&#8221;][et_pb_column type=&#8221;4_4&#8243; _builder_version=&#8221;4.16&#8243; _module_preset=&#8221;default&#8221; global_colors_info=&#8221;{}&#8221;][dipi_timeline timeline_line_color=&#8221;#CD1719&#8243; use_active_line=&#8221;off&#8221; card_arrow_size=&#8221;19px&#8221; card_arrow_color=&#8221;#CD1719&#8243; layout_tablet=&#8221;mixed&#8221; layout_phone=&#8221;right&#8221; layout_last_edited=&#8221;on|tablet&#8221; disabled_on=&#8221;off|off|off&#8221; _builder_version=&#8221;4.27.2&#8243; _module_preset=&#8221;default&#8221; text_orientation=&#8221;center&#8221; module_alignment=&#8221;center&#8221; hover_enabled=&#8221;0&#8243; global_colors_info=&#8221;{}&#8221; sticky_enabled=&#8221;0&#8243;][dipi_timeline_item admin_label=&#8221;Jeudi 31 juillet&#8221; ribbon=&#8221;Thursday, 31 July&#8221; title=&#8221;SUNSET Evenings : Artefacts Music&#8221; timeline_icon=&#8221;&#xf111;||fa||900&#8243; timeline_icon_color=&#8221;#f2f3f3&#8243; image_max_width=&#8221;50%&#8221; card_padding=&#8221;23px|30px|30px|30px|false|false&#8221; ribbon_last_edited=&#8221;off|desktop&#8221; _builder_version=&#8221;4.27.2&#8243; _module_preset=&#8221;default&#8221; header_level=&#8221;h3&#8243; header_font=&#8221;Baskervville|||on|||||&#8221; header_text_align=&#8221;left&#8221; header_text_color=&#8221;#CC1517&#8243; body_font=&#8221;Baskervville||||||||&#8221; body_text_align=&#8221;left&#8221; body_font_size=&#8221;13pt&#8221; ribbon_text_font=&#8221;Baskervville||||||||&#8221; ribbon_text_text_color=&#8221;#CC1517&#8243; ribbon_text_font_size=&#8221;25px&#8221; ribbon_text_letter_spacing=&#8221;0px&#8221; ribbon_text_line_height=&#8221;1.5em&#8221; background_color=&#8221;#f5f6f0&#8243; background_enable_color=&#8221;on&#8221; body_font_size_tablet=&#8221;11pt&#8221; body_font_size_phone=&#8221;11pt&#8221; body_font_size_last_edited=&#8221;on|tablet&#8221; ribbon_text_font_size_tablet=&#8221;20pt&#8221; ribbon_text_font_size_phone=&#8221;20pt&#8221; ribbon_text_font_size_last_edited=&#8221;on|phone&#8221; border_color_all_ribbon_text=&#8221;#CC1517&#8243; global_colors_info=&#8221;{}&#8221;]<\/p>\n<p>International Pop<\/p>\n<p><a href=\"https:\/\/www.peyrassol.com\/en\/wine-tasting-and-visits\/?re-product-id=240457\">Book your experience<\/a><\/p>\n<p>[\/dipi_timeline_item][dipi_timeline_item admin_label=&#8221;Jeudi 7 ao\u00fbt&#8221; ribbon=&#8221;Thursday, 7 August&#8221; title=&#8221;SUNSET Evenings : Tudo Joia&#8221; timeline_icon=&#8221;&#xf111;||fa||900&#8243; timeline_icon_color=&#8221;#f2f3f3&#8243; image_max_width=&#8221;50%&#8221; card_padding=&#8221;23px|30px|30px|30px|false|false&#8221; ribbon_last_edited=&#8221;off|desktop&#8221; _builder_version=&#8221;4.27.2&#8243; _module_preset=&#8221;default&#8221; header_level=&#8221;h3&#8243; header_font=&#8221;Baskervville|||on|||||&#8221; header_text_align=&#8221;left&#8221; header_text_color=&#8221;#CC1517&#8243; body_font=&#8221;Baskervville||||||||&#8221; body_text_align=&#8221;left&#8221; body_font_size=&#8221;13pt&#8221; ribbon_text_font=&#8221;Baskervville||||||||&#8221; ribbon_text_text_color=&#8221;#CC1517&#8243; ribbon_text_font_size=&#8221;25px&#8221; ribbon_text_letter_spacing=&#8221;0px&#8221; ribbon_text_line_height=&#8221;1.5em&#8221; background_color=&#8221;#f5f6f0&#8243; background_enable_color=&#8221;on&#8221; body_font_size_tablet=&#8221;11pt&#8221; body_font_size_phone=&#8221;11pt&#8221; body_font_size_last_edited=&#8221;on|tablet&#8221; ribbon_text_font_size_tablet=&#8221;20pt&#8221; ribbon_text_font_size_phone=&#8221;20pt&#8221; ribbon_text_font_size_last_edited=&#8221;on|phone&#8221; border_color_all_ribbon_text=&#8221;#CC1517&#8243; global_colors_info=&#8221;{}&#8221;]<\/p>\n<p>Brazilian Music<\/p>\n<p><a href=\"https:\/\/www.peyrassol.com\/en\/wine-tasting-and-visits\/?re-product-id=240457\">Book your experience<\/a><\/p>\n<p>[\/dipi_timeline_item][dipi_timeline_item admin_label=&#8221;Jeudi 14 ao\u00fbt&#8221; ribbon=&#8221;Thursday, 14 August&#8221; title=&#8221;SUNSET Evenings : Miss Jake Quartet&#8221; timeline_icon=&#8221;&#xf111;||fa||900&#8243; timeline_icon_color=&#8221;#f2f3f3&#8243; image_max_width=&#8221;50%&#8221; card_padding=&#8221;23px|30px|30px|30px|false|false&#8221; ribbon_last_edited=&#8221;off|desktop&#8221; _builder_version=&#8221;4.27.2&#8243; _module_preset=&#8221;default&#8221; header_level=&#8221;h3&#8243; header_font=&#8221;Baskervville|||on|||||&#8221; header_text_align=&#8221;left&#8221; header_text_color=&#8221;#CC1517&#8243; body_font=&#8221;Baskervville||||||||&#8221; body_text_align=&#8221;left&#8221; body_font_size=&#8221;13pt&#8221; ribbon_text_font=&#8221;Baskervville||||||||&#8221; ribbon_text_text_color=&#8221;#CC1517&#8243; ribbon_text_font_size=&#8221;25px&#8221; ribbon_text_letter_spacing=&#8221;0px&#8221; ribbon_text_line_height=&#8221;1.5em&#8221; background_color=&#8221;#f5f6f0&#8243; background_enable_color=&#8221;on&#8221; body_font_size_tablet=&#8221;11pt&#8221; body_font_size_phone=&#8221;11pt&#8221; body_font_size_last_edited=&#8221;on|tablet&#8221; ribbon_text_font_size_tablet=&#8221;20pt&#8221; ribbon_text_font_size_phone=&#8221;20pt&#8221; ribbon_text_font_size_last_edited=&#8221;on|phone&#8221; border_color_all_ribbon_text=&#8221;#CC1517&#8243; global_colors_info=&#8221;{}&#8221;]<\/p>\n<p>Jazz Soul &amp; Groove<\/p>\n<p><a href=\"https:\/\/www.peyrassol.com\/en\/wine-tasting-and-visits\/?re-product-id=240457\">Book your experience<\/a><\/p>\n<p>[\/dipi_timeline_item][dipi_timeline_item admin_label=&#8221;Jeudi 21 ao\u00fbt&#8221; ribbon=&#8221;Thursday, 21 August&#8221; title=&#8221;SUNSET Evenings : The South Fully&#8221; timeline_icon=&#8221;&#xf111;||fa||900&#8243; timeline_icon_color=&#8221;#f2f3f3&#8243; image_max_width=&#8221;50%&#8221; card_padding=&#8221;23px|30px|30px|30px|false|false&#8221; ribbon_last_edited=&#8221;off|desktop&#8221; _builder_version=&#8221;4.27.2&#8243; _module_preset=&#8221;default&#8221; header_level=&#8221;h3&#8243; header_font=&#8221;Baskervville|||on|||||&#8221; header_text_align=&#8221;left&#8221; header_text_color=&#8221;#CC1517&#8243; body_font=&#8221;Baskervville||||||||&#8221; body_text_align=&#8221;left&#8221; body_font_size=&#8221;13pt&#8221; ribbon_text_font=&#8221;Baskervville||||||||&#8221; ribbon_text_text_color=&#8221;#CC1517&#8243; ribbon_text_font_size=&#8221;25px&#8221; ribbon_text_letter_spacing=&#8221;0px&#8221; ribbon_text_line_height=&#8221;1.5em&#8221; background_color=&#8221;#f5f6f0&#8243; background_enable_color=&#8221;on&#8221; body_font_size_tablet=&#8221;11pt&#8221; body_font_size_phone=&#8221;11pt&#8221; body_font_size_last_edited=&#8221;on|tablet&#8221; ribbon_text_font_size_tablet=&#8221;20pt&#8221; ribbon_text_font_size_phone=&#8221;20pt&#8221; ribbon_text_font_size_last_edited=&#8221;on|phone&#8221; border_color_all_ribbon_text=&#8221;#CC1517&#8243; global_colors_info=&#8221;{}&#8221;]<\/p>\n<p>International Pop Brass Band\u00a0<\/p>\n<p><a href=\"https:\/\/www.peyrassol.com\/en\/wine-tasting-and-visits\/?re-product-id=240457\">Book your experience<\/a><a href=\"https:\/\/www.peyrassol.com\/en\/wine-tasting-and-visits\/?re-product-id=240457\"><\/a><\/p>\n<p>[\/dipi_timeline_item][dipi_timeline_item admin_label=&#8221;Jeudi 28 ao\u00fbt&#8221; ribbon=&#8221;Thursday, 28 August&#8221; title=&#8221;SUNSET Evenings : The Vesper&#8221; timeline_icon=&#8221;&#xf111;||fa||900&#8243; timeline_icon_color=&#8221;#f2f3f3&#8243; image_max_width=&#8221;50%&#8221; card_padding=&#8221;23px|30px|30px|30px|false|false&#8221; ribbon_last_edited=&#8221;off|desktop&#8221; _builder_version=&#8221;4.27.2&#8243; _module_preset=&#8221;default&#8221; header_level=&#8221;h3&#8243; header_font=&#8221;Baskervville|||on|||||&#8221; header_text_align=&#8221;left&#8221; header_text_color=&#8221;#CC1517&#8243; body_font=&#8221;Baskervville||||||||&#8221; body_text_align=&#8221;left&#8221; body_font_size=&#8221;13pt&#8221; ribbon_text_font=&#8221;Baskervville||||||||&#8221; ribbon_text_text_color=&#8221;#CC1517&#8243; ribbon_text_font_size=&#8221;25px&#8221; ribbon_text_letter_spacing=&#8221;0px&#8221; ribbon_text_line_height=&#8221;1.5em&#8221; background_color=&#8221;#f5f6f0&#8243; background_enable_color=&#8221;on&#8221; body_font_size_tablet=&#8221;11pt&#8221; body_font_size_phone=&#8221;11pt&#8221; body_font_size_last_edited=&#8221;on|tablet&#8221; ribbon_text_font_size_tablet=&#8221;20pt&#8221; ribbon_text_font_size_phone=&#8221;20pt&#8221; ribbon_text_font_size_last_edited=&#8221;on|phone&#8221; border_color_all_ribbon_text=&#8221;#CC1517&#8243; global_colors_info=&#8221;{}&#8221;]<\/p>\n<p>International Pop &amp; Funk<\/p>\n<p><a href=\"https:\/\/www.peyrassol.com\/en\/wine-tasting-and-visits\/?re-product-id=240457\">Book your experience<\/a><\/p>\n<p>[\/dipi_timeline_item][dipi_timeline_item admin_label=&#8221;Saturday 20 and Sunday 21 September&#8221; ribbon=&#8221;Saturday 20 and Sunday 21 September&#8221; title=&#8221; The European Heritage Days&#8221; timeline_icon=&#8221;&#xf111;||fa||900&#8243; timeline_icon_color=&#8221;#f2f3f3&#8243; image_max_width=&#8221;50%&#8221; card_padding=&#8221;23px|30px|30px|30px|false|false&#8221; ribbon_last_edited=&#8221;off|desktop&#8221; _builder_version=&#8221;4.27.2&#8243; _module_preset=&#8221;default&#8221; header_level=&#8221;h3&#8243; header_font=&#8221;Baskervville|||on|||||&#8221; header_text_align=&#8221;left&#8221; header_text_color=&#8221;#CC1517&#8243; body_font=&#8221;Baskervville||||||||&#8221; body_text_align=&#8221;left&#8221; body_font_size=&#8221;13pt&#8221; ribbon_text_font=&#8221;Baskervville||||||||&#8221; ribbon_text_text_color=&#8221;#CC1517&#8243; ribbon_text_font_size=&#8221;25px&#8221; ribbon_text_letter_spacing=&#8221;0px&#8221; ribbon_text_line_height=&#8221;1.5em&#8221; background_color=&#8221;#f5f6f0&#8243; background_enable_color=&#8221;on&#8221; body_font_size_tablet=&#8221;11pt&#8221; body_font_size_phone=&#8221;11pt&#8221; body_font_size_last_edited=&#8221;on|tablet&#8221; ribbon_text_font_size_tablet=&#8221;20pt&#8221; ribbon_text_font_size_phone=&#8221;20pt&#8221; ribbon_text_font_size_last_edited=&#8221;on|phone&#8221; border_color_all_ribbon_text=&#8221;#CC1517&#8243; global_colors_info=&#8221;{}&#8221;]<\/p>\n<p>On the occasion of the European Heritage Days, the Commanderie de Peyrassol opens its doors free of charge to our visitors!<\/p>\n<p><a href=\"https:\/\/www.peyrassol.com\/en\/wine-tasting-and-visits\/?re-product-id=239659\">Book your experience<\/a><\/p>\n<p>[\/dipi_timeline_item][\/dipi_timeline][dipi_timeline timeline_line_color=&#8221;#CD1719&#8243; use_active_line=&#8221;off&#8221; card_arrow_size=&#8221;19px&#8221; card_arrow_color=&#8221;#CD1719&#8243; layout_tablet=&#8221;mixed&#8221; layout_phone=&#8221;right&#8221; layout_last_edited=&#8221;on|tablet&#8221; disabled_on=&#8221;on|on|on&#8221; _builder_version=&#8221;4.27.2&#8243; _module_preset=&#8221;default&#8221; text_orientation=&#8221;center&#8221; module_alignment=&#8221;center&#8221; disabled=&#8221;on&#8221; global_colors_info=&#8221;{}&#8221;][dipi_timeline_item admin_label=&#8221;Samedi 16 mars&#8221; ribbon=&#8221;Dimanche 30 mars&#8221; title=&#8221;Les chemins du patrimoine&#8221; timeline_icon=&#8221;&#xf111;||fa||900&#8243; timeline_icon_color=&#8221;#f2f3f3&#8243; image=&#8221;https:\/\/www.peyrassol.com\/wp-content\/uploads\/Raphoz@Fillaudeau-scaled.jpg&#8221; alt=&#8221;Atelier \u00e9criture immersion po\u00e9tique&#8221; image_max_width=&#8221;50%&#8221; card_padding=&#8221;23px|30px|30px|30px|false|false&#8221; ribbon_last_edited=&#8221;off|desktop&#8221; _builder_version=&#8221;4.27.2&#8243; _module_preset=&#8221;default&#8221; header_level=&#8221;h3&#8243; header_font=&#8221;Baskervville|||on|||||&#8221; header_text_align=&#8221;left&#8221; header_text_color=&#8221;#CC1517&#8243; body_font=&#8221;Baskervville||||||||&#8221; body_text_align=&#8221;left&#8221; body_font_size=&#8221;13pt&#8221; ribbon_text_font=&#8221;Baskervville||||||||&#8221; ribbon_text_text_color=&#8221;#CC1517&#8243; ribbon_text_font_size=&#8221;25px&#8221; ribbon_text_letter_spacing=&#8221;0px&#8221; ribbon_text_line_height=&#8221;1.5em&#8221; background_color=&#8221;#f5f6f0&#8243; background_enable_color=&#8221;on&#8221; body_font_size_tablet=&#8221;11pt&#8221; body_font_size_phone=&#8221;11pt&#8221; body_font_size_last_edited=&#8221;on|tablet&#8221; ribbon_text_font_size_tablet=&#8221;20pt&#8221; ribbon_text_font_size_phone=&#8221;20pt&#8221; ribbon_text_font_size_last_edited=&#8221;on|phone&#8221; border_color_all_ribbon_text=&#8221;#CC1517&#8243; global_colors_info=&#8221;{}&#8221;]Aux c\u00f4t\u00e9s de Denis Huin, guide naturaliste et d\u2019H\u00e9lo\u00efse Meffre, guide oenotouristique, d\u00e9couvrez le patrimoine agricole, historique et naturel de la Commanderie de Peyrassol.<\/p>\n<p><a href=\"https:\/\/www.peyrassol.com\/reservez-votre-visite\/?re-product-id=306437&amp;rwstep=product\"><i><u>R\u00e9server<\/u><\/i><\/a><br \/>\n[\/dipi_timeline_item][dipi_timeline_item admin_label=&#8221;Samedi 16 mars&#8221; ribbon=&#8221;Dimanche 20 avril&#8221; title=&#8221;Chasse aux \u0153u(f)vres %22P\u00e2ques \u00e0 La Commanderie de Peyrassol%22&#8243; timeline_icon=&#8221;&#xf111;||fa||900&#8243; timeline_icon_color=&#8221;#f2f3f3&#8243; image_max_width=&#8221;50%&#8221; card_padding=&#8221;23px|30px|30px|30px|false|false&#8221; ribbon_last_edited=&#8221;off|desktop&#8221; _builder_version=&#8221;4.27.2&#8243; _module_preset=&#8221;default&#8221; header_level=&#8221;h3&#8243; header_font=&#8221;Baskervville|||on|||||&#8221; header_text_align=&#8221;left&#8221; header_text_color=&#8221;#CC1517&#8243; body_font=&#8221;Baskervville||||||||&#8221; body_text_align=&#8221;left&#8221; body_font_size=&#8221;13pt&#8221; ribbon_text_font=&#8221;Baskervville||||||||&#8221; ribbon_text_text_color=&#8221;#CC1517&#8243; ribbon_text_font_size=&#8221;25px&#8221; ribbon_text_letter_spacing=&#8221;0px&#8221; ribbon_text_line_height=&#8221;1.5em&#8221; background_color=&#8221;#f5f6f0&#8243; background_enable_color=&#8221;on&#8221; body_font_size_tablet=&#8221;11pt&#8221; body_font_size_phone=&#8221;11pt&#8221; body_font_size_last_edited=&#8221;on|tablet&#8221; ribbon_text_font_size_tablet=&#8221;20pt&#8221; ribbon_text_font_size_phone=&#8221;20pt&#8221; ribbon_text_font_size_last_edited=&#8221;on|phone&#8221; border_color_all_ribbon_text=&#8221;#CC1517&#8243; global_colors_info=&#8221;{}&#8221;]La traditionnelle chasse aux oeufs se r\u00e9v\u00e8lera telle une chasse aux oeuvres<br \/>\nd\u2019art dans la for\u00eat de La Commanderie de Peyrassol. Au gr\u00e9 d\u2019une histoire<br \/>\nrocambolesque et amusante, vos enfants seront invit\u00e9s \u00e0 retrouver le tr\u00e9sor<br \/>\ndisparu.<\/p>\n<p><a href=\"https:\/\/www.peyrassol.com\/reservez-votre-visite\/?re-product-id=248058\">R\u00e9server<\/a><br \/>\n[\/dipi_timeline_item][dipi_timeline_item admin_label=&#8221;Samedi 13 avril&#8221; ribbon=&#8221;Dimanche 20 avril&#8221; title=&#8221;Vin &#038; Chocolat %22P\u00e2ques \u00e0 La Commanderie de Peyrassol%22&#8243; timeline_icon=&#8221;&#xf111;||fa||900&#8243; timeline_icon_color=&#8221;#f2f3f3&#8243; image_max_width=&#8221;50%&#8221; card_padding=&#8221;23px|30px|30px|30px|false|false&#8221; ribbon_last_edited=&#8221;off|desktop&#8221; _builder_version=&#8221;4.27.2&#8243; _module_preset=&#8221;default&#8221; header_level=&#8221;h3&#8243; header_font=&#8221;Baskervville|||on|||||&#8221; header_text_align=&#8221;left&#8221; header_text_color=&#8221;#CC1517&#8243; body_font=&#8221;Baskervville||||||||&#8221; body_text_align=&#8221;left&#8221; body_font_size=&#8221;13pt&#8221; ribbon_text_font=&#8221;Baskervville||||||||&#8221; ribbon_text_text_color=&#8221;#CC1517&#8243; ribbon_text_font_size=&#8221;25px&#8221; ribbon_text_letter_spacing=&#8221;0px&#8221; ribbon_text_line_height=&#8221;1.5em&#8221; background_color=&#8221;#f5f6f0&#8243; background_enable_color=&#8221;on&#8221; body_font_size_tablet=&#8221;11pt&#8221; body_font_size_phone=&#8221;11pt&#8221; body_font_size_last_edited=&#8221;on|tablet&#8221; ribbon_text_font_size_tablet=&#8221;20pt&#8221; ribbon_text_font_size_phone=&#8221;20pt&#8221; ribbon_text_font_size_last_edited=&#8221;on|phone&#8221; border_color_all_ribbon_text=&#8221;#CC1517&#8243; global_colors_info=&#8221;{}&#8221;]Notre traditionnelle visite de chais se pare de cacao pour r\u00e9veiller vos papilles avec une d\u00e9gustation vins et chocolats mettant en avant la richesse des cuv\u00e9es du vignoble Ch\u00e2teau Peyrassol !<\/p>\n<p><a href=\"https:\/\/www.peyrassol.com\/reservez-votre-visite\/?re-product-id=248069\">R\u00e9server<\/a><br \/>\n[\/dipi_timeline_item][dipi_timeline_item admin_label=&#8221;Dimanche 31 mars &#038; lundi 1er avril&#8221; ribbon=&#8221;Dimanche 18 mai&#8221; title=&#8221;SUPERBE TERRE&#8221; timeline_icon=&#8221;&#xf111;||fa||900&#8243; timeline_icon_color=&#8221;#f2f3f3&#8243; image_max_width=&#8221;50%&#8221; card_padding=&#8221;23px|30px|30px|30px|false|false&#8221; ribbon_last_edited=&#8221;off|desktop&#8221; _builder_version=&#8221;4.27.2&#8243; _module_preset=&#8221;default&#8221; header_level=&#8221;h3&#8243; header_font=&#8221;Baskervville|||on|||||&#8221; header_text_align=&#8221;left&#8221; header_text_color=&#8221;#CC1517&#8243; body_font=&#8221;Baskervville||||||||&#8221; body_text_align=&#8221;left&#8221; body_font_size=&#8221;13pt&#8221; ribbon_text_font=&#8221;Baskervville||||||||&#8221; ribbon_text_text_color=&#8221;#CC1517&#8243; ribbon_text_font_size=&#8221;25px&#8221; ribbon_text_letter_spacing=&#8221;0px&#8221; ribbon_text_line_height=&#8221;1.5em&#8221; background_color=&#8221;#f5f6f0&#8243; background_enable_color=&#8221;on&#8221; body_font_size_tablet=&#8221;11pt&#8221; body_font_size_phone=&#8221;11pt&#8221; body_font_size_last_edited=&#8221;on|tablet&#8221; ribbon_text_font_size_tablet=&#8221;20pt&#8221; ribbon_text_font_size_phone=&#8221;20pt&#8221; ribbon_text_font_size_last_edited=&#8221;on|phone&#8221; border_color_all_ribbon_text=&#8221;#CC1517&#8243; global_colors_info=&#8221;{}&#8221;]March\u00e9 d&#8217;artisans c\u00e9ramiste et potiers, march\u00e9 aux pigments et aux saveurs , ateliers immersifs (kurinuki, empreinte, terre crue, modelage&#8230;), discussions sous l&#8217;arbres avec des professionnels (artisans, architectes, naturalistes, jardiniers, designers&#8230;)<\/p>\n<p><a href=\"https:\/\/www.peyrassol.com\/reservez-votre-visite\/?re-product-id=248069&amp;rwstep=product\"><i><u>R\u00e9server<\/u><\/i><\/a><br \/>\n[\/dipi_timeline_item][dipi_timeline_item admin_label=&#8221;Samedi 25 mai&#8221; ribbon=&#8221;Vendredi 6 et samedi 7 juin&#8221; title=&#8221;Rendez-vous aux jardins&#8221; timeline_icon=&#8221;&#xf111;||fa||900&#8243; timeline_icon_color=&#8221;#f2f3f3&#8243; image_max_width=&#8221;50%&#8221; card_padding=&#8221;23px|30px|30px|30px|false|false&#8221; ribbon_last_edited=&#8221;off|desktop&#8221; _builder_version=&#8221;4.27.2&#8243; _module_preset=&#8221;default&#8221; header_level=&#8221;h3&#8243; header_font=&#8221;Baskervville|||on|||||&#8221; header_text_align=&#8221;left&#8221; header_text_color=&#8221;#CC1517&#8243; body_font=&#8221;Baskervville||||||||&#8221; body_text_align=&#8221;left&#8221; body_font_size=&#8221;13pt&#8221; ribbon_text_font=&#8221;Baskervville||||||||&#8221; ribbon_text_text_color=&#8221;#CC1517&#8243; ribbon_text_font_size=&#8221;25px&#8221; ribbon_text_letter_spacing=&#8221;0px&#8221; ribbon_text_line_height=&#8221;1.5em&#8221; background_color=&#8221;#f5f6f0&#8243; background_enable_color=&#8221;on&#8221; body_font_size_tablet=&#8221;11pt&#8221; body_font_size_phone=&#8221;11pt&#8221; body_font_size_last_edited=&#8221;on|tablet&#8221; ribbon_text_font_size_tablet=&#8221;20pt&#8221; ribbon_text_font_size_phone=&#8221;20pt&#8221; ribbon_text_font_size_last_edited=&#8221;on|phone&#8221; border_color_all_ribbon_text=&#8221;#CC1517&#8243; global_colors_info=&#8221;{}&#8221;]Dans le cadre de la 22e \u00e9dition des Rendez-vous aux jardins sur le th\u00e8me \u00ab Jardins de pierres, pierres de jardins \u00bb, orchestr\u00e9e par le Minist\u00e8re de la Culture, Ga\u00eble Bazennerye, paysagiste du domaine et Alice Faure, charg\u00e9e des publics de la collection d&#8217;art, exploreront ensemble l\u2019empreinte min\u00e9rale au jardin, entre savoir-faire et cr\u00e9ation contemporaine.<\/p>\n<p>R\u00e9server<br \/>\n[\/dipi_timeline_item][dipi_timeline_item admin_label=&#8221;Samedi 1er juin&#8221; ribbon=&#8221;Vendredi 13 juin&#8221; title=&#8221;R\u00e9cital de piano d&#8217;Ilan Zajtmann&#8221; timeline_icon=&#8221;&#xf111;||fa||900&#8243; timeline_icon_color=&#8221;#f2f3f3&#8243; image_max_width=&#8221;50%&#8221; card_padding=&#8221;23px|30px|30px|30px|false|false&#8221; ribbon_last_edited=&#8221;off|desktop&#8221; _builder_version=&#8221;4.27.2&#8243; _module_preset=&#8221;default&#8221; header_level=&#8221;h3&#8243; header_font=&#8221;Baskervville|||on|||||&#8221; header_text_align=&#8221;left&#8221; header_text_color=&#8221;#CC1517&#8243; body_font=&#8221;Baskervville||||||||&#8221; body_text_align=&#8221;left&#8221; body_font_size=&#8221;13pt&#8221; ribbon_text_font=&#8221;Baskervville||||||||&#8221; ribbon_text_text_color=&#8221;#CC1517&#8243; ribbon_text_font_size=&#8221;25px&#8221; ribbon_text_letter_spacing=&#8221;0px&#8221; ribbon_text_line_height=&#8221;1.5em&#8221; background_color=&#8221;#f5f6f0&#8243; background_enable_color=&#8221;on&#8221; body_font_size_tablet=&#8221;11pt&#8221; body_font_size_phone=&#8221;11pt&#8221; body_font_size_last_edited=&#8221;on|tablet&#8221; ribbon_text_font_size_tablet=&#8221;20pt&#8221; ribbon_text_font_size_phone=&#8221;20pt&#8221; ribbon_text_font_size_last_edited=&#8221;on|phone&#8221; border_color_all_ribbon_text=&#8221;#CC1517&#8243; global_colors_info=&#8221;{}&#8221;]Sur les conseils artistiques des Musicales de l\u2019Abbaye du Thoronet, la Commanderie de Peyrassol c\u00e9l\u00e8bre les pr\u00e9mices de l\u2019\u00e9t\u00e9 avec un concert de musique classique port\u00e9 par le talentueux pianiste Ilan Zajtmann.<\/p>\n<p><span style=\"text-decoration: underline;\"><a href=\"https:\/\/www.peyrassol.com\/reservez-votre-visite\/?re-product-id=252291&amp;rwstep=product\"><em>R\u00e9servez<\/em><\/a><\/span><br \/>\n[\/dipi_timeline_item][dipi_timeline_item admin_label=&#8221;SUNSET &#8211; Jeudi 4 juillet&#8221; ribbon=&#8221;SUNSET &#8211; Jeudi 4 juillet&#8221; title=&#8221;MeG &#038; Breakfast (Pop-folk-rock international)&#8221; timeline_icon=&#8221;&#xf111;||fa||900&#8243; timeline_icon_color=&#8221;#f2f3f3&#8243; image_max_width=&#8221;50%&#8221; card_padding=&#8221;23px|30px|30px|30px|false|false&#8221; ribbon_last_edited=&#8221;off|desktop&#8221; _builder_version=&#8221;4.22.1&#8243; _module_preset=&#8221;default&#8221; header_level=&#8221;h3&#8243; header_font=&#8221;Baskervville|||on|||||&#8221; header_text_align=&#8221;left&#8221; header_text_color=&#8221;#CC1517&#8243; body_font=&#8221;Baskervville||||||||&#8221; body_text_align=&#8221;left&#8221; body_font_size=&#8221;13pt&#8221; ribbon_text_font=&#8221;Baskervville||||||||&#8221; ribbon_text_text_color=&#8221;#CC1517&#8243; ribbon_text_font_size=&#8221;25px&#8221; ribbon_text_letter_spacing=&#8221;0px&#8221; ribbon_text_line_height=&#8221;1.5em&#8221; background_color=&#8221;#f5f6f0&#8243; background_enable_color=&#8221;on&#8221; body_font_size_tablet=&#8221;11pt&#8221; body_font_size_phone=&#8221;11pt&#8221; body_font_size_last_edited=&#8221;on|tablet&#8221; ribbon_text_font_size_tablet=&#8221;20pt&#8221; ribbon_text_font_size_phone=&#8221;20pt&#8221; ribbon_text_font_size_last_edited=&#8221;on|phone&#8221; border_color_all_ribbon_text=&#8221;#CC1517&#8243; global_colors_info=&#8221;{}&#8221;]Duo de choc et de charme, Meg &amp; Breakfast revisite les standards internationaux tout en vous r\u00e9servant quelques surprises. En sortant des sentier battus. Une vraie pr\u00e9sence sc\u00e9nique toute en nuances, id\u00e9ale pour cette 1\u00e8re soir\u00e9e sunset 2024.<\/p>\n<p><span style=\"text-decoration: underline;\"><em><a href=\"https:\/\/www.peyrassol.com\/reservez-votre-visite\/?re-product-id=240457&amp;rwstep=product\">R\u00e9servez<\/a><\/em><\/span><br \/>\n[\/dipi_timeline_item][dipi_timeline_item admin_label=&#8221;SUNSET &#8211; Jeudi 18 juillet&#8221; ribbon=&#8221;SUNSET &#8211; Jeudi 18 juillet&#8221; title=&#8221;HOT WAX (Pop, Soul, funk)&#8221; timeline_icon=&#8221;&#xf111;||fa||900&#8243; timeline_icon_color=&#8221;#f2f3f3&#8243; image_max_width=&#8221;50%&#8221; card_padding=&#8221;23px|30px|30px|30px|false|false&#8221; ribbon_last_edited=&#8221;off|desktop&#8221; _builder_version=&#8221;4.22.1&#8243; _module_preset=&#8221;default&#8221; header_level=&#8221;h3&#8243; header_font=&#8221;Baskervville|||on|||||&#8221; header_text_align=&#8221;left&#8221; header_text_color=&#8221;#CC1517&#8243; body_font=&#8221;Baskervville||||||||&#8221; body_text_align=&#8221;left&#8221; body_font_size=&#8221;13pt&#8221; ribbon_text_font=&#8221;Baskervville||||||||&#8221; ribbon_text_text_color=&#8221;#CC1517&#8243; ribbon_text_font_size=&#8221;25px&#8221; ribbon_text_letter_spacing=&#8221;0px&#8221; ribbon_text_line_height=&#8221;1.5em&#8221; background_color=&#8221;#f5f6f0&#8243; background_enable_color=&#8221;on&#8221; body_font_size_tablet=&#8221;11pt&#8221; body_font_size_phone=&#8221;11pt&#8221; body_font_size_last_edited=&#8221;on|tablet&#8221; ribbon_text_font_size_tablet=&#8221;20pt&#8221; ribbon_text_font_size_phone=&#8221;20pt&#8221; ribbon_text_font_size_last_edited=&#8221;on|phone&#8221; border_color_all_ribbon_text=&#8221;#CC1517&#8243; global_colors_info=&#8221;{}&#8221;]4 prodiges de la pop internationale vous embarquent dans leur r\u00e9pertoire riche et vari\u00e9, dans la joie de vivre et le partage ! Funk, Soul, pop internationale vous donneront envie de danser jusqu\u2019au bout de la nuit.<\/p>\n<p><span style=\"text-decoration: underline;\"><em><a href=\"https:\/\/www.peyrassol.com\/reservez-votre-visite\/?re-product-id=240457&amp;rwstep=product\">R\u00e9servez<\/a><\/em><\/span><br \/>\n[\/dipi_timeline_item][dipi_timeline_item admin_label=&#8221;SUNSET &#8211; Jeudi 01 aout&#8221; ribbon=&#8221;SUNSET &#8211; Jeudi 01 aout&#8221; title=&#8221;MeG &#038; Breakfast (Pop-folk-rock international)&#8221; timeline_icon=&#8221;&#xf111;||fa||900&#8243; timeline_icon_color=&#8221;#f2f3f3&#8243; image_max_width=&#8221;50%&#8221; card_padding=&#8221;23px|30px|30px|30px|false|false&#8221; ribbon_last_edited=&#8221;off|desktop&#8221; _builder_version=&#8221;4.22.1&#8243; _module_preset=&#8221;default&#8221; header_level=&#8221;h3&#8243; header_font=&#8221;Baskervville|||on|||||&#8221; header_text_align=&#8221;left&#8221; header_text_color=&#8221;#CC1517&#8243; body_font=&#8221;Baskervville||||||||&#8221; body_text_align=&#8221;left&#8221; body_font_size=&#8221;13pt&#8221; ribbon_text_font=&#8221;Baskervville||||||||&#8221; ribbon_text_text_color=&#8221;#CC1517&#8243; ribbon_text_font_size=&#8221;25px&#8221; ribbon_text_letter_spacing=&#8221;0px&#8221; ribbon_text_line_height=&#8221;1.5em&#8221; background_color=&#8221;#f5f6f0&#8243; background_enable_color=&#8221;on&#8221; body_font_size_tablet=&#8221;11pt&#8221; body_font_size_phone=&#8221;11pt&#8221; body_font_size_last_edited=&#8221;on|tablet&#8221; ribbon_text_font_size_tablet=&#8221;20pt&#8221; ribbon_text_font_size_phone=&#8221;20pt&#8221; ribbon_text_font_size_last_edited=&#8221;on|phone&#8221; border_color_all_ribbon_text=&#8221;#CC1517&#8243; global_colors_info=&#8221;{}&#8221;]Duo de choc et de charme, Meg &amp; Breakfast revisite les standards internationaux tout en vous r\u00e9servant quelques surprises en sortant des sentier battus. Une vraie pr\u00e9sence sc\u00e9nique toute en nuances, id\u00e9ale pour cette soir\u00e9e.<\/p>\n<p><span style=\"text-decoration: underline;\"><em><a href=\"https:\/\/www.peyrassol.com\/reservez-votre-visite\/?re-product-id=240457&amp;rwstep=product\">R\u00e9servez<\/a><\/em><\/span><br \/>\n[\/dipi_timeline_item][dipi_timeline_item admin_label=&#8221;SUNSET &#8211; Jeudi 08 aout&#8221; ribbon=&#8221;SUNSET &#8211; Jeudi 08 aout&#8221; title=&#8221;Julie Meola Latin Quartet&#8221; timeline_icon=&#8221;&#xf111;||fa||900&#8243; timeline_icon_color=&#8221;#f2f3f3&#8243; image_max_width=&#8221;50%&#8221; card_padding=&#8221;23px|30px|30px|30px|false|false&#8221; ribbon_last_edited=&#8221;off|desktop&#8221; _builder_version=&#8221;4.22.1&#8243; _module_preset=&#8221;default&#8221; header_level=&#8221;h3&#8243; header_font=&#8221;Baskervville|||on|||||&#8221; header_text_align=&#8221;left&#8221; header_text_color=&#8221;#CC1517&#8243; body_font=&#8221;Baskervville||||||||&#8221; body_text_align=&#8221;left&#8221; body_font_size=&#8221;13pt&#8221; ribbon_text_font=&#8221;Baskervville||||||||&#8221; ribbon_text_text_color=&#8221;#CC1517&#8243; ribbon_text_font_size=&#8221;25px&#8221; ribbon_text_letter_spacing=&#8221;0px&#8221; ribbon_text_line_height=&#8221;1.5em&#8221; background_color=&#8221;#f5f6f0&#8243; background_enable_color=&#8221;on&#8221; body_font_size_tablet=&#8221;11pt&#8221; body_font_size_phone=&#8221;11pt&#8221; body_font_size_last_edited=&#8221;on|tablet&#8221; ribbon_text_font_size_tablet=&#8221;20pt&#8221; ribbon_text_font_size_phone=&#8221;20pt&#8221; ribbon_text_font_size_last_edited=&#8221;on|phone&#8221; border_color_all_ribbon_text=&#8221;#CC1517&#8243; global_colors_info=&#8221;{}&#8221;]Quand une voix faite pour le jazz s&#8217;aventure du c\u00f4t\u00e9 des sonorit\u00e9s latines et br\u00e9siliennes, la Commanderie de Peyrassol r\u00eave \u00e0 des envies d&#8217;ailleurs<\/p>\n<p><span style=\"text-decoration: underline;\"><em><a href=\"https:\/\/www.peyrassol.com\/reservez-votre-visite\/?re-product-id=240457&amp;rwstep=product\">R\u00e9servez<\/a><\/em><\/span><br \/>\n[\/dipi_timeline_item][dipi_timeline_item admin_label=&#8221;SUNSET &#8211; Jeudi 15 aout&#8221; ribbon=&#8221;SUNSET &#8211; Jeudi 15 aout&#8221; title=&#8221;BAGASSO (Latin Fusion)&#8221; timeline_icon=&#8221;&#xf111;||fa||900&#8243; timeline_icon_color=&#8221;#f2f3f3&#8243; image_max_width=&#8221;50%&#8221; card_padding=&#8221;23px|30px|30px|30px|false|false&#8221; ribbon_last_edited=&#8221;off|desktop&#8221; _builder_version=&#8221;4.22.1&#8243; _module_preset=&#8221;default&#8221; header_level=&#8221;h3&#8243; header_font=&#8221;Baskervville|||on|||||&#8221; header_text_align=&#8221;left&#8221; header_text_color=&#8221;#CC1517&#8243; body_font=&#8221;Baskervville||||||||&#8221; body_text_align=&#8221;left&#8221; body_font_size=&#8221;13pt&#8221; ribbon_text_font=&#8221;Baskervville||||||||&#8221; ribbon_text_text_color=&#8221;#CC1517&#8243; ribbon_text_font_size=&#8221;25px&#8221; ribbon_text_letter_spacing=&#8221;0px&#8221; ribbon_text_line_height=&#8221;1.5em&#8221; background_color=&#8221;#f5f6f0&#8243; background_enable_color=&#8221;on&#8221; body_font_size_tablet=&#8221;11pt&#8221; body_font_size_phone=&#8221;11pt&#8221; body_font_size_last_edited=&#8221;on|tablet&#8221; ribbon_text_font_size_tablet=&#8221;20pt&#8221; ribbon_text_font_size_phone=&#8221;20pt&#8221; ribbon_text_font_size_last_edited=&#8221;on|phone&#8221; border_color_all_ribbon_text=&#8221;#CC1517&#8243; global_colors_info=&#8221;{}&#8221;]Un p\u00e9riple musical, entre le Br\u00e9sil, Cuba, le Cap Vert et la C\u00f4te d\u2019 Azur . Un voyage autour des th\u00e8mes de la vie, une escale imaginaire, une belle occasion de partage et de convivialit\u00e9 \u00e0 ne pas manquer.<\/p>\n<p><span style=\"text-decoration: underline;\"><em><a href=\"https:\/\/www.peyrassol.com\/reservez-votre-visite\/?re-product-id=240457&amp;rwstep=product\">R\u00e9servez<\/a><\/em><\/span><br \/>\n[\/dipi_timeline_item][dipi_timeline_item admin_label=&#8221;SUNSET &#8211; Jeudi 22 aout&#8221; ribbon=&#8221;SUNSET &#8211; Jeudi 22 aout&#8221; title=&#8221;HOT WAX (Pop, Soul, funk)&#8221; timeline_icon=&#8221;&#xf111;||fa||900&#8243; timeline_icon_color=&#8221;#f2f3f3&#8243; image_max_width=&#8221;50%&#8221; card_padding=&#8221;23px|30px|30px|30px|false|false&#8221; ribbon_last_edited=&#8221;off|desktop&#8221; _builder_version=&#8221;4.22.1&#8243; _module_preset=&#8221;default&#8221; header_level=&#8221;h3&#8243; header_font=&#8221;Baskervville|||on|||||&#8221; header_text_align=&#8221;left&#8221; header_text_color=&#8221;#CC1517&#8243; body_font=&#8221;Baskervville||||||||&#8221; body_text_align=&#8221;left&#8221; body_font_size=&#8221;13pt&#8221; ribbon_text_font=&#8221;Baskervville||||||||&#8221; ribbon_text_text_color=&#8221;#CC1517&#8243; ribbon_text_font_size=&#8221;25px&#8221; ribbon_text_letter_spacing=&#8221;0px&#8221; ribbon_text_line_height=&#8221;1.5em&#8221; background_color=&#8221;#f5f6f0&#8243; background_enable_color=&#8221;on&#8221; body_font_size_tablet=&#8221;11pt&#8221; body_font_size_phone=&#8221;11pt&#8221; body_font_size_last_edited=&#8221;on|tablet&#8221; ribbon_text_font_size_tablet=&#8221;20pt&#8221; ribbon_text_font_size_phone=&#8221;20pt&#8221; ribbon_text_font_size_last_edited=&#8221;on|phone&#8221; border_color_all_ribbon_text=&#8221;#CC1517&#8243; global_colors_info=&#8221;{}&#8221;]4 prodiges de la pop internationale vous embarquent dans leur r\u00e9pertoire riche et vari\u00e9, dans la joie de vivre et le partage ! Funk, Soul, pop internationale vous donneront envie de danser jusqu\u2019au bout de la nuit.<\/p>\n<p><span style=\"text-decoration: underline;\"><em><a href=\"https:\/\/www.peyrassol.com\/reservez-votre-visite\/?re-product-id=240457&amp;rwstep=product\">R\u00e9servez<\/a><\/em><\/span><br \/>\n[\/dipi_timeline_item][dipi_timeline_item admin_label=&#8221;SUNSET &#8211; Jeudi 29 aout&#8221; ribbon=&#8221;SUNSET &#8211; Jeudi 29 aout&#8221; title=&#8221;The SHOESHINERS BAND Swing Jazz&#8221; timeline_icon=&#8221;&#xf111;||fa||900&#8243; timeline_icon_color=&#8221;#f2f3f3&#8243; image_max_width=&#8221;50%&#8221; card_padding=&#8221;23px|30px|30px|30px|false|false&#8221; ribbon_last_edited=&#8221;off|desktop&#8221; _builder_version=&#8221;4.22.1&#8243; _module_preset=&#8221;default&#8221; header_level=&#8221;h3&#8243; header_font=&#8221;Baskervville|||on|||||&#8221; header_text_align=&#8221;left&#8221; header_text_color=&#8221;#CC1517&#8243; body_font=&#8221;Baskervville||||||||&#8221; body_text_align=&#8221;left&#8221; body_font_size=&#8221;13pt&#8221; ribbon_text_font=&#8221;Baskervville||||||||&#8221; ribbon_text_text_color=&#8221;#CC1517&#8243; ribbon_text_font_size=&#8221;25px&#8221; ribbon_text_letter_spacing=&#8221;0px&#8221; ribbon_text_line_height=&#8221;1.5em&#8221; background_color=&#8221;#f5f6f0&#8243; background_enable_color=&#8221;on&#8221; body_font_size_tablet=&#8221;11pt&#8221; body_font_size_phone=&#8221;11pt&#8221; body_font_size_last_edited=&#8221;on|tablet&#8221; ribbon_text_font_size_tablet=&#8221;20pt&#8221; ribbon_text_font_size_phone=&#8221;20pt&#8221; ribbon_text_font_size_last_edited=&#8221;on|phone&#8221; border_color_all_ribbon_text=&#8221;#CC1517&#8243; global_colors_info=&#8221;{}&#8221;]Des sonorit\u00e9s de la New Orleans, aux ballades en passant par des pi\u00e8ces explosives du r\u00e9pertoire Big Band, les dynamiques et enjou\u00e9s The Shoeshiners Band d\u00e9veloppe un swing hors du temps&#8230;ne laissant comme rep\u00e8re qu&#8217;une irr\u00e9sistible envie de danser.<\/p>\n<p><span style=\"text-decoration: underline;\"><em><a href=\"https:\/\/www.peyrassol.com\/reservez-votre-visite\/?re-product-id=240457&amp;rwstep=product\">R\u00e9servez<\/a><\/em><\/span><br \/>\n[\/dipi_timeline_item][dipi_timeline_item admin_label=&#8221;Samedi 7 septembre&#8221; ribbon=&#8221;Samedi 7 septembre&#8221; title=&#8221;LA JOURN\u00c9E DES VENDANGES&#8221; timeline_icon=&#8221;&#xf111;||fa||900&#8243; timeline_icon_color=&#8221;#f2f3f3&#8243; image_max_width=&#8221;50%&#8221; card_padding=&#8221;23px|30px|30px|30px|false|false&#8221; ribbon_last_edited=&#8221;off|desktop&#8221; _builder_version=&#8221;4.22.1&#8243; _module_preset=&#8221;default&#8221; header_level=&#8221;h3&#8243; header_font=&#8221;Baskervville|||on|||||&#8221; header_text_align=&#8221;left&#8221; header_text_color=&#8221;#CC1517&#8243; body_font=&#8221;Baskervville||||||||&#8221; body_text_align=&#8221;left&#8221; body_font_size=&#8221;13pt&#8221; ribbon_text_font=&#8221;Baskervville||||||||&#8221; ribbon_text_text_color=&#8221;#CC1517&#8243; ribbon_text_font_size=&#8221;25px&#8221; ribbon_text_letter_spacing=&#8221;0px&#8221; ribbon_text_line_height=&#8221;1.5em&#8221; background_color=&#8221;#f5f6f0&#8243; background_enable_color=&#8221;on&#8221; body_font_size_tablet=&#8221;11pt&#8221; body_font_size_phone=&#8221;11pt&#8221; body_font_size_last_edited=&#8221;on|tablet&#8221; ribbon_text_font_size_tablet=&#8221;20pt&#8221; ribbon_text_font_size_phone=&#8221;20pt&#8221; ribbon_text_font_size_last_edited=&#8221;on|phone&#8221; border_color_all_ribbon_text=&#8221;#CC1517&#8243; global_colors_info=&#8221;{}&#8221;]Plaisir, partage et art de vivre \u00e0 la proven\u00e7ale : venez d\u00e9couvrir le m\u00e9tier de vigneron et vivre une exp\u00e9rience immersive pendant les vendanges du vignoble Ch\u00e2teau Peyrassol.<\/p>\n<p>Nous vous partagerons nos secrets, dans les vignes, aux c\u00f4t\u00e9s de celles et ceux qui cultivent nos parcelles, vinifient nos raisins et qui ont \u00e0 c\u0153ur de partager leur savoir-faire.<br \/>\n[\/dipi_timeline_item][dipi_timeline_item admin_label=&#8221;Samedi 14 septembre&#8221; ribbon=&#8221;Samedi 14 septembre&#8221; title=&#8221;SEJOUR BIEN ETRE&#8221; timeline_icon=&#8221;&#xf111;||fa||900&#8243; timeline_icon_color=&#8221;#f2f3f3&#8243; image_max_width=&#8221;50%&#8221; card_padding=&#8221;23px|30px|30px|30px|false|false&#8221; ribbon_last_edited=&#8221;off|desktop&#8221; _builder_version=&#8221;4.22.1&#8243; _module_preset=&#8221;default&#8221; header_level=&#8221;h3&#8243; header_font=&#8221;Baskervville|||on|||||&#8221; header_text_align=&#8221;left&#8221; header_text_color=&#8221;#CC1517&#8243; body_font=&#8221;Baskervville||||||||&#8221; body_text_align=&#8221;left&#8221; body_font_size=&#8221;13pt&#8221; ribbon_text_font=&#8221;Baskervville||||||||&#8221; ribbon_text_text_color=&#8221;#CC1517&#8243; ribbon_text_font_size=&#8221;25px&#8221; ribbon_text_letter_spacing=&#8221;0px&#8221; ribbon_text_line_height=&#8221;1.5em&#8221; background_color=&#8221;#f5f6f0&#8243; background_enable_color=&#8221;on&#8221; body_font_size_tablet=&#8221;11pt&#8221; body_font_size_phone=&#8221;11pt&#8221; body_font_size_last_edited=&#8221;on|tablet&#8221; ribbon_text_font_size_tablet=&#8221;20pt&#8221; ribbon_text_font_size_phone=&#8221;20pt&#8221; ribbon_text_font_size_last_edited=&#8221;on|phone&#8221; border_color_all_ribbon_text=&#8221;#CC1517&#8243; global_colors_info=&#8221;{}&#8221;]Le week-end du 14 septembre, ressourcez-vous \u00e0 la Commanderie de Peyrassol lors d\u2019un week-end massage &amp; yoga au c\u0153ur d&#8217;une nature pr\u00e9serv\u00e9e.<\/p>\n<p>Profiter des bienfaits d\u2019un s\u00e9jour bien \u00eatre au cours d\u2019un s\u00e9jour 1 nuit en chambre d\u2019h\u00f4tes avec d\u00eener gastronomique dans notre restaurant Chez Jeannette.<\/p>\n<p><em><span style=\"text-decoration: underline;\"><a href=\"https:\/\/peyrassol-83340-booking.myasterio.com\/betemplate\/HOTELMONO\/booking?kml_code=PEYRASSOL-83340\">R\u00e9server<\/a><\/span><\/em><br \/>\n[\/dipi_timeline_item][dipi_timeline_item admin_label=&#8221;Samedi 21 septembre&#8221; ribbon=&#8221;Samedi 21 septembre&#8221; title=&#8221;JOURNEE DU PATRIMOINE&#8221; timeline_icon=&#8221;&#xf111;||fa||900&#8243; timeline_icon_color=&#8221;#f2f3f3&#8243; image_max_width=&#8221;50%&#8221; card_padding=&#8221;23px|30px|30px|30px|false|false&#8221; ribbon_last_edited=&#8221;off|desktop&#8221; _builder_version=&#8221;4.22.1&#8243; _module_preset=&#8221;default&#8221; header_level=&#8221;h3&#8243; header_font=&#8221;Baskervville|||on|||||&#8221; header_text_align=&#8221;left&#8221; header_text_color=&#8221;#CC1517&#8243; body_font=&#8221;Baskervville||||||||&#8221; body_text_align=&#8221;left&#8221; body_font_size=&#8221;13pt&#8221; ribbon_text_font=&#8221;Baskervville||||||||&#8221; ribbon_text_text_color=&#8221;#CC1517&#8243; ribbon_text_font_size=&#8221;25px&#8221; ribbon_text_letter_spacing=&#8221;0px&#8221; ribbon_text_line_height=&#8221;1.5em&#8221; background_color=&#8221;#f5f6f0&#8243; background_enable_color=&#8221;on&#8221; body_font_size_tablet=&#8221;11pt&#8221; body_font_size_phone=&#8221;11pt&#8221; body_font_size_last_edited=&#8221;on|tablet&#8221; ribbon_text_font_size_tablet=&#8221;20pt&#8221; ribbon_text_font_size_phone=&#8221;20pt&#8221; ribbon_text_font_size_last_edited=&#8221;on|phone&#8221; border_color_all_ribbon_text=&#8221;#CC1517&#8243; global_colors_info=&#8221;{}&#8221;]Lors des Journ\u00e9es europ\u00e9ennes du Patrimoine, la Commanderie de Peyrassol ouvre ses portes gracieusement \u00e0 nos visiteurs !<br \/>\nVenez vous balader dans notre domaine et d\u00e9couvrez nos chais et notre Collection d\u2019Art.<br \/>\n[\/dipi_timeline_item][dipi_timeline_item admin_label=&#8221;Samedi 28 septembre&#8221; ribbon=&#8221;Samedi 28 septembre&#8221; title=&#8221;LECTURE DE CHARLES BERLING&#8221; timeline_icon=&#8221;&#xf111;||fa||900&#8243; timeline_icon_color=&#8221;#f2f3f3&#8243; image_max_width=&#8221;50%&#8221; card_padding=&#8221;23px|30px|30px|30px|false|false&#8221; ribbon_last_edited=&#8221;off|desktop&#8221; _builder_version=&#8221;4.22.1&#8243; _module_preset=&#8221;default&#8221; header_level=&#8221;h3&#8243; header_font=&#8221;Baskervville|||on|||||&#8221; header_text_align=&#8221;left&#8221; header_text_color=&#8221;#CC1517&#8243; body_font=&#8221;Baskervville||||||||&#8221; body_text_align=&#8221;left&#8221; body_font_size=&#8221;13pt&#8221; ribbon_text_font=&#8221;Baskervville||||||||&#8221; ribbon_text_text_color=&#8221;#CC1517&#8243; ribbon_text_font_size=&#8221;25px&#8221; ribbon_text_letter_spacing=&#8221;0px&#8221; ribbon_text_line_height=&#8221;1.5em&#8221; background_color=&#8221;#f5f6f0&#8243; background_enable_color=&#8221;on&#8221; body_font_size_tablet=&#8221;11pt&#8221; body_font_size_phone=&#8221;11pt&#8221; body_font_size_last_edited=&#8221;on|tablet&#8221; ribbon_text_font_size_tablet=&#8221;20pt&#8221; ribbon_text_font_size_phone=&#8221;20pt&#8221; ribbon_text_font_size_last_edited=&#8221;on|phone&#8221; border_color_all_ribbon_text=&#8221;#CC1517&#8243; global_colors_info=&#8221;{}&#8221;]Dans la douceur d&#8217;une soir\u00e9e de septembre, entre la fin de l&#8217;\u00e9t\u00e9 et les pr\u00e9mices de l&#8217;automne, l&#8217;acteur, metteur en sc\u00e8ne et directeur de la sc\u00e8ne nationale Ch\u00e2teauvallon- Libert\u00e9 Charles Berling vous donne rendez-vous \u00e0 la Commanderie de Peyrassol. L\u2019une de ses lectures in\u00e9dites, \u00e9troitement li\u00e9e \u00e0 la Collection Philippe Austruy, r\u00e9sonnera dans les murs charg\u00e9s d\u2019histoire de ce site enchanteur.<br \/>\n[\/dipi_timeline_item][dipi_timeline_item admin_label=&#8221;Samedi 12 octobre&#8221; ribbon=&#8221;Samedi 12 octobre&#8221; title=&#8221;SEJOUR ANIMAUX &#038; FORET&#8221; timeline_icon=&#8221;&#xf111;||fa||900&#8243; timeline_icon_color=&#8221;#f2f3f3&#8243; image_max_width=&#8221;50%&#8221; card_padding=&#8221;23px|30px|30px|30px|false|false&#8221; ribbon_last_edited=&#8221;off|desktop&#8221; _builder_version=&#8221;4.22.1&#8243; _module_preset=&#8221;default&#8221; header_level=&#8221;h3&#8243; header_font=&#8221;Baskervville|||on|||||&#8221; header_text_align=&#8221;left&#8221; header_text_color=&#8221;#CC1517&#8243; body_font=&#8221;Baskervville||||||||&#8221; body_text_align=&#8221;left&#8221; body_font_size=&#8221;13pt&#8221; ribbon_text_font=&#8221;Baskervville||||||||&#8221; ribbon_text_text_color=&#8221;#CC1517&#8243; ribbon_text_font_size=&#8221;25px&#8221; ribbon_text_letter_spacing=&#8221;0px&#8221; ribbon_text_line_height=&#8221;1.5em&#8221; background_color=&#8221;#f5f6f0&#8243; background_enable_color=&#8221;on&#8221; body_font_size_tablet=&#8221;11pt&#8221; body_font_size_phone=&#8221;11pt&#8221; body_font_size_last_edited=&#8221;on|tablet&#8221; ribbon_text_font_size_tablet=&#8221;20pt&#8221; ribbon_text_font_size_phone=&#8221;20pt&#8221; ribbon_text_font_size_last_edited=&#8221;on|phone&#8221; border_color_all_ribbon_text=&#8221;#CC1517&#8243; global_colors_info=&#8221;{}&#8221;]Le week-end du 12 octobre, partez \u00e0 la d\u00e9couverte des grands espaces de la Commanderie de Peyrassol, un week-end pour se ressourcer au coeur de notre for\u00eat pr\u00e9serv\u00e9e et au contact de nos animaux. Profiter des bienfaits du contact de la nature et d\u00e9couvrir le contact de nos ch\u00e8vres si attachantes au cours d\u2019un s\u00e9jour 1 nuit en chambre d\u2019h\u00f4tes avec d\u00eener gastronomique dans notre restaurant Chez Jeannette.<\/p>\n<p><em><span style=\"text-decoration: underline;\"><a href=\"https:\/\/peyrassol-83340-booking.myasterio.com\/betemplate\/HOTELMONO\/booking?kml_code=PEYRASSOL-83340\">R\u00e9server<\/a><\/span><\/em><br \/>\n[\/dipi_timeline_item][dipi_timeline_item admin_label=&#8221;Samedi 19 &#038; Dimanche 20 octobre&#8221; ribbon=&#8221;Samedi 19 &#038; Dimanche 20 octobre&#8221; title=&#8221;Le Fascinant Week-end- RDV Vin&#8221; timeline_icon=&#8221;&#xf111;||fa||900&#8243; timeline_icon_color=&#8221;#f2f3f3&#8243; image_max_width=&#8221;50%&#8221; card_padding=&#8221;23px|30px|30px|30px|false|false&#8221; ribbon_last_edited=&#8221;off|desktop&#8221; _builder_version=&#8221;4.22.1&#8243; _module_preset=&#8221;default&#8221; header_level=&#8221;h3&#8243; header_font=&#8221;Baskervville|||on|||||&#8221; header_text_align=&#8221;left&#8221; header_text_color=&#8221;#CC1517&#8243; body_font=&#8221;Baskervville||||||||&#8221; body_text_align=&#8221;left&#8221; body_font_size=&#8221;13pt&#8221; ribbon_text_font=&#8221;Baskervville||||||||&#8221; ribbon_text_text_color=&#8221;#CC1517&#8243; ribbon_text_font_size=&#8221;25px&#8221; ribbon_text_letter_spacing=&#8221;0px&#8221; ribbon_text_line_height=&#8221;1.5em&#8221; background_color=&#8221;#f5f6f0&#8243; background_enable_color=&#8221;on&#8221; body_font_size_tablet=&#8221;11pt&#8221; body_font_size_phone=&#8221;11pt&#8221; body_font_size_last_edited=&#8221;on|tablet&#8221; ribbon_text_font_size_tablet=&#8221;20pt&#8221; ribbon_text_font_size_phone=&#8221;20pt&#8221; ribbon_text_font_size_last_edited=&#8221;on|phone&#8221; border_color_all_ribbon_text=&#8221;#CC1517&#8243; global_colors_info=&#8221;{}&#8221;]Cette balade dans le vignoble Ch\u00e2teau Peyrassol et la for\u00eat de La Commanderie de Peyrassol m\u00ealera l&#8217;histoire presque mill\u00e9naire des lieux, ancr\u00e9e dans la pierre, \u00e0 l&#8217;histoire de la nature qui s&#8217;\u00e9panouit sur nos 850 hectares. Nous vous d\u00e9voilerons la richesse de la biodiversit\u00e9 et son influence sur la vigne qui s&#8217;y d\u00e9ploie, en agriculture biologique. Une d\u00e9gustation des vins vous sera propos\u00e9e \u00e0 la fin de cette balade.<br \/>\n[\/dipi_timeline_item][dipi_timeline_item admin_label=&#8221;Samedi 19 &#038; Dimanche 20 octobre&#8221; ribbon=&#8221;Samedi 19 &#038; Dimanche 20 octobre&#8221; title=&#8221;Le Fascinant Week-end- RDV Art&#8221; timeline_icon=&#8221;&#xf111;||fa||900&#8243; timeline_icon_color=&#8221;#f2f3f3&#8243; image_max_width=&#8221;50%&#8221; card_padding=&#8221;23px|30px|30px|30px|false|false&#8221; ribbon_last_edited=&#8221;off|desktop&#8221; _builder_version=&#8221;4.22.1&#8243; _module_preset=&#8221;default&#8221; header_level=&#8221;h3&#8243; header_font=&#8221;Baskervville|||on|||||&#8221; header_text_align=&#8221;left&#8221; header_text_color=&#8221;#CC1517&#8243; body_font=&#8221;Baskervville||||||||&#8221; body_text_align=&#8221;left&#8221; body_font_size=&#8221;13pt&#8221; ribbon_text_font=&#8221;Baskervville||||||||&#8221; ribbon_text_text_color=&#8221;#CC1517&#8243; ribbon_text_font_size=&#8221;25px&#8221; ribbon_text_letter_spacing=&#8221;0px&#8221; ribbon_text_line_height=&#8221;1.5em&#8221; background_color=&#8221;#f5f6f0&#8243; background_enable_color=&#8221;on&#8221; body_font_size_tablet=&#8221;11pt&#8221; body_font_size_phone=&#8221;11pt&#8221; body_font_size_last_edited=&#8221;on|tablet&#8221; ribbon_text_font_size_tablet=&#8221;20pt&#8221; ribbon_text_font_size_phone=&#8221;20pt&#8221; ribbon_text_font_size_last_edited=&#8221;on|phone&#8221; border_color_all_ribbon_text=&#8221;#CC1517&#8243; global_colors_info=&#8221;{}&#8221;]Au gr\u00e9 d\u2019une balade dans le coeur de Commanderie de Peyrassol et munis de votre appareil photo reflex, argentique ou de votre t\u00e9l\u00e9phone portable, initiezvous \u00e0 l\u2019art du cadrage et au travail de la lumi\u00e8re. Vous b\u00e9n\u00e9ficierez du regard et des conseils du photographe Olivier Monge, sp\u00e9cialiste de la repr\u00e9sentation du territoire, qui vous proposera un atelier mettant l\u2019accent sur l\u2019architecture historique et contemporaine du site, ainsi que sur la pr\u00e9sence des oeuvres de la Collection Philippe Austruy.<\/p>\n<p>A l\u2019issue de la matin\u00e9e vous pourrez, si vous le souhaitez, prendre part \u00e0 notre concours photo et tenter de remporter un prix : vos clich\u00e9s seront diffus\u00e9s sur nos r\u00e9seaux sociaux et nos internautes \u00e9liront leur photographie favorite.<br \/>\n[\/dipi_timeline_item][dipi_timeline_item admin_label=&#8221;Dimanche 10 &#038; Lundi 11 novembre&#8221; ribbon=&#8221;Dimanche 10 &#038; Lundi 11 novembre&#8221; title=&#8221;Le Temps des assemblages \u2013 Atelier vin&#8221; timeline_icon=&#8221;&#xf111;||fa||900&#8243; timeline_icon_color=&#8221;#f2f3f3&#8243; image_max_width=&#8221;50%&#8221; card_padding=&#8221;23px|30px|30px|30px|false|false&#8221; ribbon_last_edited=&#8221;off|desktop&#8221; _builder_version=&#8221;4.22.1&#8243; _module_preset=&#8221;default&#8221; header_level=&#8221;h3&#8243; header_font=&#8221;Baskervville|||on|||||&#8221; header_text_align=&#8221;left&#8221; header_text_color=&#8221;#CC1517&#8243; body_font=&#8221;Baskervville||||||||&#8221; body_text_align=&#8221;left&#8221; body_font_size=&#8221;13pt&#8221; ribbon_text_font=&#8221;Baskervville||||||||&#8221; ribbon_text_text_color=&#8221;#CC1517&#8243; ribbon_text_font_size=&#8221;25px&#8221; ribbon_text_letter_spacing=&#8221;0px&#8221; ribbon_text_line_height=&#8221;1.5em&#8221; background_color=&#8221;#f5f6f0&#8243; background_enable_color=&#8221;on&#8221; body_font_size_tablet=&#8221;11pt&#8221; body_font_size_phone=&#8221;11pt&#8221; body_font_size_last_edited=&#8221;on|tablet&#8221; ribbon_text_font_size_tablet=&#8221;20pt&#8221; ribbon_text_font_size_phone=&#8221;20pt&#8221; ribbon_text_font_size_last_edited=&#8221;on|phone&#8221; border_color_all_ribbon_text=&#8221;#CC1517&#8243; global_colors_info=&#8221;{}&#8221;]Devenez vigneron d\u2019un jour en vous adonnant \u00e0 l\u2019art subtil de l\u2019assemblage des vins de c\u00e9pages ! Apr\u00e8s une visite des chais et un focus sur la vinification parcellaire, nous vous emm\u00e8nerons dans l\u2019authentique et myst\u00e9rieuse salle des gardes au coeur de l\u2019architecture s\u00e9culaire de la Commanderie, entre histoire et modernit\u00e9. Vous d\u00e9gusterez les purs c\u00e9pages et d\u00e9couvrirez les particularit\u00e9s de leurs expressions aromatiques. Dans les bottes du ma\u00eetre de chais, vous serez invit\u00e9 \u00e0 exp\u00e9rimenter vos propres assemblages. Une d\u00e9couverte d\u2019un vin fini vous confirmera l\u2019ampleur et la finesse de l\u2019art de l\u2019assemblage ![\/dipi_timeline_item][dipi_timeline_item admin_label=&#8221;Dimanche 10 &#038; Lundi 11 novembre&#8221; ribbon=&#8221;Dimanche 10 &#038; Lundi 11 novembre&#8221; title=&#8221;Le Temps des assemblages \u2013 Atelier art&#8221; timeline_icon=&#8221;&#xf111;||fa||900&#8243; timeline_icon_color=&#8221;#f2f3f3&#8243; image_max_width=&#8221;50%&#8221; card_padding=&#8221;23px|30px|30px|30px|false|false&#8221; ribbon_last_edited=&#8221;off|desktop&#8221; _builder_version=&#8221;4.22.1&#8243; _module_preset=&#8221;default&#8221; header_level=&#8221;h3&#8243; header_font=&#8221;Baskervville|||on|||||&#8221; header_text_align=&#8221;left&#8221; header_text_color=&#8221;#CC1517&#8243; body_font=&#8221;Baskervville||||||||&#8221; body_text_align=&#8221;left&#8221; body_font_size=&#8221;13pt&#8221; ribbon_text_font=&#8221;Baskervville||||||||&#8221; ribbon_text_text_color=&#8221;#CC1517&#8243; ribbon_text_font_size=&#8221;25px&#8221; ribbon_text_letter_spacing=&#8221;0px&#8221; ribbon_text_line_height=&#8221;1.5em&#8221; background_color=&#8221;#f5f6f0&#8243; background_enable_color=&#8221;on&#8221; body_font_size_tablet=&#8221;11pt&#8221; body_font_size_phone=&#8221;11pt&#8221; body_font_size_last_edited=&#8221;on|tablet&#8221; ribbon_text_font_size_tablet=&#8221;20pt&#8221; ribbon_text_font_size_phone=&#8221;20pt&#8221; ribbon_text_font_size_last_edited=&#8221;on|phone&#8221; border_color_all_ribbon_text=&#8221;#CC1517&#8243; global_colors_info=&#8221;{}&#8221;]Venez red\u00e9couvrir la nature foisonnante du domaine et la po\u00e9sie de sa biodiversit\u00e9 ! Au gr\u00e9 d&#8217;une balade automnale associ\u00e9e \u00e0 une cueillette sauvage dans les endroits secrets du domaine, l&#8217;\u00e9quipe du centre d&#8217;art vous m\u00e8nera au coeur de l&#8217;Oliveraie, au cabanon \u00ab La Feni\u00e8re \u00bb, habituellement r\u00e9serv\u00e9 \u00e0 nos artistes en r\u00e9sidence. En vous inspirant de l&#8217;oeuvre de Jos\u00e9 Yaque, vous deviendrez l&#8217;artiste d&#8217;un jour en immergeant votre r\u00e9colte de sp\u00e9cimens v\u00e9g\u00e9taux et floraux dans une bouteille Ch\u00e2teau Peyrassol !<br \/>\n[\/dipi_timeline_item][dipi_timeline_item admin_label=&#8221;Samedi 23 novembre&#8221; ribbon=&#8221;Samedi 23 novembre&#8221; title=&#8221;SEJOUR OENOTOURISME V\u00c9LO &#038; BIODIVERSITE&#8221; timeline_icon=&#8221;&#xf111;||fa||900&#8243; timeline_icon_color=&#8221;#f2f3f3&#8243; image_max_width=&#8221;50%&#8221; card_padding=&#8221;23px|30px|30px|30px|false|false&#8221; ribbon_last_edited=&#8221;off|desktop&#8221; _builder_version=&#8221;4.22.1&#8243; _module_preset=&#8221;default&#8221; header_level=&#8221;h3&#8243; header_font=&#8221;Baskervville|||on|||||&#8221; header_text_align=&#8221;left&#8221; header_text_color=&#8221;#CC1517&#8243; body_font=&#8221;Baskervville||||||||&#8221; body_text_align=&#8221;left&#8221; body_font_size=&#8221;13pt&#8221; ribbon_text_font=&#8221;Baskervville||||||||&#8221; ribbon_text_text_color=&#8221;#CC1517&#8243; ribbon_text_font_size=&#8221;25px&#8221; ribbon_text_letter_spacing=&#8221;0px&#8221; ribbon_text_line_height=&#8221;1.5em&#8221; background_color=&#8221;#f5f6f0&#8243; background_enable_color=&#8221;on&#8221; body_font_size_tablet=&#8221;11pt&#8221; body_font_size_phone=&#8221;11pt&#8221; body_font_size_last_edited=&#8221;on|tablet&#8221; ribbon_text_font_size_tablet=&#8221;20pt&#8221; ribbon_text_font_size_phone=&#8221;20pt&#8221; ribbon_text_font_size_last_edited=&#8221;on|phone&#8221; border_color_all_ribbon_text=&#8221;#CC1517&#8243; global_colors_info=&#8221;{}&#8221;]Le week-end du 23 novembre, p\u00e9dalez vers l&#8217;aventure ! Rejoignez-nous pour un week-end sp\u00e9cial v\u00e9lo et biodiversit\u00e9. D\u00e9couvrir la richesse de la nature et vivre une escapade sportive et revigorante au c\u0153ur de la nature pr\u00e9serv\u00e9e au cours d\u2019un s\u00e9jour 1 nuit en chambre d\u2019h\u00f4tes avec d\u00eener gastronomique dans notre restaurant Chez Jeannette.<\/p>\n<p><em><span style=\"text-decoration: underline;\"><a href=\"https:\/\/peyrassol-83340-booking.myasterio.com\/betemplate\/HOTELMONO\/booking?kml_code=PEYRASSOL-83340\">R\u00e9server<\/a><\/span><\/em><br \/>\n[\/dipi_timeline_item][dipi_timeline_item admin_label=&#8221;Samedi 30 novembre&#8221; ribbon=&#8221;Samedi 30 novembre&#8221; title=&#8221;LES RENDEZ-VOUS ART &#038; VIN \u00ab LE TEMPS DES ASSEMBLAGES \u00bb&#8221; timeline_icon=&#8221;&#xf111;||fa||900&#8243; timeline_icon_color=&#8221;#f2f3f3&#8243; image_max_width=&#8221;50%&#8221; card_padding=&#8221;23px|30px|30px|30px|false|false&#8221; ribbon_last_edited=&#8221;off|desktop&#8221; _builder_version=&#8221;4.22.1&#8243; _module_preset=&#8221;default&#8221; header_level=&#8221;h3&#8243; header_font=&#8221;Baskervville|||on|||||&#8221; header_text_align=&#8221;left&#8221; header_text_color=&#8221;#CC1517&#8243; body_font=&#8221;Baskervville||||||||&#8221; body_text_align=&#8221;left&#8221; body_font_size=&#8221;13pt&#8221; ribbon_text_font=&#8221;Baskervville||||||||&#8221; ribbon_text_text_color=&#8221;#CC1517&#8243; ribbon_text_font_size=&#8221;25px&#8221; ribbon_text_letter_spacing=&#8221;0px&#8221; ribbon_text_line_height=&#8221;1.5em&#8221; background_color=&#8221;#f5f6f0&#8243; background_enable_color=&#8221;on&#8221; body_font_size_tablet=&#8221;11pt&#8221; body_font_size_phone=&#8221;11pt&#8221; body_font_size_last_edited=&#8221;on|tablet&#8221; ribbon_text_font_size_tablet=&#8221;20pt&#8221; ribbon_text_font_size_phone=&#8221;20pt&#8221; ribbon_text_font_size_last_edited=&#8221;on|phone&#8221; border_color_all_ribbon_text=&#8221;#CC1517&#8243; global_colors_info=&#8221;{}&#8221;]La Commanderie de Peyrassol vous propose d\u2019\u00e9veiller tous vos sens dans une exp\u00e9rience unique m\u00ealant art, vin et gastronomie. D\u00e9couvrez les facteurs qui influent sur notre exp\u00e9rience du vin lors d\u2019une d\u00e9gustation : l\u2019environnement, le discours, l\u2019ambiance du moment, la sensibilit\u00e9 de chacun\u2026 De la m\u00eame mani\u00e8re, l\u2019art peut s\u2019appr\u00e9hender de mille fa\u00e7ons. Nous vous r\u00e9v\u00e8lerons des aspects insoup\u00e7onn\u00e9s de notre rapport au vin et \u00e0 l\u2019art et vous guiderons \u00e0 travers une exp\u00e9rience-d\u00e9gustation intuitive associant 3 \u0153uvres, 3 vins, 3 mets, qui sera suivie d\u2019un d\u00e9jeuner Chez Jeannette en accords mets et vins r\u00e9alis\u00e9s par le chef doublement \u00e9toil\u00e9 Michel Portos.<\/p>\n<p><em>L\u2019offre comprend l\u2019exp\u00e9rience d\u00e9gustation et le d\u00e9jeuner, entr\u00e9e, plat et dessert, 3 verres de vin, eaux et caf\u00e9<\/em><br \/>\n[\/dipi_timeline_item][\/dipi_timeline][\/et_pb_column][\/et_pb_row][et_pb_row disabled_on=&#8221;on|on|on&#8221; _builder_version=&#8221;4.22.1&#8243; _module_preset=&#8221;default&#8221; disabled=&#8221;on&#8221; global_colors_info=&#8221;{}&#8221;][et_pb_column type=&#8221;4_4&#8243; _builder_version=&#8221;4.22.1&#8243; _module_preset=&#8221;default&#8221; global_colors_info=&#8221;{}&#8221;][et_pb_text _builder_version=&#8221;4.22.1&#8243; _module_preset=&#8221;default&#8221; header_3_text_color=&#8221;#CD1719&#8243; global_colors_info=&#8221;{}&#8221;]<\/p>\n<h3>Les \u00e9v\u00e8nements pass\u00e9s en 2024<\/h3>\n<p>[\/et_pb_text][dipi_timeline timeline_line_color=&#8221;#CD1719&#8243; use_active_line=&#8221;off&#8221; card_arrow_size=&#8221;19px&#8221; card_arrow_color=&#8221;#CD1719&#8243; layout_tablet=&#8221;mixed&#8221; layout_phone=&#8221;right&#8221; layout_last_edited=&#8221;on|tablet&#8221; disabled_on=&#8221;off|off|off&#8221; _builder_version=&#8221;4.27.0&#8243; _module_preset=&#8221;default&#8221; text_orientation=&#8221;center&#8221; module_alignment=&#8221;center&#8221; locked=&#8221;off&#8221; global_colors_info=&#8221;{}&#8221;][dipi_timeline_item admin_label=&#8221;Samedi 16 mars&#8221; ribbon=&#8221;Samedi 16 mars&#8221; title=&#8221;Atelier \u00e9criture %22Immersion po\u00e9tique%22&#8243; timeline_icon=&#8221;&#xf111;||fa||900&#8243; timeline_icon_color=&#8221;#f2f3f3&#8243; image=&#8221;https:\/\/www.peyrassol.com\/wp-content\/uploads\/Raphoz@Fillaudeau-scaled.jpg&#8221; alt=&#8221;Atelier \u00e9criture immersion po\u00e9tique&#8221; image_max_width=&#8221;50%&#8221; card_padding=&#8221;23px|30px|30px|30px|false|false&#8221; ribbon_last_edited=&#8221;off|desktop&#8221; _builder_version=&#8221;4.24.3&#8243; _module_preset=&#8221;default&#8221; header_level=&#8221;h3&#8243; header_font=&#8221;Baskervville|||on|||||&#8221; header_text_align=&#8221;left&#8221; header_text_color=&#8221;#CC1517&#8243; body_font=&#8221;Baskervville||||||||&#8221; body_text_align=&#8221;left&#8221; body_font_size=&#8221;13pt&#8221; ribbon_text_font=&#8221;Baskervville||||||||&#8221; ribbon_text_text_color=&#8221;#CC1517&#8243; ribbon_text_font_size=&#8221;25px&#8221; ribbon_text_letter_spacing=&#8221;0px&#8221; ribbon_text_line_height=&#8221;1.5em&#8221; background_color=&#8221;#f5f6f0&#8243; background_enable_color=&#8221;on&#8221; body_font_size_tablet=&#8221;11pt&#8221; body_font_size_phone=&#8221;11pt&#8221; body_font_size_last_edited=&#8221;on|tablet&#8221; ribbon_text_font_size_tablet=&#8221;20pt&#8221; ribbon_text_font_size_phone=&#8221;20pt&#8221; ribbon_text_font_size_last_edited=&#8221;on|phone&#8221; border_color_all_ribbon_text=&#8221;#CC1517&#8243; global_colors_info=&#8221;{}&#8221;]Laissez-vous inspirer par votre d\u00e9couverte des jardins remarquables et de la for\u00eat \u00e0 l\u2019occasion de ce rendez-vous litt\u00e9raire avec notre po\u00e8te invit\u00e9e, Fabienne Raphoz. Sa connaissance des oiseaux et des contes vous permettra de poser un regard nouveau sur les \u00e9cosyst\u00e8mes proven\u00e7aux qui vous entourent.<\/p>\n<p><a href=\"https:\/\/www.peyrassol.com\/reservez-votre-visite\/?re-product-id=265601&amp;rwstep=product\"><i><u>R\u00e9server<\/u><\/i><\/a><br \/>\n[\/dipi_timeline_item][dipi_timeline_item admin_label=&#8221;Samedi 16 mars&#8221; ribbon=&#8221;Samedi 16 mars&#8221; title=&#8221;Conf\u00e9rence-Lecture %22Parce que le vivant, le po\u00e8me%22&#8243; timeline_icon=&#8221;&#xf111;||fa||900&#8243; timeline_icon_color=&#8221;#f2f3f3&#8243; image_max_width=&#8221;50%&#8221; card_padding=&#8221;23px|30px|30px|30px|false|false&#8221; ribbon_last_edited=&#8221;off|desktop&#8221; _builder_version=&#8221;4.22.1&#8243; _module_preset=&#8221;default&#8221; header_level=&#8221;h3&#8243; header_font=&#8221;Baskervville|||on|||||&#8221; header_text_align=&#8221;left&#8221; header_text_color=&#8221;#CC1517&#8243; body_font=&#8221;Baskervville||||||||&#8221; body_text_align=&#8221;left&#8221; body_font_size=&#8221;13pt&#8221; ribbon_text_font=&#8221;Baskervville||||||||&#8221; ribbon_text_text_color=&#8221;#CC1517&#8243; ribbon_text_font_size=&#8221;25px&#8221; ribbon_text_letter_spacing=&#8221;0px&#8221; ribbon_text_line_height=&#8221;1.5em&#8221; background_color=&#8221;#f5f6f0&#8243; background_enable_color=&#8221;on&#8221; body_font_size_tablet=&#8221;11pt&#8221; body_font_size_phone=&#8221;11pt&#8221; body_font_size_last_edited=&#8221;on|tablet&#8221; ribbon_text_font_size_tablet=&#8221;20pt&#8221; ribbon_text_font_size_phone=&#8221;20pt&#8221; ribbon_text_font_size_last_edited=&#8221;on|phone&#8221; border_color_all_ribbon_text=&#8221;#CC1517&#8243; global_colors_info=&#8221;{}&#8221;]Dans le c\u0153ur historique de la Commanderie de Peyrassol, au coin du feu, Fabienne Raphoz vous proposera une lecture intimiste de l\u2019un de ses ouvrages o\u00f9 se m\u00ealent justement nature et po\u00e9sie. Un moment de convivialit\u00e9 autour d\u2019un vin du vignoble Ch\u00e2teau Peyrassol sera l\u2019occasion de cl\u00f4turer cette journ\u00e9e par un temps d\u2019\u00e9change avec la po\u00e8te.<\/p>\n<p><a href=\"https:\/\/www.peyrassol.com\/reservez-votre-visite\/?re-product-id=276416&amp;rwstep=product\"><i><u>R\u00e9server<\/u><\/i><\/a><br \/>\n[\/dipi_timeline_item][dipi_timeline_item admin_label=&#8221;Samedi 16 mars&#8221; ribbon=&#8221;Samedi 16 mars&#8221; title=&#8221;Atelier Vin \u00ab Le Gout des mots \u00bb&#8221; timeline_icon=&#8221;&#xf111;||fa||900&#8243; timeline_icon_color=&#8221;#f2f3f3&#8243; image_max_width=&#8221;50%&#8221; card_padding=&#8221;23px|30px|30px|30px|false|false&#8221; ribbon_last_edited=&#8221;off|desktop&#8221; _builder_version=&#8221;4.22.1&#8243; _module_preset=&#8221;default&#8221; header_level=&#8221;h3&#8243; header_font=&#8221;Baskervville|||on|||||&#8221; header_text_align=&#8221;left&#8221; header_text_color=&#8221;#CC1517&#8243; body_font=&#8221;Baskervville||||||||&#8221; body_text_align=&#8221;left&#8221; body_font_size=&#8221;13pt&#8221; ribbon_text_font=&#8221;Baskervville||||||||&#8221; ribbon_text_text_color=&#8221;#CC1517&#8243; ribbon_text_font_size=&#8221;25px&#8221; ribbon_text_letter_spacing=&#8221;0px&#8221; ribbon_text_line_height=&#8221;1.5em&#8221; background_color=&#8221;#f5f6f0&#8243; background_enable_color=&#8221;on&#8221; body_font_size_tablet=&#8221;11pt&#8221; body_font_size_phone=&#8221;11pt&#8221; body_font_size_last_edited=&#8221;on|tablet&#8221; ribbon_text_font_size_tablet=&#8221;20pt&#8221; ribbon_text_font_size_phone=&#8221;20pt&#8221; ribbon_text_font_size_last_edited=&#8221;on|phone&#8221; border_color_all_ribbon_text=&#8221;#CC1517&#8243; global_colors_info=&#8221;{}&#8221;]Vin \u00ab ample \u00bb, \u00ab fleuri \u00bb, \u00ab \u00e9quilibr\u00e9 \u00bb \u2026 Percez les myst\u00e8res du vocabulaire souvent tr\u00e8s imag\u00e9 utilis\u00e9 lors des d\u00e9gustations par les sp\u00e9cialistes et devenez un d\u00e9gustateur hors-pair ! Nous vous initierons \u00e0 l\u2019art de la d\u00e9gustation en vous apprenant \u00e0 go\u00fbter, mettre des mots sur les sensations que vous \u00e9prouverez et manier le vocabulaire des vignerons avec aisance.<\/p>\n<p><a href=\"https:\/\/www.peyrassol.com\/reservez-votre-visite\/?re-product-id=242781&amp;rwstep=product\"><i><u>R\u00e9server<\/u><\/i><\/a><br \/>\n[\/dipi_timeline_item][dipi_timeline_item admin_label=&#8221;Dimanche 31 mars &#038; lundi 1er avril&#8221; ribbon=&#8221;Dimanche 31 mars &#038; lundi 1er avril&#8221; title=&#8221;LES RENDEZ-VOUS ART \u00ab P\u00c2QUES \u00bb&#8221; timeline_icon=&#8221;&#xf111;||fa||900&#8243; timeline_icon_color=&#8221;#f2f3f3&#8243; image_max_width=&#8221;50%&#8221; card_padding=&#8221;23px|30px|30px|30px|false|false&#8221; ribbon_last_edited=&#8221;off|desktop&#8221; _builder_version=&#8221;4.22.1&#8243; _module_preset=&#8221;default&#8221; header_level=&#8221;h3&#8243; header_font=&#8221;Baskervville|||on|||||&#8221; header_text_align=&#8221;left&#8221; header_text_color=&#8221;#CC1517&#8243; body_font=&#8221;Baskervville||||||||&#8221; body_text_align=&#8221;left&#8221; body_font_size=&#8221;13pt&#8221; ribbon_text_font=&#8221;Baskervville||||||||&#8221; ribbon_text_text_color=&#8221;#CC1517&#8243; ribbon_text_font_size=&#8221;25px&#8221; ribbon_text_letter_spacing=&#8221;0px&#8221; ribbon_text_line_height=&#8221;1.5em&#8221; background_color=&#8221;#f5f6f0&#8243; background_enable_color=&#8221;on&#8221; body_font_size_tablet=&#8221;11pt&#8221; body_font_size_phone=&#8221;11pt&#8221; body_font_size_last_edited=&#8221;on|tablet&#8221; ribbon_text_font_size_tablet=&#8221;20pt&#8221; ribbon_text_font_size_phone=&#8221;20pt&#8221; ribbon_text_font_size_last_edited=&#8221;on|phone&#8221; border_color_all_ribbon_text=&#8221;#CC1517&#8243; global_colors_info=&#8221;{}&#8221;]La traditionnelle chasse aux \u0153ufs se r\u00e9v\u00e8lera telle une chasse aux \u0153uvres d\u2019art dans les jardins remarquables de La Commanderie de Peyrassol. Au gr\u00e9 d\u2019une histoire rocambolesque et amusante, vos enfants seront invit\u00e9s \u00e0 retrouver le tr\u00e9sor (en chocolat) disparu d\u2019un personnage haut en couleur. En famille, plongez dans les myst\u00e8res du domaine dans cette chasse aux \u0153uvres. Une surprise en chocolat attendra les enfants \u00e0 la fin du parcours.<\/p>\n<p><em>Les enfants doivent \u00eatre accompagn\u00e9s par un adulte.<\/em><\/p>\n<p><a href=\"https:\/\/www.peyrassol.com\/reservez-votre-visite\/?re-product-id=248058&amp;rwstep=product\"><i><u>R\u00e9server<\/u><\/i><\/a><br \/>\n[\/dipi_timeline_item][dipi_timeline_item admin_label=&#8221;Dimanche 31 mars &#038; lundi 1er avril&#8221; ribbon=&#8221;Dimanche 31 mars &#038; lundi 1er avril&#8221; title=&#8221;LES RENDEZ-VOUS VIN \u00ab P\u00c2QUES \u00bb&#8221; timeline_icon=&#8221;&#xf111;||fa||900&#8243; timeline_icon_color=&#8221;#f2f3f3&#8243; image_max_width=&#8221;50%&#8221; card_padding=&#8221;23px|30px|30px|30px|false|false&#8221; ribbon_last_edited=&#8221;off|desktop&#8221; _builder_version=&#8221;4.22.1&#8243; _module_preset=&#8221;default&#8221; header_level=&#8221;h3&#8243; header_font=&#8221;Baskervville|||on|||||&#8221; header_text_align=&#8221;left&#8221; header_text_color=&#8221;#CC1517&#8243; body_font=&#8221;Baskervville||||||||&#8221; body_text_align=&#8221;left&#8221; body_font_size=&#8221;13pt&#8221; ribbon_text_font=&#8221;Baskervville||||||||&#8221; ribbon_text_text_color=&#8221;#CC1517&#8243; ribbon_text_font_size=&#8221;25px&#8221; ribbon_text_letter_spacing=&#8221;0px&#8221; ribbon_text_line_height=&#8221;1.5em&#8221; background_color=&#8221;#f5f6f0&#8243; background_enable_color=&#8221;on&#8221; body_font_size_tablet=&#8221;11pt&#8221; body_font_size_phone=&#8221;11pt&#8221; body_font_size_last_edited=&#8221;on|tablet&#8221; ribbon_text_font_size_tablet=&#8221;20pt&#8221; ribbon_text_font_size_phone=&#8221;20pt&#8221; ribbon_text_font_size_last_edited=&#8221;on|phone&#8221; border_color_all_ribbon_text=&#8221;#CC1517&#8243; global_colors_info=&#8221;{}&#8221;]Notre traditionnelle visite de chais se pare de cacao pour r\u00e9veiller vos papilles avec une d\u00e9gustation vins et chocolats mettant en avant la richesse des cuv\u00e9es du vignoble Ch\u00e2teau Peyrassol !<\/p>\n<p><a href=\"https:\/\/www.peyrassol.com\/reservez-votre-visite\/?re-product-id=248069&amp;rwstep=product\"><i><u>R\u00e9server<\/u><\/i><\/a><br \/>\n[\/dipi_timeline_item][dipi_timeline_item admin_label=&#8221;Samedi 13 avril&#8221; ribbon=&#8221;Samedi 13 avril&#8221; title=&#8221;SEJOUR OENOTOURISME V\u00c9LO &#038; BIODIVERSITE&#8221; timeline_icon=&#8221;&#xf111;||fa||900&#8243; timeline_icon_color=&#8221;#f2f3f3&#8243; image_max_width=&#8221;50%&#8221; card_padding=&#8221;23px|30px|30px|30px|false|false&#8221; ribbon_last_edited=&#8221;off|desktop&#8221; _builder_version=&#8221;4.22.1&#8243; _module_preset=&#8221;default&#8221; header_level=&#8221;h3&#8243; header_font=&#8221;Baskervville|||on|||||&#8221; header_text_align=&#8221;left&#8221; header_text_color=&#8221;#CC1517&#8243; body_font=&#8221;Baskervville||||||||&#8221; body_text_align=&#8221;left&#8221; body_font_size=&#8221;13pt&#8221; ribbon_text_font=&#8221;Baskervville||||||||&#8221; ribbon_text_text_color=&#8221;#CC1517&#8243; ribbon_text_font_size=&#8221;25px&#8221; ribbon_text_letter_spacing=&#8221;0px&#8221; ribbon_text_line_height=&#8221;1.5em&#8221; background_color=&#8221;#f5f6f0&#8243; background_enable_color=&#8221;on&#8221; body_font_size_tablet=&#8221;11pt&#8221; body_font_size_phone=&#8221;11pt&#8221; body_font_size_last_edited=&#8221;on|tablet&#8221; ribbon_text_font_size_tablet=&#8221;20pt&#8221; ribbon_text_font_size_phone=&#8221;20pt&#8221; ribbon_text_font_size_last_edited=&#8221;on|phone&#8221; border_color_all_ribbon_text=&#8221;#CC1517&#8243; global_colors_info=&#8221;{}&#8221;]Le week-end du 13 avril, p\u00e9dalez vers l&#8217;aventure ! Rejoignez-nous pour un week-end sp\u00e9cial v\u00e9lo et biodiversit\u00e9. D\u00e9couvrir la richesse de la nature et vivre une escapade sportive et revigorante au c\u0153ur de la nature pr\u00e9serv\u00e9e au cours d\u2019un s\u00e9jour 1 nuit en chambre d\u2019h\u00f4tes avec d\u00eener gastronomique dans notre restaurant Chez Jeannette.<\/p>\n<p><a href=\"https:\/\/peyrassol-83340-booking.myasterio.com\/betemplate\/HOTELMONO\/booking?kml_code=PEYRASSOL-83340\"><i><u>R\u00e9server<\/u><\/i><\/a><br \/>\n[\/dipi_timeline_item][dipi_timeline_item admin_label=&#8221;Samedi 11 mai&#8221; ribbon=&#8221;Samedi 11 mai&#8221; title=&#8221;SEJOUR ANIMAUX &#038; FORET&#8221; timeline_icon=&#8221;&#xf111;||fa||900&#8243; timeline_icon_color=&#8221;#f2f3f3&#8243; image_max_width=&#8221;50%&#8221; card_padding=&#8221;23px|30px|30px|30px|false|false&#8221; ribbon_last_edited=&#8221;off|desktop&#8221; _builder_version=&#8221;4.22.1&#8243; _module_preset=&#8221;default&#8221; header_level=&#8221;h3&#8243; header_font=&#8221;Baskervville|||on|||||&#8221; header_text_align=&#8221;left&#8221; header_text_color=&#8221;#CC1517&#8243; body_font=&#8221;Baskervville||||||||&#8221; body_text_align=&#8221;left&#8221; body_font_size=&#8221;13pt&#8221; ribbon_text_font=&#8221;Baskervville||||||||&#8221; ribbon_text_text_color=&#8221;#CC1517&#8243; ribbon_text_font_size=&#8221;25px&#8221; ribbon_text_letter_spacing=&#8221;0px&#8221; ribbon_text_line_height=&#8221;1.5em&#8221; background_color=&#8221;#f5f6f0&#8243; background_enable_color=&#8221;on&#8221; body_font_size_tablet=&#8221;11pt&#8221; body_font_size_phone=&#8221;11pt&#8221; body_font_size_last_edited=&#8221;on|tablet&#8221; ribbon_text_font_size_tablet=&#8221;20pt&#8221; ribbon_text_font_size_phone=&#8221;20pt&#8221; ribbon_text_font_size_last_edited=&#8221;on|phone&#8221; border_color_all_ribbon_text=&#8221;#CC1517&#8243; global_colors_info=&#8221;{}&#8221;]Le week-end du 11 mai, partez \u00e0 la d\u00e9couverte des grands espaces de la Commanderie de Peyrassol, un week-end pour se ressourcer au coeur de notre for\u00eat pr\u00e9serv\u00e9e et au contact de nos animaux. Profiter des bienfaits du contact de la nature et d\u00e9couvrir le contact de nos ch\u00e8vres si attachantes au cours d\u2019un s\u00e9jour 1 nuit en chambre d\u2019h\u00f4tes avec d\u00eener gastronomique dans notre restaurant Chez Jeannette.<\/p>\n<p><a href=\"https:\/\/peyrassol-83340-booking.myasterio.com\/betemplate\/HOTELMONO\/booking?kml_code=PEYRASSOL-83340\"><i><u>R\u00e9server<\/u><\/i><\/a><br \/>\n[\/dipi_timeline_item][dipi_timeline_item admin_label=&#8221;Samedi 25 mai&#8221; ribbon=&#8221;Samedi 25 mai&#8221; title=&#8221;CHEZ JEANNETTE EN ACCORD METS ET VINS ROS\u00c9S&#8221; timeline_icon=&#8221;&#xf111;||fa||900&#8243; timeline_icon_color=&#8221;#f2f3f3&#8243; image_max_width=&#8221;50%&#8221; card_padding=&#8221;23px|30px|30px|30px|false|false&#8221; ribbon_last_edited=&#8221;off|desktop&#8221; _builder_version=&#8221;4.22.1&#8243; _module_preset=&#8221;default&#8221; header_level=&#8221;h3&#8243; header_font=&#8221;Baskervville|||on|||||&#8221; header_text_align=&#8221;left&#8221; header_text_color=&#8221;#CC1517&#8243; body_font=&#8221;Baskervville||||||||&#8221; body_text_align=&#8221;left&#8221; body_font_size=&#8221;13pt&#8221; ribbon_text_font=&#8221;Baskervville||||||||&#8221; ribbon_text_text_color=&#8221;#CC1517&#8243; ribbon_text_font_size=&#8221;25px&#8221; ribbon_text_letter_spacing=&#8221;0px&#8221; ribbon_text_line_height=&#8221;1.5em&#8221; background_color=&#8221;#f5f6f0&#8243; background_enable_color=&#8221;on&#8221; body_font_size_tablet=&#8221;11pt&#8221; body_font_size_phone=&#8221;11pt&#8221; body_font_size_last_edited=&#8221;on|tablet&#8221; ribbon_text_font_size_tablet=&#8221;20pt&#8221; ribbon_text_font_size_phone=&#8221;20pt&#8221; ribbon_text_font_size_last_edited=&#8221;on|phone&#8221; border_color_all_ribbon_text=&#8221;#CC1517&#8243; global_colors_info=&#8221;{}&#8221;]A l\u2019occasion de la sortie de nos ros\u00e9s biologiques, nous vous proposons une d\u00e9couverte de nos cuv\u00e9es 2023, des chais jusqu\u2019\u00e0 la d\u00e9gustation en accord mets et vins. Vous visiterez nos chais, aurez acc\u00e8s aux secrets de la vinification des ros\u00e9s et d\u00e9gusterez le nouveau mill\u00e9sime. Cette visite sera suivie d\u2019un d\u00e9jeuner Chez Jeannette, en accords mets et vins, r\u00e9alis\u00e9 par le chef doublement \u00e9toil\u00e9 Michel Portos.<\/p>\n<p><a href=\"https:\/\/www.peyrassol.com\/reservez-votre-visite\/?re-product-id=242766&amp;rwstep=product\"><i><u>R\u00e9server<\/u><\/i><\/a><br \/>\n[\/dipi_timeline_item][dipi_timeline_item admin_label=&#8221;Vendredi 31 mai &#038; Samedi 1er juin&#8221; ribbon=&#8221;Vendredi 31 mai &#038; Samedi 1er juin&#8221; title=&#8221;RENDEZ-VOUS AUX JARDINS&#8221; timeline_icon=&#8221;&#xf111;||fa||900&#8243; timeline_icon_color=&#8221;#f2f3f3&#8243; image_max_width=&#8221;50%&#8221; card_padding=&#8221;23px|30px|30px|30px|false|false&#8221; ribbon_last_edited=&#8221;off|desktop&#8221; _builder_version=&#8221;4.22.1&#8243; _module_preset=&#8221;default&#8221; header_level=&#8221;h3&#8243; header_font=&#8221;Baskervville|||on|||||&#8221; header_text_align=&#8221;left&#8221; header_text_color=&#8221;#CC1517&#8243; body_font=&#8221;Baskervville||||||||&#8221; body_text_align=&#8221;left&#8221; body_font_size=&#8221;13pt&#8221; ribbon_text_font=&#8221;Baskervville||||||||&#8221; ribbon_text_text_color=&#8221;#CC1517&#8243; ribbon_text_font_size=&#8221;25px&#8221; ribbon_text_letter_spacing=&#8221;0px&#8221; ribbon_text_line_height=&#8221;1.5em&#8221; background_color=&#8221;#f5f6f0&#8243; background_enable_color=&#8221;on&#8221; body_font_size_tablet=&#8221;11pt&#8221; body_font_size_phone=&#8221;11pt&#8221; body_font_size_last_edited=&#8221;on|tablet&#8221; ribbon_text_font_size_tablet=&#8221;20pt&#8221; ribbon_text_font_size_phone=&#8221;20pt&#8221; ribbon_text_font_size_last_edited=&#8221;on|phone&#8221; border_color_all_ribbon_text=&#8221;#CC1517&#8243; global_colors_info=&#8221;{}&#8221;]Dans le cadre de la 21\u00e8me \u00e9dition des Rendez-vous aux jardins sur le th\u00e8me \u00ab Les cinq sens au jardin \u00bb, orchestr\u00e9s par le Minist\u00e8re de la Culture, la Commanderie de Peyrassol ouvre les portes de ses magnifiques jardins labellis\u00e9s \u00ab Jardin remarquable \u00bb.<\/p>\n<p><em>Visite guid\u00e9e avec Ga\u00eble Bazennerye, architecte paysagiste de nos jardins<\/em><\/p>\n<p><span style=\"text-decoration: underline;\"><a href=\"https:\/\/www.peyrassol.com\/reservez-votre-visite\/?re-product-id=252483&amp;rwstep=product\"><em>R\u00e9servez<\/em><\/a><\/span><br \/>\n[\/dipi_timeline_item][dipi_timeline_item admin_label=&#8221;Samedi 1er juin&#8221; ribbon=&#8221;Samedi 1er juin&#8221; title=&#8221;SEJOUR BIEN ETRE&#8221; timeline_icon=&#8221;&#xf111;||fa||900&#8243; timeline_icon_color=&#8221;#f2f3f3&#8243; image_max_width=&#8221;50%&#8221; card_padding=&#8221;23px|30px|30px|30px|false|false&#8221; ribbon_last_edited=&#8221;off|desktop&#8221; _builder_version=&#8221;4.22.1&#8243; _module_preset=&#8221;default&#8221; header_level=&#8221;h3&#8243; header_font=&#8221;Baskervville|||on|||||&#8221; header_text_align=&#8221;left&#8221; header_text_color=&#8221;#CC1517&#8243; body_font=&#8221;Baskervville||||||||&#8221; body_text_align=&#8221;left&#8221; body_font_size=&#8221;13pt&#8221; ribbon_text_font=&#8221;Baskervville||||||||&#8221; ribbon_text_text_color=&#8221;#CC1517&#8243; ribbon_text_font_size=&#8221;25px&#8221; ribbon_text_letter_spacing=&#8221;0px&#8221; ribbon_text_line_height=&#8221;1.5em&#8221; background_color=&#8221;#f5f6f0&#8243; background_enable_color=&#8221;on&#8221; body_font_size_tablet=&#8221;11pt&#8221; body_font_size_phone=&#8221;11pt&#8221; body_font_size_last_edited=&#8221;on|tablet&#8221; ribbon_text_font_size_tablet=&#8221;20pt&#8221; ribbon_text_font_size_phone=&#8221;20pt&#8221; ribbon_text_font_size_last_edited=&#8221;on|phone&#8221; border_color_all_ribbon_text=&#8221;#CC1517&#8243; global_colors_info=&#8221;{}&#8221;]Le week-end du 1er Juin, ressourcez-vous \u00e0 la Commanderie de Peyrassol lors d\u2019un week-end massage &amp; yoga au c\u0153ur d&#8217;une nature pr\u00e9serv\u00e9e. Profiter des bienfaits d\u2019un s\u00e9jour bien \u00eatre au cours d\u2019un s\u00e9jour 1 nuit en chambre d\u2019h\u00f4tes avec d\u00eener gastronomique dans notre restaurant Chez Jeannette.<\/p>\n<p><span style=\"text-decoration: underline;\"><a href=\"https:\/\/peyrassol-83340-booking.myasterio.com\/betemplate\/HOTELMONO\/booking?kml_code=PEYRASSOL-83340\"><em>R\u00e9servez<\/em><\/a><\/span><br \/>\n[\/dipi_timeline_item][dipi_timeline_item admin_label=&#8221;Samedi 8 juin&#8221; ribbon=&#8221;Samedi 8 juin&#8221; title=&#8221;R\u00e9cital de Piano-Sacha MORIN&#8221; timeline_icon=&#8221;&#xf111;||fa||900&#8243; timeline_icon_color=&#8221;#f2f3f3&#8243; image_max_width=&#8221;50%&#8221; card_padding=&#8221;23px|30px|30px|30px|false|false&#8221; ribbon_last_edited=&#8221;off|desktop&#8221; _builder_version=&#8221;4.22.1&#8243; _module_preset=&#8221;default&#8221; header_level=&#8221;h3&#8243; header_font=&#8221;Baskervville|||on|||||&#8221; header_text_align=&#8221;left&#8221; header_text_color=&#8221;#CC1517&#8243; body_font=&#8221;Baskervville||||||||&#8221; body_text_align=&#8221;left&#8221; body_font_size=&#8221;13pt&#8221; ribbon_text_font=&#8221;Baskervville||||||||&#8221; ribbon_text_text_color=&#8221;#CC1517&#8243; ribbon_text_font_size=&#8221;25px&#8221; ribbon_text_letter_spacing=&#8221;0px&#8221; ribbon_text_line_height=&#8221;1.5em&#8221; background_color=&#8221;#f5f6f0&#8243; background_enable_color=&#8221;on&#8221; body_font_size_tablet=&#8221;11pt&#8221; body_font_size_phone=&#8221;11pt&#8221; body_font_size_last_edited=&#8221;on|tablet&#8221; ribbon_text_font_size_tablet=&#8221;20pt&#8221; ribbon_text_font_size_phone=&#8221;20pt&#8221; ribbon_text_font_size_last_edited=&#8221;on|phone&#8221; border_color_all_ribbon_text=&#8221;#CC1517&#8243; global_colors_info=&#8221;{}&#8221;]La Commanderie de Peyrassol, sur les conseils artistiques des Musicales de l\u2019abbaye du Thoronet pr\u00e9sente Sacha Morin, que Le Monde qualifiait l\u2019ann\u00e9e derni\u00e8re de \u00ab pianiste prodige de 19 ans \u00bb pour illuminer cette soir\u00e9e.<br \/>\nUn r\u00e9pertoire parcourant aussi bien des chefs d\u2019oeuvre baroques, romantiques que post-romantiques permettra d\u2019introduire pour la premi\u00e8re fois la musique classique dans ces murs charg\u00e9s d&#8217;histoire.<\/p>\n<p><span style=\"text-decoration: underline;\"><em><a href=\"https:\/\/www.peyrassol.com\/reservez-votre-visite\/?re-product-id=252291&amp;rwstep=product\">R\u00e9servez<\/a><\/em><\/span><br \/>\n[\/dipi_timeline_item][dipi_timeline_item admin_label=&#8221;SUNSET &#8211; Jeudi 4 juillet&#8221; ribbon=&#8221;SUNSET &#8211; Jeudi 4 juillet&#8221; title=&#8221;MeG &#038; Breakfast (Pop-folk-rock international)&#8221; timeline_icon=&#8221;&#xf111;||fa||900&#8243; timeline_icon_color=&#8221;#f2f3f3&#8243; image_max_width=&#8221;50%&#8221; card_padding=&#8221;23px|30px|30px|30px|false|false&#8221; ribbon_last_edited=&#8221;off|desktop&#8221; _builder_version=&#8221;4.22.1&#8243; _module_preset=&#8221;default&#8221; header_level=&#8221;h3&#8243; header_font=&#8221;Baskervville|||on|||||&#8221; header_text_align=&#8221;left&#8221; header_text_color=&#8221;#CC1517&#8243; body_font=&#8221;Baskervville||||||||&#8221; body_text_align=&#8221;left&#8221; body_font_size=&#8221;13pt&#8221; ribbon_text_font=&#8221;Baskervville||||||||&#8221; ribbon_text_text_color=&#8221;#CC1517&#8243; ribbon_text_font_size=&#8221;25px&#8221; ribbon_text_letter_spacing=&#8221;0px&#8221; ribbon_text_line_height=&#8221;1.5em&#8221; background_color=&#8221;#f5f6f0&#8243; background_enable_color=&#8221;on&#8221; body_font_size_tablet=&#8221;11pt&#8221; body_font_size_phone=&#8221;11pt&#8221; body_font_size_last_edited=&#8221;on|tablet&#8221; ribbon_text_font_size_tablet=&#8221;20pt&#8221; ribbon_text_font_size_phone=&#8221;20pt&#8221; ribbon_text_font_size_last_edited=&#8221;on|phone&#8221; border_color_all_ribbon_text=&#8221;#CC1517&#8243; global_colors_info=&#8221;{}&#8221;]Duo de choc et de charme, Meg &amp; Breakfast revisite les standards internationaux tout en vous r\u00e9servant quelques surprises. En sortant des sentier battus. Une vraie pr\u00e9sence sc\u00e9nique toute en nuances, id\u00e9ale pour cette 1\u00e8re soir\u00e9e sunset 2024.<\/p>\n<p><span style=\"text-decoration: underline;\"><em><a href=\"https:\/\/www.peyrassol.com\/reservez-votre-visite\/?re-product-id=240457&amp;rwstep=product\">R\u00e9servez<\/a><\/em><\/span><br \/>\n[\/dipi_timeline_item][dipi_timeline_item admin_label=&#8221;SUNSET &#8211; Jeudi 11 juillet&#8221; ribbon=&#8221;SUNSET &#8211; Jeudi 11 juillet&#8221; title=&#8221;Julie Meola Latin Quartet&#8221; timeline_icon=&#8221;&#xf111;||fa||900&#8243; timeline_icon_color=&#8221;#f2f3f3&#8243; image_max_width=&#8221;50%&#8221; card_padding=&#8221;23px|30px|30px|30px|false|false&#8221; ribbon_last_edited=&#8221;off|desktop&#8221; _builder_version=&#8221;4.27.0&#8243; _module_preset=&#8221;default&#8221; header_level=&#8221;h3&#8243; header_font=&#8221;Baskervville|||on|||||&#8221; header_text_align=&#8221;left&#8221; header_text_color=&#8221;#CC1517&#8243; body_font=&#8221;Baskervville||||||||&#8221; body_text_align=&#8221;left&#8221; body_font_size=&#8221;13pt&#8221; ribbon_text_font=&#8221;Baskervville||||||||&#8221; ribbon_text_text_color=&#8221;#CC1517&#8243; ribbon_text_font_size=&#8221;25px&#8221; ribbon_text_letter_spacing=&#8221;0px&#8221; ribbon_text_line_height=&#8221;1.5em&#8221; background_color=&#8221;#f5f6f0&#8243; background_enable_color=&#8221;on&#8221; body_font_size_tablet=&#8221;11pt&#8221; body_font_size_phone=&#8221;11pt&#8221; body_font_size_last_edited=&#8221;on|tablet&#8221; ribbon_text_font_size_tablet=&#8221;20pt&#8221; ribbon_text_font_size_phone=&#8221;20pt&#8221; ribbon_text_font_size_last_edited=&#8221;on|phone&#8221; border_color_all_ribbon_text=&#8221;#CC1517&#8243; global_colors_info=&#8221;{}&#8221;]Quand une voix faite pour le jazz s&#8217;aventure du c\u00f4t\u00e9 des sonorit\u00e9s latines et br\u00e9siliennes, la Commanderie de Peyrassol r\u00eave \u00e0 des envies d&#8217;ailleurs.<\/p>\n<p>&nbsp;<br \/>\n[\/dipi_timeline_item][dipi_timeline_item admin_label=&#8221;SUNSET &#8211; Jeudi 18 juillet&#8221; ribbon=&#8221;SUNSET &#8211; Jeudi 18 juillet&#8221; title=&#8221;HOT WAX (Pop, Soul, funk)&#8221; timeline_icon=&#8221;&#xf111;||fa||900&#8243; timeline_icon_color=&#8221;#f2f3f3&#8243; image_max_width=&#8221;50%&#8221; card_padding=&#8221;23px|30px|30px|30px|false|false&#8221; ribbon_last_edited=&#8221;off|desktop&#8221; _builder_version=&#8221;4.27.0&#8243; _module_preset=&#8221;default&#8221; header_level=&#8221;h3&#8243; header_font=&#8221;Baskervville|||on|||||&#8221; header_text_align=&#8221;left&#8221; header_text_color=&#8221;#CC1517&#8243; body_font=&#8221;Baskervville||||||||&#8221; body_text_align=&#8221;left&#8221; body_font_size=&#8221;13pt&#8221; ribbon_text_font=&#8221;Baskervville||||||||&#8221; ribbon_text_text_color=&#8221;#CC1517&#8243; ribbon_text_font_size=&#8221;25px&#8221; ribbon_text_letter_spacing=&#8221;0px&#8221; ribbon_text_line_height=&#8221;1.5em&#8221; background_color=&#8221;#f5f6f0&#8243; background_enable_color=&#8221;on&#8221; body_font_size_tablet=&#8221;11pt&#8221; body_font_size_phone=&#8221;11pt&#8221; body_font_size_last_edited=&#8221;on|tablet&#8221; ribbon_text_font_size_tablet=&#8221;20pt&#8221; ribbon_text_font_size_phone=&#8221;20pt&#8221; ribbon_text_font_size_last_edited=&#8221;on|phone&#8221; border_color_all_ribbon_text=&#8221;#CC1517&#8243; global_colors_info=&#8221;{}&#8221;]4 prodiges de la pop internationale vous embarquent dans leur r\u00e9pertoire riche et vari\u00e9, dans la joie de vivre et le partage ! Funk, Soul, pop internationale vous donneront envie de danser jusqu\u2019au bout de la nuit.<\/p>\n<p>&nbsp;<br \/>\n[\/dipi_timeline_item][dipi_timeline_item admin_label=&#8221;SUNSET &#8211; Jeudi 25 juillet&#8221; ribbon=&#8221;SUNSET &#8211; Jeudi 25 juillet&#8221; title=&#8221;Myriam Abel &#038; Roland Baron (Pop-rock)&#8221; timeline_icon=&#8221;&#xf111;||fa||900&#8243; timeline_icon_color=&#8221;#f2f3f3&#8243; image_max_width=&#8221;50%&#8221; card_padding=&#8221;23px|30px|30px|30px|false|false&#8221; ribbon_last_edited=&#8221;off|desktop&#8221; _builder_version=&#8221;4.27.0&#8243; _module_preset=&#8221;default&#8221; header_level=&#8221;h3&#8243; header_font=&#8221;Baskervville|||on|||||&#8221; header_text_align=&#8221;left&#8221; header_text_color=&#8221;#CC1517&#8243; body_font=&#8221;Baskervville||||||||&#8221; body_text_align=&#8221;left&#8221; body_font_size=&#8221;13pt&#8221; ribbon_text_font=&#8221;Baskervville||||||||&#8221; ribbon_text_text_color=&#8221;#CC1517&#8243; ribbon_text_font_size=&#8221;25px&#8221; ribbon_text_letter_spacing=&#8221;0px&#8221; ribbon_text_line_height=&#8221;1.5em&#8221; background_color=&#8221;#f5f6f0&#8243; background_enable_color=&#8221;on&#8221; body_font_size_tablet=&#8221;11pt&#8221; body_font_size_phone=&#8221;11pt&#8221; body_font_size_last_edited=&#8221;on|tablet&#8221; ribbon_text_font_size_tablet=&#8221;20pt&#8221; ribbon_text_font_size_phone=&#8221;20pt&#8221; ribbon_text_font_size_last_edited=&#8221;on|phone&#8221; border_color_all_ribbon_text=&#8221;#CC1517&#8243; global_colors_info=&#8221;{}&#8221;]Myriam Abel a une voix et une pr\u00e9sence qui lui ont valu de remporter la Nouvelle Star en 2005. Elle est accompagn\u00e9e par Roland Baron, qui fut guitariste notamment de Jacques Higelin, Teri Mo\u00efse et du monument national Johnny Hallyday.<\/p>\n<p>&nbsp;<br \/>\n[\/dipi_timeline_item][dipi_timeline_item admin_label=&#8221;SUNSET &#8211; Jeudi 1 ao\u00fbt&#8221; ribbon=&#8221;SUNSET &#8211; Jeudi 1 ao\u00fbt&#8221; title=&#8221;MeG &#038; Breakfast (Pop-folk-rock international)&#8221; timeline_icon=&#8221;&#xf111;||fa||900&#8243; timeline_icon_color=&#8221;#f2f3f3&#8243; image_max_width=&#8221;50%&#8221; card_padding=&#8221;23px|30px|30px|30px|false|false&#8221; ribbon_last_edited=&#8221;off|desktop&#8221; _builder_version=&#8221;4.27.0&#8243; _module_preset=&#8221;default&#8221; header_level=&#8221;h3&#8243; header_font=&#8221;Baskervville|||on|||||&#8221; header_text_align=&#8221;left&#8221; header_text_color=&#8221;#CC1517&#8243; body_font=&#8221;Baskervville||||||||&#8221; body_text_align=&#8221;left&#8221; body_font_size=&#8221;13pt&#8221; ribbon_text_font=&#8221;Baskervville||||||||&#8221; ribbon_text_text_color=&#8221;#CC1517&#8243; ribbon_text_font_size=&#8221;25px&#8221; ribbon_text_letter_spacing=&#8221;0px&#8221; ribbon_text_line_height=&#8221;1.5em&#8221; background_color=&#8221;#f5f6f0&#8243; background_enable_color=&#8221;on&#8221; body_font_size_tablet=&#8221;11pt&#8221; body_font_size_phone=&#8221;11pt&#8221; body_font_size_last_edited=&#8221;on|tablet&#8221; ribbon_text_font_size_tablet=&#8221;20pt&#8221; ribbon_text_font_size_phone=&#8221;20pt&#8221; ribbon_text_font_size_last_edited=&#8221;on|phone&#8221; border_color_all_ribbon_text=&#8221;#CC1517&#8243; global_colors_info=&#8221;{}&#8221;]Duo de choc et de charme, Meg &amp; Breakfast revisite les standards internationaux tout en vous r\u00e9servant quelques surprises. En sortant des sentier battus. Une vraie pr\u00e9sence sc\u00e9nique toute en nuances, id\u00e9ale pour cette 1\u00e8re soir\u00e9e sunset 2024.<br \/>\n[\/dipi_timeline_item][dipi_timeline_item admin_label=&#8221;SUNSET &#8211; Jeudi 8 aout&#8221; ribbon=&#8221;SUNSET &#8211; Jeudi 8 ao\u00fbt&#8221; title=&#8221;Julie Meola Latin Quartet&#8221; timeline_icon=&#8221;&#xf111;||fa||900&#8243; timeline_icon_color=&#8221;#f2f3f3&#8243; image_max_width=&#8221;50%&#8221; card_padding=&#8221;23px|30px|30px|30px|false|false&#8221; ribbon_last_edited=&#8221;off|desktop&#8221; _builder_version=&#8221;4.27.0&#8243; _module_preset=&#8221;default&#8221; header_level=&#8221;h3&#8243; header_font=&#8221;Baskervville|||on|||||&#8221; header_text_align=&#8221;left&#8221; header_text_color=&#8221;#CC1517&#8243; body_font=&#8221;Baskervville||||||||&#8221; body_text_align=&#8221;left&#8221; body_font_size=&#8221;13pt&#8221; ribbon_text_font=&#8221;Baskervville||||||||&#8221; ribbon_text_text_color=&#8221;#CC1517&#8243; ribbon_text_font_size=&#8221;25px&#8221; ribbon_text_letter_spacing=&#8221;0px&#8221; ribbon_text_line_height=&#8221;1.5em&#8221; background_color=&#8221;#f5f6f0&#8243; background_enable_color=&#8221;on&#8221; body_font_size_tablet=&#8221;11pt&#8221; body_font_size_phone=&#8221;11pt&#8221; body_font_size_last_edited=&#8221;on|tablet&#8221; ribbon_text_font_size_tablet=&#8221;20pt&#8221; ribbon_text_font_size_phone=&#8221;20pt&#8221; ribbon_text_font_size_last_edited=&#8221;on|phone&#8221; border_color_all_ribbon_text=&#8221;#CC1517&#8243; global_colors_info=&#8221;{}&#8221;]Quand une voix faite pour le jazz s&#8217;aventure du c\u00f4t\u00e9 des sonorit\u00e9s latines et br\u00e9siliennes, la Commanderie de Peyrassol r\u00eave \u00e0 des envies d&#8217;ailleurs.<\/p>\n<p>&nbsp;<br \/>\n[\/dipi_timeline_item][dipi_timeline_item admin_label=&#8221;SUNSET &#8211; Jeudi 15 ao\u00fbt&#8221; ribbon=&#8221;SUNSET &#8211; Jeudi 15 aout&#8221; title=&#8221;BAGASSO (Latin Fusion)&#8221; timeline_icon=&#8221;&#xf111;||fa||900&#8243; timeline_icon_color=&#8221;#f2f3f3&#8243; image_max_width=&#8221;50%&#8221; card_padding=&#8221;23px|30px|30px|30px|false|false&#8221; ribbon_last_edited=&#8221;off|desktop&#8221; _builder_version=&#8221;4.27.0&#8243; _module_preset=&#8221;default&#8221; header_level=&#8221;h3&#8243; header_font=&#8221;Baskervville|||on|||||&#8221; header_text_align=&#8221;left&#8221; header_text_color=&#8221;#CC1517&#8243; body_font=&#8221;Baskervville||||||||&#8221; body_text_align=&#8221;left&#8221; body_font_size=&#8221;13pt&#8221; ribbon_text_font=&#8221;Baskervville||||||||&#8221; ribbon_text_text_color=&#8221;#CC1517&#8243; ribbon_text_font_size=&#8221;25px&#8221; ribbon_text_letter_spacing=&#8221;0px&#8221; ribbon_text_line_height=&#8221;1.5em&#8221; background_color=&#8221;#f5f6f0&#8243; background_enable_color=&#8221;on&#8221; body_font_size_tablet=&#8221;11pt&#8221; body_font_size_phone=&#8221;11pt&#8221; body_font_size_last_edited=&#8221;on|tablet&#8221; ribbon_text_font_size_tablet=&#8221;20pt&#8221; ribbon_text_font_size_phone=&#8221;20pt&#8221; ribbon_text_font_size_last_edited=&#8221;on|phone&#8221; border_color_all_ribbon_text=&#8221;#CC1517&#8243; global_colors_info=&#8221;{}&#8221;]Un p\u00e9riple musical, entre le Br\u00e9sil, Cuba, le Cap Vert et la C\u00f4te d\u2019 Azur . Un voyage autour des th\u00e8mes de la vie, une escale imaginaire, une belle occasion de partage et de convivialit\u00e9 \u00e0 ne pas manquer.<\/p>\n<p>&nbsp;<br \/>\n[\/dipi_timeline_item][dipi_timeline_item admin_label=&#8221;SUNSET &#8211; Jeudi 22 aout&#8221; ribbon=&#8221;SUNSET &#8211; Jeudi 22 aout&#8221; title=&#8221;HOT WAX (Pop, Soul, funk)&#8221; timeline_icon=&#8221;&#xf111;||fa||900&#8243; timeline_icon_color=&#8221;#f2f3f3&#8243; image_max_width=&#8221;50%&#8221; card_padding=&#8221;23px|30px|30px|30px|false|false&#8221; ribbon_last_edited=&#8221;off|desktop&#8221; _builder_version=&#8221;4.27.0&#8243; _module_preset=&#8221;default&#8221; header_level=&#8221;h3&#8243; header_font=&#8221;Baskervville|||on|||||&#8221; header_text_align=&#8221;left&#8221; header_text_color=&#8221;#CC1517&#8243; body_font=&#8221;Baskervville||||||||&#8221; body_text_align=&#8221;left&#8221; body_font_size=&#8221;13pt&#8221; ribbon_text_font=&#8221;Baskervville||||||||&#8221; ribbon_text_text_color=&#8221;#CC1517&#8243; ribbon_text_font_size=&#8221;25px&#8221; ribbon_text_letter_spacing=&#8221;0px&#8221; ribbon_text_line_height=&#8221;1.5em&#8221; background_color=&#8221;#f5f6f0&#8243; background_enable_color=&#8221;on&#8221; body_font_size_tablet=&#8221;11pt&#8221; body_font_size_phone=&#8221;11pt&#8221; body_font_size_last_edited=&#8221;on|tablet&#8221; ribbon_text_font_size_tablet=&#8221;20pt&#8221; ribbon_text_font_size_phone=&#8221;20pt&#8221; ribbon_text_font_size_last_edited=&#8221;on|phone&#8221; border_color_all_ribbon_text=&#8221;#CC1517&#8243; global_colors_info=&#8221;{}&#8221;]4 prodiges de la pop internationale vous embarquent dans leur r\u00e9pertoire riche et vari\u00e9, dans la joie de vivre et le partage ! Funk, Soul, pop internationale vous donneront envie de danser jusqu\u2019au bout de la nuit.<\/p>\n<p>&nbsp;<br \/>\n[\/dipi_timeline_item][dipi_timeline_item admin_label=&#8221;SUNSET &#8211; Jeudi 29 aout&#8221; ribbon=&#8221;SUNSET &#8211; Jeudi 29 aout&#8221; title=&#8221;The SHOESHINERS BAND Swing Jazz&#8221; timeline_icon=&#8221;&#xf111;||fa||900&#8243; timeline_icon_color=&#8221;#f2f3f3&#8243; image_max_width=&#8221;50%&#8221; card_padding=&#8221;23px|30px|30px|30px|false|false&#8221; ribbon_last_edited=&#8221;off|desktop&#8221; _builder_version=&#8221;4.27.0&#8243; _module_preset=&#8221;default&#8221; header_level=&#8221;h3&#8243; header_font=&#8221;Baskervville|||on|||||&#8221; header_text_align=&#8221;left&#8221; header_text_color=&#8221;#CC1517&#8243; body_font=&#8221;Baskervville||||||||&#8221; body_text_align=&#8221;left&#8221; body_font_size=&#8221;13pt&#8221; ribbon_text_font=&#8221;Baskervville||||||||&#8221; ribbon_text_text_color=&#8221;#CC1517&#8243; ribbon_text_font_size=&#8221;25px&#8221; ribbon_text_letter_spacing=&#8221;0px&#8221; ribbon_text_line_height=&#8221;1.5em&#8221; background_color=&#8221;#f5f6f0&#8243; background_enable_color=&#8221;on&#8221; body_font_size_tablet=&#8221;11pt&#8221; body_font_size_phone=&#8221;11pt&#8221; body_font_size_last_edited=&#8221;on|tablet&#8221; ribbon_text_font_size_tablet=&#8221;20pt&#8221; ribbon_text_font_size_phone=&#8221;20pt&#8221; ribbon_text_font_size_last_edited=&#8221;on|phone&#8221; border_color_all_ribbon_text=&#8221;#CC1517&#8243; global_colors_info=&#8221;{}&#8221;]Des sonorit\u00e9s de la New Orleans, aux ballades en passant par des pi\u00e8ces explosives du r\u00e9pertoire Big Band, les dynamiques et enjou\u00e9s The Shoeshiners Band d\u00e9veloppe un swing hors du temps&#8230;ne laissant comme rep\u00e8re qu&#8217;une irr\u00e9sistible envie de danser.<\/p>\n<p>&nbsp;<br \/>\n[\/dipi_timeline_item][\/dipi_timeline][\/et_pb_column][\/et_pb_row][\/et_pb_section]<\/p>\n","protected":false},"excerpt":{"rendered":"<p><div class=\"et_pb_with_border et_pb_module dipi_breadcrumbs dipi_breadcrumbs_0\">\n\t\t\t\t\n\t\t\t\t\n\t\t\t\t\n\t\t\t\t\n\t\t\t\t\n\t\t\t\t\n\t\t\t\t<div class=\"et_pb_module_inner\">\n\t\t\t\t\t<div class=\"dipi-breadcrumbs dipi-bc-center\">\n                <ul >\n                    \n                                                        <li  class=\"dipi-breadcrumb-item dipi-breadcrumb-home\">\n\n                                                    <a  href=\"https:\/\/www.peyrassol.com\/en\/\">\n                                <span  content=\"Home\">\n                                                                        Peyrassol                                <\/span>\n                            <\/a>\n\n                                                <meta itemprop=\"position\" content=\"1\"\/>                    <\/li>\n\n                    <li class=\"dipi-breadcrumb-separator\">\n                    <span class=\"dipi-separator-symbol\">\/<\/span>\n                <\/li>                            \n                <\/ul>\n            <\/div>\n\t\t\t\t<\/div>\n\t\t\t<\/div>Agenda Throughout the year, we offer events centered around wine, art, culture, and nature, inviting you to experience the Commanderie de Peyrassol in a different way and to once again take the time to enjoy a special moment [&hellip;]<\/p>\n","protected":false},"author":6,"featured_media":0,"parent":0,"menu_order":0,"comment_status":"closed","ping_status":"closed","template":"","meta":{"_acf_changed":false,"_et_pb_use_builder":"on","_et_pb_old_content":"<p>[et_pb_section fb_built=\"1\" module_class=\"parahacks\" _builder_version=\"4.16\" _module_preset=\"default\" background_image=\"https:\/\/www.peyrassol.com\/wp-content\/uploads\/peyrassol-vin-rose-domaine-viticole-v2.jpg\" height=\"50vh\" custom_margin=\"-50px|||||\" custom_padding=\"||86px|||\" scroll_fade=\"20|35|35|100|0|50%|100\" scroll_blur_enable=\"on\" scroll_blur=\"30|96|98|100|0px|0px|3px\" da_disable_devices=\"off|off|off\" locked=\"off\" collapsed=\"on\" global_colors_info=\"{}\" da_is_popup=\"off\" da_exit_intent=\"off\" da_has_close=\"on\" da_alt_close=\"off\" da_dark_close=\"off\" da_not_modal=\"on\" da_is_singular=\"off\" da_with_loader=\"off\" da_has_shadow=\"on\"][\/et_pb_section][et_pb_section fb_built=\"1\" disabled_on=\"off|off|off\" admin_label=\"Bloc d\u00e9croch\u00e9\" _builder_version=\"4.16\" _module_preset=\"default\" width=\"100%\" max_width=\"100%\" custom_padding=\"25px||25px||true|false\" da_disable_devices=\"off|off|off\" locked=\"off\" collapsed=\"off\" global_colors_info=\"{}\" da_is_popup=\"off\" da_exit_intent=\"off\" da_has_close=\"on\" da_alt_close=\"off\" da_dark_close=\"off\" da_not_modal=\"on\" da_is_singular=\"off\" da_with_loader=\"off\" da_has_shadow=\"on\"][et_pb_row module_id=\"#top\" _builder_version=\"4.16\" background_color=\"#ffffff\" max_width=\"1280px\" custom_margin=\"-100px||||false|false\" custom_padding=\"6px|40px|6px|40px|true|true\" border_color_all=\"#eff5f7\" use_custom_width=\"on\" custom_width_px=\"1280px\" global_colors_info=\"{}\"][et_pb_column type=\"4_4\" _builder_version=\"4.16\" custom_padding=\"|||\" global_colors_info=\"{}\" custom_padding__hover=\"|||\"][dipi_breadcrumbs bc_separator=\"symbol\" bc_separator_sysmbol=\"\/\" bc_items_alignment=\"dipi-bc-center\" bc_schema=\"off\" _builder_version=\"4.16\" _module_preset=\"_initial\" items_font=\"Baskervville||on||||||\" items_text_color=\"#5e5e5e\" active_font=\"|600|||||||\" active_text_color=\"#5b5b5b\" custom_padding=\"24px||24px||true|false\" border_color_all_items=\"RGBA(255,255,255,0)\" global_colors_info=\"{}\" active_text_color__hover_enabled=\"on|hover\" active_text_color__hover=\"#CD1719\" items_text_color__hover_enabled=\"on|desktop\" items_text_color__hover=\"#CD1719\"][\/dipi_breadcrumbs][et_pb_text _builder_version=\"4.22.1\" _module_preset=\"ee073472-c997-40a6-bfc7-58f0f0df119e\" header_font_size_tablet=\"30pt\" header_font_size_phone=\"17pt\" header_font_size_last_edited=\"on|phone\" global_colors_info=\"{}\"]<\/p><h1>Agenda<\/h1><p>[\/et_pb_text][et_pb_text disabled_on=\"off|off|off\" _builder_version=\"4.27.2\" _module_preset=\"c325be86-f9a2-4088-aa67-8c96eeddf5f4\" header_2_font=\"Baskervville||||||||\" header_2_text_align=\"center\" header_2_text_color=\"#CC1517\" header_3_font=\"Baskervville||||||||\" locked=\"off\" global_colors_info=\"{}\"]<\/p><p>Tout au long de l\u2019ann\u00e9e, nous vous proposons des rendez-vous autour du vin, de l\u2019art, de la culture et de la nature pour d\u00e9couvrir la Commanderie de Peyrassol autrement et prendre le temps, \u00e0 nouveau, d\u2019un moment privil\u00e9gi\u00e9 parmi nous\u2026\u00a0<\/p><p>[\/et_pb_text][et_pb_button button_url=\"https:\/\/www.peyrassol.com\/wp-content\/uploads\/Les-Rendez-vous-a-la-Commanderie-de-Peyrassol_2025-1.pdf\" button_text=\"T\u00e9l\u00e9charger le programme 2025 au format PDF\" button_alignment=\"center\" disabled_on=\"off|off|off\" _builder_version=\"4.27.2\" _module_preset=\"default\" button_text_color=\"#EEEEEE\" button_bg_color=\"#CD1719\" button_border_radius=\"0px\" button_font=\"Libre Baskerville|||||||#DA202B|\" locked=\"off\" global_colors_info=\"{}\"][\/et_pb_button][\/et_pb_column][\/et_pb_row][\/et_pb_section][et_pb_section fb_built=\"1\" _builder_version=\"4.16\" _module_preset=\"default\" custom_padding=\"0px|||||\" da_disable_devices=\"off|off|off\" global_colors_info=\"{}\" da_is_popup=\"off\" da_exit_intent=\"off\" da_has_close=\"on\" da_alt_close=\"off\" da_dark_close=\"off\" da_not_modal=\"on\" da_is_singular=\"off\" da_with_loader=\"off\" da_has_shadow=\"on\"][et_pb_row disabled_on=\"off|off|off\" _builder_version=\"4.16\" _module_preset=\"default\" global_colors_info=\"{}\"][et_pb_column type=\"4_4\" _builder_version=\"4.16\" _module_preset=\"default\" global_colors_info=\"{}\"][dipi_timeline timeline_line_color=\"#CD1719\" use_active_line=\"off\" card_arrow_size=\"19px\" card_arrow_color=\"#CD1719\" layout_tablet=\"mixed\" layout_phone=\"right\" layout_last_edited=\"on|tablet\" disabled_on=\"off|off|off\" _builder_version=\"4.27.2\" _module_preset=\"default\" text_orientation=\"center\" module_alignment=\"center\" hover_enabled=\"0\" global_colors_info=\"{}\" sticky_enabled=\"0\"][dipi_timeline_item admin_label=\"Jeudi 17 juillet\" ribbon=\"Jeudi 17 juillet\" title=\"SOIR\u00c9E SUNSET : The Vespers\" timeline_icon=\"\uf111||fa||900\" timeline_icon_color=\"#f2f3f3\" image_max_width=\"50%\" card_padding=\"23px|30px|30px|30px|false|false\" ribbon_last_edited=\"off|desktop\" _builder_version=\"4.27.2\" _module_preset=\"default\" header_level=\"h3\" header_font=\"Baskervville|||on|||||\" header_text_align=\"left\" header_text_color=\"#CC1517\" body_font=\"Baskervville||||||||\" body_text_align=\"left\" body_font_size=\"13pt\" ribbon_text_font=\"Baskervville||||||||\" ribbon_text_text_color=\"#CC1517\" ribbon_text_font_size=\"25px\" ribbon_text_letter_spacing=\"0px\" ribbon_text_line_height=\"1.5em\" background_color=\"#f5f6f0\" background_enable_color=\"on\" body_font_size_tablet=\"11pt\" body_font_size_phone=\"11pt\" body_font_size_last_edited=\"on|tablet\" ribbon_text_font_size_tablet=\"20pt\" ribbon_text_font_size_phone=\"20pt\" ribbon_text_font_size_last_edited=\"on|phone\" border_color_all_ribbon_text=\"#CC1517\" global_colors_info=\"{}\"]<\/p><p>Pop & Funk internationale<\/p><p><a href=\"https:\/\/www.peyrassol.com\/reservez-votre-visite\/?re-product-id=240457\">R\u00e9server<\/a><\/p><p>[\/dipi_timeline_item][dipi_timeline_item admin_label=\"Jeudi 24 juillet\" ribbon=\"Jeudi 24 juillet\" title=\"SOIR\u00c9E SUNSET : The South Fully\" timeline_icon=\"\uf111||fa||900\" timeline_icon_color=\"#f2f3f3\" image_max_width=\"50%\" card_padding=\"23px|30px|30px|30px|false|false\" ribbon_last_edited=\"off|desktop\" _builder_version=\"4.27.2\" _module_preset=\"default\" header_level=\"h3\" header_font=\"Baskervville|||on|||||\" header_text_align=\"left\" header_text_color=\"#CC1517\" body_font=\"Baskervville||||||||\" body_text_align=\"left\" body_font_size=\"13pt\" ribbon_text_font=\"Baskervville||||||||\" ribbon_text_text_color=\"#CC1517\" ribbon_text_font_size=\"25px\" ribbon_text_letter_spacing=\"0px\" ribbon_text_line_height=\"1.5em\" background_color=\"#f5f6f0\" background_enable_color=\"on\" body_font_size_tablet=\"11pt\" body_font_size_phone=\"11pt\" body_font_size_last_edited=\"on|tablet\" ribbon_text_font_size_tablet=\"20pt\" ribbon_text_font_size_phone=\"20pt\" ribbon_text_font_size_last_edited=\"on|phone\" border_color_all_ribbon_text=\"#CC1517\" global_colors_info=\"{}\"]<\/p><p>Brass Band de pop internationale<\/p><p><a href=\"https:\/\/www.peyrassol.com\/reservez-votre-visite\/?re-product-id=240457\">R\u00e9server<\/a><\/p><p>[\/dipi_timeline_item][dipi_timeline_item admin_label=\"Mercredi 30 juillet\" ribbon=\"Mercredi 30 juillet\" title=\"La grande table des jardins\" timeline_icon=\"\uf111||fa||900\" timeline_icon_color=\"#f2f3f3\" image_max_width=\"50%\" card_padding=\"23px|30px|30px|30px|false|false\" ribbon_last_edited=\"off|desktop\" _builder_version=\"4.27.2\" _module_preset=\"default\" header_level=\"h3\" header_font=\"Baskervville|||on|||||\" header_text_align=\"left\" header_text_color=\"#CC1517\" body_font=\"Baskervville||||||||\" body_text_align=\"left\" body_font_size=\"13pt\" ribbon_text_font=\"Baskervville||||||||\" ribbon_text_text_color=\"#CC1517\" ribbon_text_font_size=\"25px\" ribbon_text_letter_spacing=\"0px\" ribbon_text_line_height=\"1.5em\" background_color=\"#f5f6f0\" background_enable_color=\"on\" body_font_size_tablet=\"11pt\" body_font_size_phone=\"11pt\" body_font_size_last_edited=\"on|tablet\" ribbon_text_font_size_tablet=\"20pt\" ribbon_text_font_size_phone=\"20pt\" ribbon_text_font_size_last_edited=\"on|phone\" border_color_all_ribbon_text=\"#CC1517\" global_colors_info=\"{}\"]<\/p><p>\u00c9v\u00e9nement gastronomique unique, la grande table des jardins vous propose une soir\u00e9e hors du commun lors d\u2019un d\u00eener au coeur du Jardin remarquable, sous les oliviers.<\/p><p><a href=\"https:\/\/www.peyrassol.com\/reservez-votre-visite\/?re-product-id=311501\">R\u00e9server<\/a><\/p><p>[\/dipi_timeline_item][dipi_timeline_item admin_label=\"Jeudi 31 juillet\" ribbon=\"Jeudi 31 juillet\" title=\"SOIR\u00c9E SUNSET : Artefacts Music\" timeline_icon=\"\uf111||fa||900\" timeline_icon_color=\"#f2f3f3\" image_max_width=\"50%\" card_padding=\"23px|30px|30px|30px|false|false\" ribbon_last_edited=\"off|desktop\" _builder_version=\"4.27.2\" _module_preset=\"default\" header_level=\"h3\" header_font=\"Baskervville|||on|||||\" header_text_align=\"left\" header_text_color=\"#CC1517\" body_font=\"Baskervville||||||||\" body_text_align=\"left\" body_font_size=\"13pt\" ribbon_text_font=\"Baskervville||||||||\" ribbon_text_text_color=\"#CC1517\" ribbon_text_font_size=\"25px\" ribbon_text_letter_spacing=\"0px\" ribbon_text_line_height=\"1.5em\" background_color=\"#f5f6f0\" background_enable_color=\"on\" body_font_size_tablet=\"11pt\" body_font_size_phone=\"11pt\" body_font_size_last_edited=\"on|tablet\" ribbon_text_font_size_tablet=\"20pt\" ribbon_text_font_size_phone=\"20pt\" ribbon_text_font_size_last_edited=\"on|phone\" border_color_all_ribbon_text=\"#CC1517\" global_colors_info=\"{}\"]<\/p><p>Vari\u00e9t\u00e9 internationale<\/p><p><a href=\"https:\/\/www.peyrassol.com\/reservez-votre-visite\/?re-product-id=240457\">R\u00e9server<\/a><\/p><p>[\/dipi_timeline_item][dipi_timeline_item admin_label=\"Jeudi 7 ao\u00fbt\" ribbon=\"Jeudi 7 ao\u00fbt\" title=\"SOIR\u00c9E SUNSET : Tudo Joia\" timeline_icon=\"\uf111||fa||900\" timeline_icon_color=\"#f2f3f3\" image_max_width=\"50%\" card_padding=\"23px|30px|30px|30px|false|false\" ribbon_last_edited=\"off|desktop\" _builder_version=\"4.27.2\" _module_preset=\"default\" header_level=\"h3\" header_font=\"Baskervville|||on|||||\" header_text_align=\"left\" header_text_color=\"#CC1517\" body_font=\"Baskervville||||||||\" body_text_align=\"left\" body_font_size=\"13pt\" ribbon_text_font=\"Baskervville||||||||\" ribbon_text_text_color=\"#CC1517\" ribbon_text_font_size=\"25px\" ribbon_text_letter_spacing=\"0px\" ribbon_text_line_height=\"1.5em\" background_color=\"#f5f6f0\" background_enable_color=\"on\" body_font_size_tablet=\"11pt\" body_font_size_phone=\"11pt\" body_font_size_last_edited=\"on|tablet\" ribbon_text_font_size_tablet=\"20pt\" ribbon_text_font_size_phone=\"20pt\" ribbon_text_font_size_last_edited=\"on|phone\" border_color_all_ribbon_text=\"#CC1517\" global_colors_info=\"{}\"]<\/p><p>Musiques br\u00e9siliennes<\/p><p><a href=\"https:\/\/www.peyrassol.com\/reservez-votre-visite\/?re-product-id=240457\">R\u00e9server<\/a><\/p><p>[\/dipi_timeline_item][dipi_timeline_item admin_label=\"Jeudi 14 ao\u00fbt\" ribbon=\"Jeudi 14 ao\u00fbt\" title=\"SOIR\u00c9E SUNSET : Miss Jake Quartet\" timeline_icon=\"\uf111||fa||900\" timeline_icon_color=\"#f2f3f3\" image_max_width=\"50%\" card_padding=\"23px|30px|30px|30px|false|false\" ribbon_last_edited=\"off|desktop\" _builder_version=\"4.27.2\" _module_preset=\"default\" header_level=\"h3\" header_font=\"Baskervville|||on|||||\" header_text_align=\"left\" header_text_color=\"#CC1517\" body_font=\"Baskervville||||||||\" body_text_align=\"left\" body_font_size=\"13pt\" ribbon_text_font=\"Baskervville||||||||\" ribbon_text_text_color=\"#CC1517\" ribbon_text_font_size=\"25px\" ribbon_text_letter_spacing=\"0px\" ribbon_text_line_height=\"1.5em\" background_color=\"#f5f6f0\" background_enable_color=\"on\" body_font_size_tablet=\"11pt\" body_font_size_phone=\"11pt\" body_font_size_last_edited=\"on|tablet\" ribbon_text_font_size_tablet=\"20pt\" ribbon_text_font_size_phone=\"20pt\" ribbon_text_font_size_last_edited=\"on|phone\" border_color_all_ribbon_text=\"#CC1517\" global_colors_info=\"{}\"]<\/p><p>Jazz Soul & Groove<\/p><p><a href=\"https:\/\/www.peyrassol.com\/reservez-votre-visite\/?re-product-id=240457\">R\u00e9server<\/a><\/p><p>[\/dipi_timeline_item][dipi_timeline_item admin_label=\"Jeudi 21 ao\u00fbt\" ribbon=\"Jeudi 21 ao\u00fbt\" title=\"SOIR\u00c9E SUNSET : The South Fully\" timeline_icon=\"\uf111||fa||900\" timeline_icon_color=\"#f2f3f3\" image_max_width=\"50%\" card_padding=\"23px|30px|30px|30px|false|false\" ribbon_last_edited=\"off|desktop\" _builder_version=\"4.27.2\" _module_preset=\"default\" header_level=\"h3\" header_font=\"Baskervville|||on|||||\" header_text_align=\"left\" header_text_color=\"#CC1517\" body_font=\"Baskervville||||||||\" body_text_align=\"left\" body_font_size=\"13pt\" ribbon_text_font=\"Baskervville||||||||\" ribbon_text_text_color=\"#CC1517\" ribbon_text_font_size=\"25px\" ribbon_text_letter_spacing=\"0px\" ribbon_text_line_height=\"1.5em\" background_color=\"#f5f6f0\" background_enable_color=\"on\" body_font_size_tablet=\"11pt\" body_font_size_phone=\"11pt\" body_font_size_last_edited=\"on|tablet\" ribbon_text_font_size_tablet=\"20pt\" ribbon_text_font_size_phone=\"20pt\" ribbon_text_font_size_last_edited=\"on|phone\" border_color_all_ribbon_text=\"#CC1517\" global_colors_info=\"{}\"]<\/p><p>Brass band de pop internationale<\/p><p><a href=\"https:\/\/www.peyrassol.com\/reservez-votre-visite\/?re-product-id=240457\">R\u00e9server<\/a><\/p><p>[\/dipi_timeline_item][dipi_timeline_item admin_label=\"Jeudi 28 ao\u00fbt\" ribbon=\"Jeudi 28 ao\u00fbt\" title=\"SOIR\u00c9E SUNSET : The Vesper\" timeline_icon=\"\uf111||fa||900\" timeline_icon_color=\"#f2f3f3\" image_max_width=\"50%\" card_padding=\"23px|30px|30px|30px|false|false\" ribbon_last_edited=\"off|desktop\" _builder_version=\"4.27.2\" _module_preset=\"default\" header_level=\"h3\" header_font=\"Baskervville|||on|||||\" header_text_align=\"left\" header_text_color=\"#CC1517\" body_font=\"Baskervville||||||||\" body_text_align=\"left\" body_font_size=\"13pt\" ribbon_text_font=\"Baskervville||||||||\" ribbon_text_text_color=\"#CC1517\" ribbon_text_font_size=\"25px\" ribbon_text_letter_spacing=\"0px\" ribbon_text_line_height=\"1.5em\" background_color=\"#f5f6f0\" background_enable_color=\"on\" body_font_size_tablet=\"11pt\" body_font_size_phone=\"11pt\" body_font_size_last_edited=\"on|tablet\" ribbon_text_font_size_tablet=\"20pt\" ribbon_text_font_size_phone=\"20pt\" ribbon_text_font_size_last_edited=\"on|phone\" border_color_all_ribbon_text=\"#CC1517\" global_colors_info=\"{}\"]<\/p><p>Pop & Funk internationale<\/p><p><a href=\"https:\/\/www.peyrassol.com\/reservez-votre-visite\/?re-product-id=240457\">R\u00e9server<\/a><\/p><p>[\/dipi_timeline_item][dipi_timeline_item admin_label=\"Samedi 6 septembre\" ribbon=\"Samedi 6 septembre\" title=\"Journ\u00e9e des vendanges\" timeline_icon=\"\uf111||fa||900\" timeline_icon_color=\"#f2f3f3\" image_max_width=\"50%\" card_padding=\"23px|30px|30px|30px|false|false\" ribbon_last_edited=\"off|desktop\" _builder_version=\"4.27.2\" _module_preset=\"default\" header_level=\"h3\" header_font=\"Baskervville|||on|||||\" header_text_align=\"left\" header_text_color=\"#CC1517\" body_font=\"Baskervville||||||||\" body_text_align=\"left\" body_font_size=\"13pt\" ribbon_text_font=\"Baskervville||||||||\" ribbon_text_text_color=\"#CC1517\" ribbon_text_font_size=\"25px\" ribbon_text_letter_spacing=\"0px\" ribbon_text_line_height=\"1.5em\" background_color=\"#f5f6f0\" background_enable_color=\"on\" body_font_size_tablet=\"11pt\" body_font_size_phone=\"11pt\" body_font_size_last_edited=\"on|tablet\" ribbon_text_font_size_tablet=\"20pt\" ribbon_text_font_size_phone=\"20pt\" ribbon_text_font_size_last_edited=\"on|phone\" border_color_all_ribbon_text=\"#CC1517\" global_colors_info=\"{}\"]<\/p><p>Plaisir, partage et art de vivre \u00e0 la proven\u00e7ale, venez d\u00e9couvrir le m\u00e9tier de vigneron et vivre une exp\u00e9rience immersive pendant les vendanges du vignoble Ch\u00e2teau Peyrassol.<\/p><p>[\/dipi_timeline_item][dipi_timeline_item admin_label=\"Samedi 21 et dimanche 22 septembre\" ribbon=\"Samedi 21 et dimanche 22 septembre\" title=\"Les Journ\u00e9es europ\u00e9ennes du patrimoine\" timeline_icon=\"\uf111||fa||900\" timeline_icon_color=\"#f2f3f3\" image_max_width=\"50%\" card_padding=\"23px|30px|30px|30px|false|false\" ribbon_last_edited=\"off|desktop\" _builder_version=\"4.27.2\" _module_preset=\"default\" header_level=\"h3\" header_font=\"Baskervville|||on|||||\" header_text_align=\"left\" header_text_color=\"#CC1517\" body_font=\"Baskervville||||||||\" body_text_align=\"left\" body_font_size=\"13pt\" ribbon_text_font=\"Baskervville||||||||\" ribbon_text_text_color=\"#CC1517\" ribbon_text_font_size=\"25px\" ribbon_text_letter_spacing=\"0px\" ribbon_text_line_height=\"1.5em\" background_color=\"#f5f6f0\" background_enable_color=\"on\" body_font_size_tablet=\"11pt\" body_font_size_phone=\"11pt\" body_font_size_last_edited=\"on|tablet\" ribbon_text_font_size_tablet=\"20pt\" ribbon_text_font_size_phone=\"20pt\" ribbon_text_font_size_last_edited=\"on|phone\" border_color_all_ribbon_text=\"#CC1517\" global_colors_info=\"{}\"]<\/p><p>Lors des Journ\u00e9es europ\u00e9ennes du Patrimoine, la Commanderie de Peyrassol ouvre ses portes gracieusement \u00e0 nos visiteurs !<\/p><p><a href=\"https:\/\/www.peyrassol.com\/reservez-votre-visite\/?re-product-id=231549\">R\u00e9server<\/a><\/p><p>[\/dipi_timeline_item][dipi_timeline_item admin_label=\"Samedi 27 septembre\" ribbon=\"Samedi 27 septembre\" title=\"Sur sc\u00e8ne avec Ch\u00e2teauvallon-Libert\u00e9, sc\u00e8ne nationale\" timeline_icon=\"\uf111||fa||900\" timeline_icon_color=\"#f2f3f3\" image_max_width=\"50%\" card_padding=\"23px|30px|30px|30px|false|false\" ribbon_last_edited=\"off|desktop\" _builder_version=\"4.27.2\" _module_preset=\"default\" header_level=\"h3\" header_font=\"Baskervville|||on|||||\" header_text_align=\"left\" header_text_color=\"#CC1517\" body_font=\"Baskervville||||||||\" body_text_align=\"left\" body_font_size=\"13pt\" ribbon_text_font=\"Baskervville||||||||\" ribbon_text_text_color=\"#CC1517\" ribbon_text_font_size=\"25px\" ribbon_text_letter_spacing=\"0px\" ribbon_text_line_height=\"1.5em\" background_color=\"#f5f6f0\" background_enable_color=\"on\" body_font_size_tablet=\"11pt\" body_font_size_phone=\"11pt\" body_font_size_last_edited=\"on|tablet\" ribbon_text_font_size_tablet=\"20pt\" ribbon_text_font_size_phone=\"20pt\" ribbon_text_font_size_last_edited=\"on|phone\" border_color_all_ribbon_text=\"#CC1517\" global_colors_info=\"{}\"]<\/p><p>Aux derni\u00e8res heures de l\u2019\u00e9t\u00e9, l\u2019art de la sc\u00e8ne sera \u00e0 nouveau mis \u00e0 l\u2019honneur dans nos murs : une proposition artistique saisissante propos\u00e9e par Ch\u00e2teauvallon-Libert\u00e9, sc\u00e8ne nationale<\/p><p>[\/dipi_timeline_item][dipi_timeline_item admin_label=\"Samedi 19 et dimanche 20 octobre\" ribbon=\"Samedi 19 et dimanche 20 octobre\" title=\"Les Rendez-vous art & vin \u00ab Fascinant Week-end \u00bb\" timeline_icon=\"\uf111||fa||900\" timeline_icon_color=\"#f2f3f3\" image_max_width=\"50%\" card_padding=\"23px|30px|30px|30px|false|false\" ribbon_last_edited=\"off|desktop\" _builder_version=\"4.27.2\" _module_preset=\"default\" header_level=\"h3\" header_font=\"Baskervville|||on|||||\" header_text_align=\"left\" header_text_color=\"#CC1517\" body_font=\"Baskervville||||||||\" body_text_align=\"left\" body_font_size=\"13pt\" ribbon_text_font=\"Baskervville||||||||\" ribbon_text_text_color=\"#CC1517\" ribbon_text_font_size=\"25px\" ribbon_text_letter_spacing=\"0px\" ribbon_text_line_height=\"1.5em\" background_color=\"#f5f6f0\" background_enable_color=\"on\" body_font_size_tablet=\"11pt\" body_font_size_phone=\"11pt\" body_font_size_last_edited=\"on|tablet\" ribbon_text_font_size_tablet=\"20pt\" ribbon_text_font_size_phone=\"20pt\" ribbon_text_font_size_last_edited=\"on|phone\" border_color_all_ribbon_text=\"#CC1517\" global_colors_info=\"{}\"]<\/p><p>Atelier photo et balade d\u00e9gustation sont au programme de ce Fascinant week-end port\u00e9 par le label Vignobles et d\u00e9couvertes<\/p><p>[\/dipi_timeline_item][\/dipi_timeline][dipi_timeline timeline_line_color=\"#CD1719\" use_active_line=\"off\" card_arrow_size=\"19px\" card_arrow_color=\"#CD1719\" layout_tablet=\"mixed\" layout_phone=\"right\" layout_last_edited=\"on|tablet\" disabled_on=\"on|on|on\" _builder_version=\"4.27.2\" _module_preset=\"default\" text_orientation=\"center\" module_alignment=\"center\" disabled=\"on\" global_colors_info=\"{}\"][dipi_timeline_item admin_label=\"Samedi 16 mars\" ribbon=\"Dimanche 30 mars\" title=\"Les chemins du patrimoine\" timeline_icon=\"\uf111||fa||900\" timeline_icon_color=\"#f2f3f3\" image=\"https:\/\/www.peyrassol.com\/wp-content\/uploads\/Raphoz@Fillaudeau-scaled.jpg\" alt=\"Atelier \u00e9criture immersion po\u00e9tique\" image_max_width=\"50%\" card_padding=\"23px|30px|30px|30px|false|false\" ribbon_last_edited=\"off|desktop\" _builder_version=\"4.27.2\" _module_preset=\"default\" header_level=\"h3\" header_font=\"Baskervville|||on|||||\" header_text_align=\"left\" header_text_color=\"#CC1517\" body_font=\"Baskervville||||||||\" body_text_align=\"left\" body_font_size=\"13pt\" ribbon_text_font=\"Baskervville||||||||\" ribbon_text_text_color=\"#CC1517\" ribbon_text_font_size=\"25px\" ribbon_text_letter_spacing=\"0px\" ribbon_text_line_height=\"1.5em\" background_color=\"#f5f6f0\" background_enable_color=\"on\" body_font_size_tablet=\"11pt\" body_font_size_phone=\"11pt\" body_font_size_last_edited=\"on|tablet\" ribbon_text_font_size_tablet=\"20pt\" ribbon_text_font_size_phone=\"20pt\" ribbon_text_font_size_last_edited=\"on|phone\" border_color_all_ribbon_text=\"#CC1517\" global_colors_info=\"{}\"]<\/p><p>Aux c\u00f4t\u00e9s de Denis Huin, guide naturaliste et d\u2019H\u00e9lo\u00efse Meffre, guide oenotouristique, d\u00e9couvrez le patrimoine agricole, historique et naturel de la Commanderie de Peyrassol.<\/p><p><a href=\"https:\/\/www.peyrassol.com\/reservez-votre-visite\/?re-product-id=306437&rwstep=product\"><i><u>R\u00e9server<\/u><\/i><\/a><\/p><p>[\/dipi_timeline_item][dipi_timeline_item admin_label=\"Samedi 16 mars\" ribbon=\"Dimanche 20 avril\" title=\"Chasse aux \u0153u(f)vres %22P\u00e2ques \u00e0 La Commanderie de Peyrassol%22\" timeline_icon=\"\uf111||fa||900\" timeline_icon_color=\"#f2f3f3\" image_max_width=\"50%\" card_padding=\"23px|30px|30px|30px|false|false\" ribbon_last_edited=\"off|desktop\" _builder_version=\"4.27.2\" _module_preset=\"default\" header_level=\"h3\" header_font=\"Baskervville|||on|||||\" header_text_align=\"left\" header_text_color=\"#CC1517\" body_font=\"Baskervville||||||||\" body_text_align=\"left\" body_font_size=\"13pt\" ribbon_text_font=\"Baskervville||||||||\" ribbon_text_text_color=\"#CC1517\" ribbon_text_font_size=\"25px\" ribbon_text_letter_spacing=\"0px\" ribbon_text_line_height=\"1.5em\" background_color=\"#f5f6f0\" background_enable_color=\"on\" body_font_size_tablet=\"11pt\" body_font_size_phone=\"11pt\" body_font_size_last_edited=\"on|tablet\" ribbon_text_font_size_tablet=\"20pt\" ribbon_text_font_size_phone=\"20pt\" ribbon_text_font_size_last_edited=\"on|phone\" border_color_all_ribbon_text=\"#CC1517\" global_colors_info=\"{}\"]<\/p><p>La traditionnelle chasse aux oeufs se r\u00e9v\u00e8lera telle une chasse aux oeuvres<br \/>d\u2019art dans la for\u00eat de La Commanderie de Peyrassol. Au gr\u00e9 d\u2019une histoire<br \/>rocambolesque et amusante, vos enfants seront invit\u00e9s \u00e0 retrouver le tr\u00e9sor<br \/>disparu.<\/p><p><a href=\"https:\/\/www.peyrassol.com\/reservez-votre-visite\/?re-product-id=248058\">R\u00e9server<\/a><\/p><p>[\/dipi_timeline_item][dipi_timeline_item admin_label=\"Samedi 13 avril\" ribbon=\"Dimanche 20 avril\" title=\"Vin & Chocolat %22P\u00e2ques \u00e0 La Commanderie de Peyrassol%22\" timeline_icon=\"\uf111||fa||900\" timeline_icon_color=\"#f2f3f3\" image_max_width=\"50%\" card_padding=\"23px|30px|30px|30px|false|false\" ribbon_last_edited=\"off|desktop\" _builder_version=\"4.27.2\" _module_preset=\"default\" header_level=\"h3\" header_font=\"Baskervville|||on|||||\" header_text_align=\"left\" header_text_color=\"#CC1517\" body_font=\"Baskervville||||||||\" body_text_align=\"left\" body_font_size=\"13pt\" ribbon_text_font=\"Baskervville||||||||\" ribbon_text_text_color=\"#CC1517\" ribbon_text_font_size=\"25px\" ribbon_text_letter_spacing=\"0px\" ribbon_text_line_height=\"1.5em\" background_color=\"#f5f6f0\" background_enable_color=\"on\" body_font_size_tablet=\"11pt\" body_font_size_phone=\"11pt\" body_font_size_last_edited=\"on|tablet\" ribbon_text_font_size_tablet=\"20pt\" ribbon_text_font_size_phone=\"20pt\" ribbon_text_font_size_last_edited=\"on|phone\" border_color_all_ribbon_text=\"#CC1517\" global_colors_info=\"{}\"]<\/p><p>Notre traditionnelle visite de chais se pare de cacao pour r\u00e9veiller vos papilles avec une d\u00e9gustation vins et chocolats mettant en avant la richesse des cuv\u00e9es du vignoble Ch\u00e2teau Peyrassol !<\/p><p><a href=\"https:\/\/www.peyrassol.com\/reservez-votre-visite\/?re-product-id=248069\">R\u00e9server<\/a><\/p><p>[\/dipi_timeline_item][dipi_timeline_item admin_label=\"Dimanche 31 mars & lundi 1er avril\" ribbon=\"Dimanche 18 mai\" title=\"SUPERBE TERRE\" timeline_icon=\"\uf111||fa||900\" timeline_icon_color=\"#f2f3f3\" image_max_width=\"50%\" card_padding=\"23px|30px|30px|30px|false|false\" ribbon_last_edited=\"off|desktop\" _builder_version=\"4.27.2\" _module_preset=\"default\" header_level=\"h3\" header_font=\"Baskervville|||on|||||\" header_text_align=\"left\" header_text_color=\"#CC1517\" body_font=\"Baskervville||||||||\" body_text_align=\"left\" body_font_size=\"13pt\" ribbon_text_font=\"Baskervville||||||||\" ribbon_text_text_color=\"#CC1517\" ribbon_text_font_size=\"25px\" ribbon_text_letter_spacing=\"0px\" ribbon_text_line_height=\"1.5em\" background_color=\"#f5f6f0\" background_enable_color=\"on\" body_font_size_tablet=\"11pt\" body_font_size_phone=\"11pt\" body_font_size_last_edited=\"on|tablet\" ribbon_text_font_size_tablet=\"20pt\" ribbon_text_font_size_phone=\"20pt\" ribbon_text_font_size_last_edited=\"on|phone\" border_color_all_ribbon_text=\"#CC1517\" global_colors_info=\"{}\"]<\/p><p>March\u00e9 d'artisans c\u00e9ramiste et potiers, march\u00e9 aux pigments et aux saveurs , ateliers immersifs (kurinuki, empreinte, terre crue, modelage...), discussions sous l'arbres avec des professionnels (artisans, architectes, naturalistes, jardiniers, designers...)<\/p><p><a href=\"https:\/\/www.peyrassol.com\/reservez-votre-visite\/?re-product-id=248069&rwstep=product\"><i><u>R\u00e9server<\/u><\/i><\/a><\/p><p>[\/dipi_timeline_item][dipi_timeline_item admin_label=\"Samedi 25 mai\" ribbon=\"Vendredi 6 et samedi 7 juin\" title=\"Rendez-vous aux jardins\" timeline_icon=\"\uf111||fa||900\" timeline_icon_color=\"#f2f3f3\" image_max_width=\"50%\" card_padding=\"23px|30px|30px|30px|false|false\" ribbon_last_edited=\"off|desktop\" _builder_version=\"4.27.2\" _module_preset=\"default\" header_level=\"h3\" header_font=\"Baskervville|||on|||||\" header_text_align=\"left\" header_text_color=\"#CC1517\" body_font=\"Baskervville||||||||\" body_text_align=\"left\" body_font_size=\"13pt\" ribbon_text_font=\"Baskervville||||||||\" ribbon_text_text_color=\"#CC1517\" ribbon_text_font_size=\"25px\" ribbon_text_letter_spacing=\"0px\" ribbon_text_line_height=\"1.5em\" background_color=\"#f5f6f0\" background_enable_color=\"on\" body_font_size_tablet=\"11pt\" body_font_size_phone=\"11pt\" body_font_size_last_edited=\"on|tablet\" ribbon_text_font_size_tablet=\"20pt\" ribbon_text_font_size_phone=\"20pt\" ribbon_text_font_size_last_edited=\"on|phone\" border_color_all_ribbon_text=\"#CC1517\" global_colors_info=\"{}\"]<\/p><p>Dans le cadre de la 22e \u00e9dition des Rendez-vous aux jardins sur le th\u00e8me \u00ab Jardins de pierres, pierres de jardins \u00bb, orchestr\u00e9e par le Minist\u00e8re de la Culture, Ga\u00eble Bazennerye, paysagiste du domaine et Alice Faure, charg\u00e9e des publics de la collection d'art, exploreront ensemble l\u2019empreinte min\u00e9rale au jardin, entre savoir-faire et cr\u00e9ation contemporaine.<\/p><p>R\u00e9server<\/p><p>[\/dipi_timeline_item][dipi_timeline_item admin_label=\"Samedi 1er juin\" ribbon=\"Vendredi 13 juin\" title=\"R\u00e9cital de piano d'Ilan Zajtmann\" timeline_icon=\"\uf111||fa||900\" timeline_icon_color=\"#f2f3f3\" image_max_width=\"50%\" card_padding=\"23px|30px|30px|30px|false|false\" ribbon_last_edited=\"off|desktop\" _builder_version=\"4.27.2\" _module_preset=\"default\" header_level=\"h3\" header_font=\"Baskervville|||on|||||\" header_text_align=\"left\" header_text_color=\"#CC1517\" body_font=\"Baskervville||||||||\" body_text_align=\"left\" body_font_size=\"13pt\" ribbon_text_font=\"Baskervville||||||||\" ribbon_text_text_color=\"#CC1517\" ribbon_text_font_size=\"25px\" ribbon_text_letter_spacing=\"0px\" ribbon_text_line_height=\"1.5em\" background_color=\"#f5f6f0\" background_enable_color=\"on\" body_font_size_tablet=\"11pt\" body_font_size_phone=\"11pt\" body_font_size_last_edited=\"on|tablet\" ribbon_text_font_size_tablet=\"20pt\" ribbon_text_font_size_phone=\"20pt\" ribbon_text_font_size_last_edited=\"on|phone\" border_color_all_ribbon_text=\"#CC1517\" global_colors_info=\"{}\"]<\/p><p>Sur les conseils artistiques des Musicales de l\u2019Abbaye du Thoronet, la Commanderie de Peyrassol c\u00e9l\u00e8bre les pr\u00e9mices de l\u2019\u00e9t\u00e9 avec un concert de musique classique port\u00e9 par le talentueux pianiste Ilan Zajtmann.<\/p><p><span style=\"text-decoration: underline;\"><a href=\"https:\/\/www.peyrassol.com\/reservez-votre-visite\/?re-product-id=252291&rwstep=product\"><em>R\u00e9servez<\/em><\/a><\/span><\/p><p>[\/dipi_timeline_item][dipi_timeline_item admin_label=\"SUNSET - Jeudi 4 juillet\" ribbon=\"SUNSET - Jeudi 4 juillet\" title=\"MeG & Breakfast (Pop-folk-rock international)\" timeline_icon=\"\uf111||fa||900\" timeline_icon_color=\"#f2f3f3\" image_max_width=\"50%\" card_padding=\"23px|30px|30px|30px|false|false\" ribbon_last_edited=\"off|desktop\" _builder_version=\"4.22.1\" _module_preset=\"default\" header_level=\"h3\" header_font=\"Baskervville|||on|||||\" header_text_align=\"left\" header_text_color=\"#CC1517\" body_font=\"Baskervville||||||||\" body_text_align=\"left\" body_font_size=\"13pt\" ribbon_text_font=\"Baskervville||||||||\" ribbon_text_text_color=\"#CC1517\" ribbon_text_font_size=\"25px\" ribbon_text_letter_spacing=\"0px\" ribbon_text_line_height=\"1.5em\" background_color=\"#f5f6f0\" background_enable_color=\"on\" body_font_size_tablet=\"11pt\" body_font_size_phone=\"11pt\" body_font_size_last_edited=\"on|tablet\" ribbon_text_font_size_tablet=\"20pt\" ribbon_text_font_size_phone=\"20pt\" ribbon_text_font_size_last_edited=\"on|phone\" border_color_all_ribbon_text=\"#CC1517\" global_colors_info=\"{}\"]<\/p><p>Duo de choc et de charme, Meg & Breakfast revisite les standards internationaux tout en vous r\u00e9servant quelques surprises. En sortant des sentier battus. Une vraie pr\u00e9sence sc\u00e9nique toute en nuances, id\u00e9ale pour cette 1\u00e8re soir\u00e9e sunset 2024.<\/p><p><span style=\"text-decoration: underline;\"><em><a href=\"https:\/\/www.peyrassol.com\/reservez-votre-visite\/?re-product-id=240457&rwstep=product\">R\u00e9servez<\/a><\/em><\/span><\/p><p>[\/dipi_timeline_item][dipi_timeline_item admin_label=\"SUNSET - Jeudi 18 juillet\" ribbon=\"SUNSET - Jeudi 18 juillet\" title=\"HOT WAX (Pop, Soul, funk)\" timeline_icon=\"\uf111||fa||900\" timeline_icon_color=\"#f2f3f3\" image_max_width=\"50%\" card_padding=\"23px|30px|30px|30px|false|false\" ribbon_last_edited=\"off|desktop\" _builder_version=\"4.22.1\" _module_preset=\"default\" header_level=\"h3\" header_font=\"Baskervville|||on|||||\" header_text_align=\"left\" header_text_color=\"#CC1517\" body_font=\"Baskervville||||||||\" body_text_align=\"left\" body_font_size=\"13pt\" ribbon_text_font=\"Baskervville||||||||\" ribbon_text_text_color=\"#CC1517\" ribbon_text_font_size=\"25px\" ribbon_text_letter_spacing=\"0px\" ribbon_text_line_height=\"1.5em\" background_color=\"#f5f6f0\" background_enable_color=\"on\" body_font_size_tablet=\"11pt\" body_font_size_phone=\"11pt\" body_font_size_last_edited=\"on|tablet\" ribbon_text_font_size_tablet=\"20pt\" ribbon_text_font_size_phone=\"20pt\" ribbon_text_font_size_last_edited=\"on|phone\" border_color_all_ribbon_text=\"#CC1517\" global_colors_info=\"{}\"]<\/p><p>4 prodiges de la pop internationale vous embarquent dans leur r\u00e9pertoire riche et vari\u00e9, dans la joie de vivre et le partage ! Funk, Soul, pop internationale vous donneront envie de danser jusqu\u2019au bout de la nuit.<\/p><p><span style=\"text-decoration: underline;\"><em><a href=\"https:\/\/www.peyrassol.com\/reservez-votre-visite\/?re-product-id=240457&rwstep=product\">R\u00e9servez<\/a><\/em><\/span><\/p><p>[\/dipi_timeline_item][dipi_timeline_item admin_label=\"SUNSET - Jeudi 01 aout\" ribbon=\"SUNSET - Jeudi 01 aout\" title=\"MeG & Breakfast (Pop-folk-rock international)\" timeline_icon=\"\uf111||fa||900\" timeline_icon_color=\"#f2f3f3\" image_max_width=\"50%\" card_padding=\"23px|30px|30px|30px|false|false\" ribbon_last_edited=\"off|desktop\" _builder_version=\"4.22.1\" _module_preset=\"default\" header_level=\"h3\" header_font=\"Baskervville|||on|||||\" header_text_align=\"left\" header_text_color=\"#CC1517\" body_font=\"Baskervville||||||||\" body_text_align=\"left\" body_font_size=\"13pt\" ribbon_text_font=\"Baskervville||||||||\" ribbon_text_text_color=\"#CC1517\" ribbon_text_font_size=\"25px\" ribbon_text_letter_spacing=\"0px\" ribbon_text_line_height=\"1.5em\" background_color=\"#f5f6f0\" background_enable_color=\"on\" body_font_size_tablet=\"11pt\" body_font_size_phone=\"11pt\" body_font_size_last_edited=\"on|tablet\" ribbon_text_font_size_tablet=\"20pt\" ribbon_text_font_size_phone=\"20pt\" ribbon_text_font_size_last_edited=\"on|phone\" border_color_all_ribbon_text=\"#CC1517\" global_colors_info=\"{}\"]<\/p><p>Duo de choc et de charme, Meg & Breakfast revisite les standards internationaux tout en vous r\u00e9servant quelques surprises en sortant des sentier battus. Une vraie pr\u00e9sence sc\u00e9nique toute en nuances, id\u00e9ale pour cette soir\u00e9e.<\/p><p><span style=\"text-decoration: underline;\"><em><a href=\"https:\/\/www.peyrassol.com\/reservez-votre-visite\/?re-product-id=240457&rwstep=product\">R\u00e9servez<\/a><\/em><\/span><\/p><p>[\/dipi_timeline_item][dipi_timeline_item admin_label=\"SUNSET - Jeudi 08 aout\" ribbon=\"SUNSET - Jeudi 08 aout\" title=\"Julie Meola Latin Quartet\" timeline_icon=\"\uf111||fa||900\" timeline_icon_color=\"#f2f3f3\" image_max_width=\"50%\" card_padding=\"23px|30px|30px|30px|false|false\" ribbon_last_edited=\"off|desktop\" _builder_version=\"4.22.1\" _module_preset=\"default\" header_level=\"h3\" header_font=\"Baskervville|||on|||||\" header_text_align=\"left\" header_text_color=\"#CC1517\" body_font=\"Baskervville||||||||\" body_text_align=\"left\" body_font_size=\"13pt\" ribbon_text_font=\"Baskervville||||||||\" ribbon_text_text_color=\"#CC1517\" ribbon_text_font_size=\"25px\" ribbon_text_letter_spacing=\"0px\" ribbon_text_line_height=\"1.5em\" background_color=\"#f5f6f0\" background_enable_color=\"on\" body_font_size_tablet=\"11pt\" body_font_size_phone=\"11pt\" body_font_size_last_edited=\"on|tablet\" ribbon_text_font_size_tablet=\"20pt\" ribbon_text_font_size_phone=\"20pt\" ribbon_text_font_size_last_edited=\"on|phone\" border_color_all_ribbon_text=\"#CC1517\" global_colors_info=\"{}\"]<\/p><p>Quand une voix faite pour le jazz s'aventure du c\u00f4t\u00e9 des sonorit\u00e9s latines et br\u00e9siliennes, la Commanderie de Peyrassol r\u00eave \u00e0 des envies d'ailleurs<\/p><p><span style=\"text-decoration: underline;\"><em><a href=\"https:\/\/www.peyrassol.com\/reservez-votre-visite\/?re-product-id=240457&rwstep=product\">R\u00e9servez<\/a><\/em><\/span><\/p><p>[\/dipi_timeline_item][dipi_timeline_item admin_label=\"SUNSET - Jeudi 15 aout\" ribbon=\"SUNSET - Jeudi 15 aout\" title=\"BAGASSO (Latin Fusion)\" timeline_icon=\"\uf111||fa||900\" timeline_icon_color=\"#f2f3f3\" image_max_width=\"50%\" card_padding=\"23px|30px|30px|30px|false|false\" ribbon_last_edited=\"off|desktop\" _builder_version=\"4.22.1\" _module_preset=\"default\" header_level=\"h3\" header_font=\"Baskervville|||on|||||\" header_text_align=\"left\" header_text_color=\"#CC1517\" body_font=\"Baskervville||||||||\" body_text_align=\"left\" body_font_size=\"13pt\" ribbon_text_font=\"Baskervville||||||||\" ribbon_text_text_color=\"#CC1517\" ribbon_text_font_size=\"25px\" ribbon_text_letter_spacing=\"0px\" ribbon_text_line_height=\"1.5em\" background_color=\"#f5f6f0\" background_enable_color=\"on\" body_font_size_tablet=\"11pt\" body_font_size_phone=\"11pt\" body_font_size_last_edited=\"on|tablet\" ribbon_text_font_size_tablet=\"20pt\" ribbon_text_font_size_phone=\"20pt\" ribbon_text_font_size_last_edited=\"on|phone\" border_color_all_ribbon_text=\"#CC1517\" global_colors_info=\"{}\"]<\/p><p>Un p\u00e9riple musical, entre le Br\u00e9sil, Cuba, le Cap Vert et la C\u00f4te d\u2019 Azur . Un voyage autour des th\u00e8mes de la vie, une escale imaginaire, une belle occasion de partage et de convivialit\u00e9 \u00e0 ne pas manquer.<\/p><p><span style=\"text-decoration: underline;\"><em><a href=\"https:\/\/www.peyrassol.com\/reservez-votre-visite\/?re-product-id=240457&rwstep=product\">R\u00e9servez<\/a><\/em><\/span><\/p><p>[\/dipi_timeline_item][dipi_timeline_item admin_label=\"SUNSET - Jeudi 22 aout\" ribbon=\"SUNSET - Jeudi 22 aout\" title=\"HOT WAX (Pop, Soul, funk)\" timeline_icon=\"\uf111||fa||900\" timeline_icon_color=\"#f2f3f3\" image_max_width=\"50%\" card_padding=\"23px|30px|30px|30px|false|false\" ribbon_last_edited=\"off|desktop\" _builder_version=\"4.22.1\" _module_preset=\"default\" header_level=\"h3\" header_font=\"Baskervville|||on|||||\" header_text_align=\"left\" header_text_color=\"#CC1517\" body_font=\"Baskervville||||||||\" body_text_align=\"left\" body_font_size=\"13pt\" ribbon_text_font=\"Baskervville||||||||\" ribbon_text_text_color=\"#CC1517\" ribbon_text_font_size=\"25px\" ribbon_text_letter_spacing=\"0px\" ribbon_text_line_height=\"1.5em\" background_color=\"#f5f6f0\" background_enable_color=\"on\" body_font_size_tablet=\"11pt\" body_font_size_phone=\"11pt\" body_font_size_last_edited=\"on|tablet\" ribbon_text_font_size_tablet=\"20pt\" ribbon_text_font_size_phone=\"20pt\" ribbon_text_font_size_last_edited=\"on|phone\" border_color_all_ribbon_text=\"#CC1517\" global_colors_info=\"{}\"]<\/p><p>4 prodiges de la pop internationale vous embarquent dans leur r\u00e9pertoire riche et vari\u00e9, dans la joie de vivre et le partage ! Funk, Soul, pop internationale vous donneront envie de danser jusqu\u2019au bout de la nuit.<\/p><p><span style=\"text-decoration: underline;\"><em><a href=\"https:\/\/www.peyrassol.com\/reservez-votre-visite\/?re-product-id=240457&rwstep=product\">R\u00e9servez<\/a><\/em><\/span><\/p><p>[\/dipi_timeline_item][dipi_timeline_item admin_label=\"SUNSET - Jeudi 29 aout\" ribbon=\"SUNSET - Jeudi 29 aout\" title=\"The SHOESHINERS BAND Swing Jazz\" timeline_icon=\"\uf111||fa||900\" timeline_icon_color=\"#f2f3f3\" image_max_width=\"50%\" card_padding=\"23px|30px|30px|30px|false|false\" ribbon_last_edited=\"off|desktop\" _builder_version=\"4.22.1\" _module_preset=\"default\" header_level=\"h3\" header_font=\"Baskervville|||on|||||\" header_text_align=\"left\" header_text_color=\"#CC1517\" body_font=\"Baskervville||||||||\" body_text_align=\"left\" body_font_size=\"13pt\" ribbon_text_font=\"Baskervville||||||||\" ribbon_text_text_color=\"#CC1517\" ribbon_text_font_size=\"25px\" ribbon_text_letter_spacing=\"0px\" ribbon_text_line_height=\"1.5em\" background_color=\"#f5f6f0\" background_enable_color=\"on\" body_font_size_tablet=\"11pt\" body_font_size_phone=\"11pt\" body_font_size_last_edited=\"on|tablet\" ribbon_text_font_size_tablet=\"20pt\" ribbon_text_font_size_phone=\"20pt\" ribbon_text_font_size_last_edited=\"on|phone\" border_color_all_ribbon_text=\"#CC1517\" global_colors_info=\"{}\"]<\/p><p>Des sonorit\u00e9s de la New Orleans, aux ballades en passant par des pi\u00e8ces explosives du r\u00e9pertoire Big Band, les dynamiques et enjou\u00e9s The Shoeshiners Band d\u00e9veloppe un swing hors du temps...ne laissant comme rep\u00e8re qu'une irr\u00e9sistible envie de danser.<\/p><p><span style=\"text-decoration: underline;\"><em><a href=\"https:\/\/www.peyrassol.com\/reservez-votre-visite\/?re-product-id=240457&rwstep=product\">R\u00e9servez<\/a><\/em><\/span><\/p><p>[\/dipi_timeline_item][dipi_timeline_item admin_label=\"Samedi 7 septembre\" ribbon=\"Samedi 7 septembre\" title=\"LA JOURN\u00c9E DES VENDANGES\" timeline_icon=\"\uf111||fa||900\" timeline_icon_color=\"#f2f3f3\" image_max_width=\"50%\" card_padding=\"23px|30px|30px|30px|false|false\" ribbon_last_edited=\"off|desktop\" _builder_version=\"4.22.1\" _module_preset=\"default\" header_level=\"h3\" header_font=\"Baskervville|||on|||||\" header_text_align=\"left\" header_text_color=\"#CC1517\" body_font=\"Baskervville||||||||\" body_text_align=\"left\" body_font_size=\"13pt\" ribbon_text_font=\"Baskervville||||||||\" ribbon_text_text_color=\"#CC1517\" ribbon_text_font_size=\"25px\" ribbon_text_letter_spacing=\"0px\" ribbon_text_line_height=\"1.5em\" background_color=\"#f5f6f0\" background_enable_color=\"on\" body_font_size_tablet=\"11pt\" body_font_size_phone=\"11pt\" body_font_size_last_edited=\"on|tablet\" ribbon_text_font_size_tablet=\"20pt\" ribbon_text_font_size_phone=\"20pt\" ribbon_text_font_size_last_edited=\"on|phone\" border_color_all_ribbon_text=\"#CC1517\" global_colors_info=\"{}\"]<\/p><p>Plaisir, partage et art de vivre \u00e0 la proven\u00e7ale : venez d\u00e9couvrir le m\u00e9tier de vigneron et vivre une exp\u00e9rience immersive pendant les vendanges du vignoble Ch\u00e2teau Peyrassol.<\/p><p>Nous vous partagerons nos secrets, dans les vignes, aux c\u00f4t\u00e9s de celles et ceux qui cultivent nos parcelles, vinifient nos raisins et qui ont \u00e0 c\u0153ur de partager leur savoir-faire.<\/p><p>[\/dipi_timeline_item][dipi_timeline_item admin_label=\"Samedi 14 septembre\" ribbon=\"Samedi 14 septembre\" title=\"SEJOUR BIEN ETRE\" timeline_icon=\"\uf111||fa||900\" timeline_icon_color=\"#f2f3f3\" image_max_width=\"50%\" card_padding=\"23px|30px|30px|30px|false|false\" ribbon_last_edited=\"off|desktop\" _builder_version=\"4.22.1\" _module_preset=\"default\" header_level=\"h3\" header_font=\"Baskervville|||on|||||\" header_text_align=\"left\" header_text_color=\"#CC1517\" body_font=\"Baskervville||||||||\" body_text_align=\"left\" body_font_size=\"13pt\" ribbon_text_font=\"Baskervville||||||||\" ribbon_text_text_color=\"#CC1517\" ribbon_text_font_size=\"25px\" ribbon_text_letter_spacing=\"0px\" ribbon_text_line_height=\"1.5em\" background_color=\"#f5f6f0\" background_enable_color=\"on\" body_font_size_tablet=\"11pt\" body_font_size_phone=\"11pt\" body_font_size_last_edited=\"on|tablet\" ribbon_text_font_size_tablet=\"20pt\" ribbon_text_font_size_phone=\"20pt\" ribbon_text_font_size_last_edited=\"on|phone\" border_color_all_ribbon_text=\"#CC1517\" global_colors_info=\"{}\"]<\/p><p>Le week-end du 14 septembre, ressourcez-vous \u00e0 la Commanderie de Peyrassol lors d\u2019un week-end massage & yoga au c\u0153ur d'une nature pr\u00e9serv\u00e9e.<\/p><p>Profiter des bienfaits d\u2019un s\u00e9jour bien \u00eatre au cours d\u2019un s\u00e9jour 1 nuit en chambre d\u2019h\u00f4tes avec d\u00eener gastronomique dans notre restaurant Chez Jeannette.<\/p><p><em><span style=\"text-decoration: underline;\"><a href=\"https:\/\/peyrassol-83340-booking.myasterio.com\/betemplate\/HOTELMONO\/booking?kml_code=PEYRASSOL-83340\">R\u00e9server<\/a><\/span><\/em><\/p><p>[\/dipi_timeline_item][dipi_timeline_item admin_label=\"Samedi 21 septembre\" ribbon=\"Samedi 21 septembre\" title=\"JOURNEE DU PATRIMOINE\" timeline_icon=\"\uf111||fa||900\" timeline_icon_color=\"#f2f3f3\" image_max_width=\"50%\" card_padding=\"23px|30px|30px|30px|false|false\" ribbon_last_edited=\"off|desktop\" _builder_version=\"4.22.1\" _module_preset=\"default\" header_level=\"h3\" header_font=\"Baskervville|||on|||||\" header_text_align=\"left\" header_text_color=\"#CC1517\" body_font=\"Baskervville||||||||\" body_text_align=\"left\" body_font_size=\"13pt\" ribbon_text_font=\"Baskervville||||||||\" ribbon_text_text_color=\"#CC1517\" ribbon_text_font_size=\"25px\" ribbon_text_letter_spacing=\"0px\" ribbon_text_line_height=\"1.5em\" background_color=\"#f5f6f0\" background_enable_color=\"on\" body_font_size_tablet=\"11pt\" body_font_size_phone=\"11pt\" body_font_size_last_edited=\"on|tablet\" ribbon_text_font_size_tablet=\"20pt\" ribbon_text_font_size_phone=\"20pt\" ribbon_text_font_size_last_edited=\"on|phone\" border_color_all_ribbon_text=\"#CC1517\" global_colors_info=\"{}\"]<\/p><p>Lors des Journ\u00e9es europ\u00e9ennes du Patrimoine, la Commanderie de Peyrassol ouvre ses portes gracieusement \u00e0 nos visiteurs !<br \/>Venez vous balader dans notre domaine et d\u00e9couvrez nos chais et notre Collection d\u2019Art.<\/p><p>[\/dipi_timeline_item][dipi_timeline_item admin_label=\"Samedi 28 septembre\" ribbon=\"Samedi 28 septembre\" title=\"LECTURE DE CHARLES BERLING\" timeline_icon=\"\uf111||fa||900\" timeline_icon_color=\"#f2f3f3\" image_max_width=\"50%\" card_padding=\"23px|30px|30px|30px|false|false\" ribbon_last_edited=\"off|desktop\" _builder_version=\"4.22.1\" _module_preset=\"default\" header_level=\"h3\" header_font=\"Baskervville|||on|||||\" header_text_align=\"left\" header_text_color=\"#CC1517\" body_font=\"Baskervville||||||||\" body_text_align=\"left\" body_font_size=\"13pt\" ribbon_text_font=\"Baskervville||||||||\" ribbon_text_text_color=\"#CC1517\" ribbon_text_font_size=\"25px\" ribbon_text_letter_spacing=\"0px\" ribbon_text_line_height=\"1.5em\" background_color=\"#f5f6f0\" background_enable_color=\"on\" body_font_size_tablet=\"11pt\" body_font_size_phone=\"11pt\" body_font_size_last_edited=\"on|tablet\" ribbon_text_font_size_tablet=\"20pt\" ribbon_text_font_size_phone=\"20pt\" ribbon_text_font_size_last_edited=\"on|phone\" border_color_all_ribbon_text=\"#CC1517\" global_colors_info=\"{}\"]<\/p><p>Dans la douceur d'une soir\u00e9e de septembre, entre la fin de l'\u00e9t\u00e9 et les pr\u00e9mices de l'automne, l'acteur, metteur en sc\u00e8ne et directeur de la sc\u00e8ne nationale Ch\u00e2teauvallon- Libert\u00e9 Charles Berling vous donne rendez-vous \u00e0 la Commanderie de Peyrassol. L\u2019une de ses lectures in\u00e9dites, \u00e9troitement li\u00e9e \u00e0 la Collection Philippe Austruy, r\u00e9sonnera dans les murs charg\u00e9s d\u2019histoire de ce site enchanteur.<\/p><p>[\/dipi_timeline_item][dipi_timeline_item admin_label=\"Samedi 12 octobre\" ribbon=\"Samedi 12 octobre\" title=\"SEJOUR ANIMAUX & FORET\" timeline_icon=\"\uf111||fa||900\" timeline_icon_color=\"#f2f3f3\" image_max_width=\"50%\" card_padding=\"23px|30px|30px|30px|false|false\" ribbon_last_edited=\"off|desktop\" _builder_version=\"4.22.1\" _module_preset=\"default\" header_level=\"h3\" header_font=\"Baskervville|||on|||||\" header_text_align=\"left\" header_text_color=\"#CC1517\" body_font=\"Baskervville||||||||\" body_text_align=\"left\" body_font_size=\"13pt\" ribbon_text_font=\"Baskervville||||||||\" ribbon_text_text_color=\"#CC1517\" ribbon_text_font_size=\"25px\" ribbon_text_letter_spacing=\"0px\" ribbon_text_line_height=\"1.5em\" background_color=\"#f5f6f0\" background_enable_color=\"on\" body_font_size_tablet=\"11pt\" body_font_size_phone=\"11pt\" body_font_size_last_edited=\"on|tablet\" ribbon_text_font_size_tablet=\"20pt\" ribbon_text_font_size_phone=\"20pt\" ribbon_text_font_size_last_edited=\"on|phone\" border_color_all_ribbon_text=\"#CC1517\" global_colors_info=\"{}\"]<\/p><p>Le week-end du 12 octobre, partez \u00e0 la d\u00e9couverte des grands espaces de la Commanderie de Peyrassol, un week-end pour se ressourcer au coeur de notre for\u00eat pr\u00e9serv\u00e9e et au contact de nos animaux. Profiter des bienfaits du contact de la nature et d\u00e9couvrir le contact de nos ch\u00e8vres si attachantes au cours d\u2019un s\u00e9jour 1 nuit en chambre d\u2019h\u00f4tes avec d\u00eener gastronomique dans notre restaurant Chez Jeannette.<\/p><p><em><span style=\"text-decoration: underline;\"><a href=\"https:\/\/peyrassol-83340-booking.myasterio.com\/betemplate\/HOTELMONO\/booking?kml_code=PEYRASSOL-83340\">R\u00e9server<\/a><\/span><\/em><\/p><p>[\/dipi_timeline_item][dipi_timeline_item admin_label=\"Samedi 19 & Dimanche 20 octobre\" ribbon=\"Samedi 19 & Dimanche 20 octobre\" title=\"Le Fascinant Week-end- RDV Vin\" timeline_icon=\"\uf111||fa||900\" timeline_icon_color=\"#f2f3f3\" image_max_width=\"50%\" card_padding=\"23px|30px|30px|30px|false|false\" ribbon_last_edited=\"off|desktop\" _builder_version=\"4.22.1\" _module_preset=\"default\" header_level=\"h3\" header_font=\"Baskervville|||on|||||\" header_text_align=\"left\" header_text_color=\"#CC1517\" body_font=\"Baskervville||||||||\" body_text_align=\"left\" body_font_size=\"13pt\" ribbon_text_font=\"Baskervville||||||||\" ribbon_text_text_color=\"#CC1517\" ribbon_text_font_size=\"25px\" ribbon_text_letter_spacing=\"0px\" ribbon_text_line_height=\"1.5em\" background_color=\"#f5f6f0\" background_enable_color=\"on\" body_font_size_tablet=\"11pt\" body_font_size_phone=\"11pt\" body_font_size_last_edited=\"on|tablet\" ribbon_text_font_size_tablet=\"20pt\" ribbon_text_font_size_phone=\"20pt\" ribbon_text_font_size_last_edited=\"on|phone\" border_color_all_ribbon_text=\"#CC1517\" global_colors_info=\"{}\"]<\/p><p>Cette balade dans le vignoble Ch\u00e2teau Peyrassol et la for\u00eat de La Commanderie de Peyrassol m\u00ealera l'histoire presque mill\u00e9naire des lieux, ancr\u00e9e dans la pierre, \u00e0 l'histoire de la nature qui s'\u00e9panouit sur nos 850 hectares. Nous vous d\u00e9voilerons la richesse de la biodiversit\u00e9 et son influence sur la vigne qui s'y d\u00e9ploie, en agriculture biologique. Une d\u00e9gustation des vins vous sera propos\u00e9e \u00e0 la fin de cette balade.<\/p><p>[\/dipi_timeline_item][dipi_timeline_item admin_label=\"Samedi 19 & Dimanche 20 octobre\" ribbon=\"Samedi 19 & Dimanche 20 octobre\" title=\"Le Fascinant Week-end- RDV Art\" timeline_icon=\"\uf111||fa||900\" timeline_icon_color=\"#f2f3f3\" image_max_width=\"50%\" card_padding=\"23px|30px|30px|30px|false|false\" ribbon_last_edited=\"off|desktop\" _builder_version=\"4.22.1\" _module_preset=\"default\" header_level=\"h3\" header_font=\"Baskervville|||on|||||\" header_text_align=\"left\" header_text_color=\"#CC1517\" body_font=\"Baskervville||||||||\" body_text_align=\"left\" body_font_size=\"13pt\" ribbon_text_font=\"Baskervville||||||||\" ribbon_text_text_color=\"#CC1517\" ribbon_text_font_size=\"25px\" ribbon_text_letter_spacing=\"0px\" ribbon_text_line_height=\"1.5em\" background_color=\"#f5f6f0\" background_enable_color=\"on\" body_font_size_tablet=\"11pt\" body_font_size_phone=\"11pt\" body_font_size_last_edited=\"on|tablet\" ribbon_text_font_size_tablet=\"20pt\" ribbon_text_font_size_phone=\"20pt\" ribbon_text_font_size_last_edited=\"on|phone\" border_color_all_ribbon_text=\"#CC1517\" global_colors_info=\"{}\"]<\/p><p>Au gr\u00e9 d\u2019une balade dans le coeur de Commanderie de Peyrassol et munis de votre appareil photo reflex, argentique ou de votre t\u00e9l\u00e9phone portable, initiezvous \u00e0 l\u2019art du cadrage et au travail de la lumi\u00e8re. Vous b\u00e9n\u00e9ficierez du regard et des conseils du photographe Olivier Monge, sp\u00e9cialiste de la repr\u00e9sentation du territoire, qui vous proposera un atelier mettant l\u2019accent sur l\u2019architecture historique et contemporaine du site, ainsi que sur la pr\u00e9sence des oeuvres de la Collection Philippe Austruy.<\/p><p>A l\u2019issue de la matin\u00e9e vous pourrez, si vous le souhaitez, prendre part \u00e0 notre concours photo et tenter de remporter un prix : vos clich\u00e9s seront diffus\u00e9s sur nos r\u00e9seaux sociaux et nos internautes \u00e9liront leur photographie favorite.<\/p><p>[\/dipi_timeline_item][dipi_timeline_item admin_label=\"Dimanche 10 & Lundi 11 novembre\" ribbon=\"Dimanche 10 & Lundi 11 novembre\" title=\"Le Temps des assemblages \u2013 Atelier vin\" timeline_icon=\"\uf111||fa||900\" timeline_icon_color=\"#f2f3f3\" image_max_width=\"50%\" card_padding=\"23px|30px|30px|30px|false|false\" ribbon_last_edited=\"off|desktop\" _builder_version=\"4.22.1\" _module_preset=\"default\" header_level=\"h3\" header_font=\"Baskervville|||on|||||\" header_text_align=\"left\" header_text_color=\"#CC1517\" body_font=\"Baskervville||||||||\" body_text_align=\"left\" body_font_size=\"13pt\" ribbon_text_font=\"Baskervville||||||||\" ribbon_text_text_color=\"#CC1517\" ribbon_text_font_size=\"25px\" ribbon_text_letter_spacing=\"0px\" ribbon_text_line_height=\"1.5em\" background_color=\"#f5f6f0\" background_enable_color=\"on\" body_font_size_tablet=\"11pt\" body_font_size_phone=\"11pt\" body_font_size_last_edited=\"on|tablet\" ribbon_text_font_size_tablet=\"20pt\" ribbon_text_font_size_phone=\"20pt\" ribbon_text_font_size_last_edited=\"on|phone\" border_color_all_ribbon_text=\"#CC1517\" global_colors_info=\"{}\"]Devenez vigneron d\u2019un jour en vous adonnant \u00e0 l\u2019art subtil de l\u2019assemblage des vins de c\u00e9pages ! Apr\u00e8s une visite des chais et un focus sur la vinification parcellaire, nous vous emm\u00e8nerons dans l\u2019authentique et myst\u00e9rieuse salle des gardes au coeur de l\u2019architecture s\u00e9culaire de la Commanderie, entre histoire et modernit\u00e9. Vous d\u00e9gusterez les purs c\u00e9pages et d\u00e9couvrirez les particularit\u00e9s de leurs expressions aromatiques. Dans les bottes du ma\u00eetre de chais, vous serez invit\u00e9 \u00e0 exp\u00e9rimenter vos propres assemblages. Une d\u00e9couverte d\u2019un vin fini vous confirmera l\u2019ampleur et la finesse de l\u2019art de l\u2019assemblage ![\/dipi_timeline_item][dipi_timeline_item admin_label=\"Dimanche 10 & Lundi 11 novembre\" ribbon=\"Dimanche 10 & Lundi 11 novembre\" title=\"Le Temps des assemblages \u2013 Atelier art\" timeline_icon=\"\uf111||fa||900\" timeline_icon_color=\"#f2f3f3\" image_max_width=\"50%\" card_padding=\"23px|30px|30px|30px|false|false\" ribbon_last_edited=\"off|desktop\" _builder_version=\"4.22.1\" _module_preset=\"default\" header_level=\"h3\" header_font=\"Baskervville|||on|||||\" header_text_align=\"left\" header_text_color=\"#CC1517\" body_font=\"Baskervville||||||||\" body_text_align=\"left\" body_font_size=\"13pt\" ribbon_text_font=\"Baskervville||||||||\" ribbon_text_text_color=\"#CC1517\" ribbon_text_font_size=\"25px\" ribbon_text_letter_spacing=\"0px\" ribbon_text_line_height=\"1.5em\" background_color=\"#f5f6f0\" background_enable_color=\"on\" body_font_size_tablet=\"11pt\" body_font_size_phone=\"11pt\" body_font_size_last_edited=\"on|tablet\" ribbon_text_font_size_tablet=\"20pt\" ribbon_text_font_size_phone=\"20pt\" ribbon_text_font_size_last_edited=\"on|phone\" border_color_all_ribbon_text=\"#CC1517\" global_colors_info=\"{}\"]<\/p><p>Venez red\u00e9couvrir la nature foisonnante du domaine et la po\u00e9sie de sa biodiversit\u00e9 ! Au gr\u00e9 d'une balade automnale associ\u00e9e \u00e0 une cueillette sauvage dans les endroits secrets du domaine, l'\u00e9quipe du centre d'art vous m\u00e8nera au coeur de l'Oliveraie, au cabanon \u00ab La Feni\u00e8re \u00bb, habituellement r\u00e9serv\u00e9 \u00e0 nos artistes en r\u00e9sidence. En vous inspirant de l'oeuvre de Jos\u00e9 Yaque, vous deviendrez l'artiste d'un jour en immergeant votre r\u00e9colte de sp\u00e9cimens v\u00e9g\u00e9taux et floraux dans une bouteille Ch\u00e2teau Peyrassol !<\/p><p>[\/dipi_timeline_item][dipi_timeline_item admin_label=\"Samedi 23 novembre\" ribbon=\"Samedi 23 novembre\" title=\"SEJOUR OENOTOURISME V\u00c9LO & BIODIVERSITE\" timeline_icon=\"\uf111||fa||900\" timeline_icon_color=\"#f2f3f3\" image_max_width=\"50%\" card_padding=\"23px|30px|30px|30px|false|false\" ribbon_last_edited=\"off|desktop\" _builder_version=\"4.22.1\" _module_preset=\"default\" header_level=\"h3\" header_font=\"Baskervville|||on|||||\" header_text_align=\"left\" header_text_color=\"#CC1517\" body_font=\"Baskervville||||||||\" body_text_align=\"left\" body_font_size=\"13pt\" ribbon_text_font=\"Baskervville||||||||\" ribbon_text_text_color=\"#CC1517\" ribbon_text_font_size=\"25px\" ribbon_text_letter_spacing=\"0px\" ribbon_text_line_height=\"1.5em\" background_color=\"#f5f6f0\" background_enable_color=\"on\" body_font_size_tablet=\"11pt\" body_font_size_phone=\"11pt\" body_font_size_last_edited=\"on|tablet\" ribbon_text_font_size_tablet=\"20pt\" ribbon_text_font_size_phone=\"20pt\" ribbon_text_font_size_last_edited=\"on|phone\" border_color_all_ribbon_text=\"#CC1517\" global_colors_info=\"{}\"]<\/p><p>Le week-end du 23 novembre, p\u00e9dalez vers l'aventure ! Rejoignez-nous pour un week-end sp\u00e9cial v\u00e9lo et biodiversit\u00e9. D\u00e9couvrir la richesse de la nature et vivre une escapade sportive et revigorante au c\u0153ur de la nature pr\u00e9serv\u00e9e au cours d\u2019un s\u00e9jour 1 nuit en chambre d\u2019h\u00f4tes avec d\u00eener gastronomique dans notre restaurant Chez Jeannette.<\/p><p><em><span style=\"text-decoration: underline;\"><a href=\"https:\/\/peyrassol-83340-booking.myasterio.com\/betemplate\/HOTELMONO\/booking?kml_code=PEYRASSOL-83340\">R\u00e9server<\/a><\/span><\/em><\/p><p>[\/dipi_timeline_item][dipi_timeline_item admin_label=\"Samedi 30 novembre\" ribbon=\"Samedi 30 novembre\" title=\"LES RENDEZ-VOUS ART & VIN \u00ab LE TEMPS DES ASSEMBLAGES \u00bb\" timeline_icon=\"\uf111||fa||900\" timeline_icon_color=\"#f2f3f3\" image_max_width=\"50%\" card_padding=\"23px|30px|30px|30px|false|false\" ribbon_last_edited=\"off|desktop\" _builder_version=\"4.22.1\" _module_preset=\"default\" header_level=\"h3\" header_font=\"Baskervville|||on|||||\" header_text_align=\"left\" header_text_color=\"#CC1517\" body_font=\"Baskervville||||||||\" body_text_align=\"left\" body_font_size=\"13pt\" ribbon_text_font=\"Baskervville||||||||\" ribbon_text_text_color=\"#CC1517\" ribbon_text_font_size=\"25px\" ribbon_text_letter_spacing=\"0px\" ribbon_text_line_height=\"1.5em\" background_color=\"#f5f6f0\" background_enable_color=\"on\" body_font_size_tablet=\"11pt\" body_font_size_phone=\"11pt\" body_font_size_last_edited=\"on|tablet\" ribbon_text_font_size_tablet=\"20pt\" ribbon_text_font_size_phone=\"20pt\" ribbon_text_font_size_last_edited=\"on|phone\" border_color_all_ribbon_text=\"#CC1517\" global_colors_info=\"{}\"]<\/p><p>La Commanderie de Peyrassol vous propose d\u2019\u00e9veiller tous vos sens dans une exp\u00e9rience unique m\u00ealant art, vin et gastronomie. D\u00e9couvrez les facteurs qui influent sur notre exp\u00e9rience du vin lors d\u2019une d\u00e9gustation : l\u2019environnement, le discours, l\u2019ambiance du moment, la sensibilit\u00e9 de chacun\u2026 De la m\u00eame mani\u00e8re, l\u2019art peut s\u2019appr\u00e9hender de mille fa\u00e7ons. Nous vous r\u00e9v\u00e8lerons des aspects insoup\u00e7onn\u00e9s de notre rapport au vin et \u00e0 l\u2019art et vous guiderons \u00e0 travers une exp\u00e9rience-d\u00e9gustation intuitive associant 3 \u0153uvres, 3 vins, 3 mets, qui sera suivie d\u2019un d\u00e9jeuner Chez Jeannette en accords mets et vins r\u00e9alis\u00e9s par le chef doublement \u00e9toil\u00e9 Michel Portos.<\/p><p><em>L\u2019offre comprend l\u2019exp\u00e9rience d\u00e9gustation et le d\u00e9jeuner, entr\u00e9e, plat et dessert, 3 verres de vin, eaux et caf\u00e9<\/em><\/p><p>[\/dipi_timeline_item][\/dipi_timeline][\/et_pb_column][\/et_pb_row][et_pb_row _builder_version=\"4.22.1\" _module_preset=\"default\" global_colors_info=\"{}\" disabled_on=\"on|on|on\" disabled=\"on\"][et_pb_column type=\"4_4\" _builder_version=\"4.22.1\" _module_preset=\"default\" global_colors_info=\"{}\"][et_pb_text _builder_version=\"4.22.1\" _module_preset=\"default\" header_3_text_color=\"#CD1719\" global_colors_info=\"{}\"]<\/p><h3>Les \u00e9v\u00e8nements pass\u00e9s en 2024<\/h3><p>[\/et_pb_text][dipi_timeline timeline_line_color=\"#CD1719\" use_active_line=\"off\" card_arrow_size=\"19px\" card_arrow_color=\"#CD1719\" layout_tablet=\"mixed\" layout_phone=\"right\" layout_last_edited=\"on|tablet\" disabled_on=\"off|off|off\" _builder_version=\"4.27.0\" _module_preset=\"default\" text_orientation=\"center\" module_alignment=\"center\" locked=\"off\" global_colors_info=\"{}\"][dipi_timeline_item admin_label=\"Samedi 16 mars\" ribbon=\"Samedi 16 mars\" title=\"Atelier \u00e9criture %22Immersion po\u00e9tique%22\" timeline_icon=\"\uf111||fa||900\" timeline_icon_color=\"#f2f3f3\" image=\"https:\/\/www.peyrassol.com\/wp-content\/uploads\/Raphoz@Fillaudeau-scaled.jpg\" alt=\"Atelier \u00e9criture immersion po\u00e9tique\" image_max_width=\"50%\" card_padding=\"23px|30px|30px|30px|false|false\" ribbon_last_edited=\"off|desktop\" _builder_version=\"4.24.3\" _module_preset=\"default\" header_level=\"h3\" header_font=\"Baskervville|||on|||||\" header_text_align=\"left\" header_text_color=\"#CC1517\" body_font=\"Baskervville||||||||\" body_text_align=\"left\" body_font_size=\"13pt\" ribbon_text_font=\"Baskervville||||||||\" ribbon_text_text_color=\"#CC1517\" ribbon_text_font_size=\"25px\" ribbon_text_letter_spacing=\"0px\" ribbon_text_line_height=\"1.5em\" background_color=\"#f5f6f0\" background_enable_color=\"on\" body_font_size_tablet=\"11pt\" body_font_size_phone=\"11pt\" body_font_size_last_edited=\"on|tablet\" ribbon_text_font_size_tablet=\"20pt\" ribbon_text_font_size_phone=\"20pt\" ribbon_text_font_size_last_edited=\"on|phone\" border_color_all_ribbon_text=\"#CC1517\" global_colors_info=\"{}\"]<\/p><p>Laissez-vous inspirer par votre d\u00e9couverte des jardins remarquables et de la for\u00eat \u00e0 l\u2019occasion de ce rendez-vous litt\u00e9raire avec notre po\u00e8te invit\u00e9e, Fabienne Raphoz. Sa connaissance des oiseaux et des contes vous permettra de poser un regard nouveau sur les \u00e9cosyst\u00e8mes proven\u00e7aux qui vous entourent.<\/p><p><a href=\"https:\/\/www.peyrassol.com\/reservez-votre-visite\/?re-product-id=265601&rwstep=product\"><i><u>R\u00e9server<\/u><\/i><\/a><\/p><p>[\/dipi_timeline_item][dipi_timeline_item admin_label=\"Samedi 16 mars\" ribbon=\"Samedi 16 mars\" title=\"Conf\u00e9rence-Lecture %22Parce que le vivant, le po\u00e8me%22\" timeline_icon=\"\uf111||fa||900\" timeline_icon_color=\"#f2f3f3\" image_max_width=\"50%\" card_padding=\"23px|30px|30px|30px|false|false\" ribbon_last_edited=\"off|desktop\" _builder_version=\"4.22.1\" _module_preset=\"default\" header_level=\"h3\" header_font=\"Baskervville|||on|||||\" header_text_align=\"left\" header_text_color=\"#CC1517\" body_font=\"Baskervville||||||||\" body_text_align=\"left\" body_font_size=\"13pt\" ribbon_text_font=\"Baskervville||||||||\" ribbon_text_text_color=\"#CC1517\" ribbon_text_font_size=\"25px\" ribbon_text_letter_spacing=\"0px\" ribbon_text_line_height=\"1.5em\" background_color=\"#f5f6f0\" background_enable_color=\"on\" body_font_size_tablet=\"11pt\" body_font_size_phone=\"11pt\" body_font_size_last_edited=\"on|tablet\" ribbon_text_font_size_tablet=\"20pt\" ribbon_text_font_size_phone=\"20pt\" ribbon_text_font_size_last_edited=\"on|phone\" border_color_all_ribbon_text=\"#CC1517\" global_colors_info=\"{}\"]<\/p><p>Dans le c\u0153ur historique de la Commanderie de Peyrassol, au coin du feu, Fabienne Raphoz vous proposera une lecture intimiste de l\u2019un de ses ouvrages o\u00f9 se m\u00ealent justement nature et po\u00e9sie. Un moment de convivialit\u00e9 autour d\u2019un vin du vignoble Ch\u00e2teau Peyrassol sera l\u2019occasion de cl\u00f4turer cette journ\u00e9e par un temps d\u2019\u00e9change avec la po\u00e8te.<\/p><p><a href=\"https:\/\/www.peyrassol.com\/reservez-votre-visite\/?re-product-id=276416&rwstep=product\"><i><u>R\u00e9server<\/u><\/i><\/a><\/p><p>[\/dipi_timeline_item][dipi_timeline_item admin_label=\"Samedi 16 mars\" ribbon=\"Samedi 16 mars\" title=\"Atelier Vin \u00ab Le Gout des mots \u00bb\" timeline_icon=\"\uf111||fa||900\" timeline_icon_color=\"#f2f3f3\" image_max_width=\"50%\" card_padding=\"23px|30px|30px|30px|false|false\" ribbon_last_edited=\"off|desktop\" _builder_version=\"4.22.1\" _module_preset=\"default\" header_level=\"h3\" header_font=\"Baskervville|||on|||||\" header_text_align=\"left\" header_text_color=\"#CC1517\" body_font=\"Baskervville||||||||\" body_text_align=\"left\" body_font_size=\"13pt\" ribbon_text_font=\"Baskervville||||||||\" ribbon_text_text_color=\"#CC1517\" ribbon_text_font_size=\"25px\" ribbon_text_letter_spacing=\"0px\" ribbon_text_line_height=\"1.5em\" background_color=\"#f5f6f0\" background_enable_color=\"on\" body_font_size_tablet=\"11pt\" body_font_size_phone=\"11pt\" body_font_size_last_edited=\"on|tablet\" ribbon_text_font_size_tablet=\"20pt\" ribbon_text_font_size_phone=\"20pt\" ribbon_text_font_size_last_edited=\"on|phone\" border_color_all_ribbon_text=\"#CC1517\" global_colors_info=\"{}\"]<\/p><p>Vin \u00ab ample \u00bb, \u00ab fleuri \u00bb, \u00ab \u00e9quilibr\u00e9 \u00bb \u2026 Percez les myst\u00e8res du vocabulaire souvent tr\u00e8s imag\u00e9 utilis\u00e9 lors des d\u00e9gustations par les sp\u00e9cialistes et devenez un d\u00e9gustateur hors-pair ! Nous vous initierons \u00e0 l\u2019art de la d\u00e9gustation en vous apprenant \u00e0 go\u00fbter, mettre des mots sur les sensations que vous \u00e9prouverez et manier le vocabulaire des vignerons avec aisance.<\/p><p><a href=\"https:\/\/www.peyrassol.com\/reservez-votre-visite\/?re-product-id=242781&rwstep=product\"><i><u>R\u00e9server<\/u><\/i><\/a><\/p><p>[\/dipi_timeline_item][dipi_timeline_item admin_label=\"Dimanche 31 mars & lundi 1er avril\" ribbon=\"Dimanche 31 mars & lundi 1er avril\" title=\"LES RENDEZ-VOUS ART \u00ab P\u00c2QUES \u00bb\" timeline_icon=\"\uf111||fa||900\" timeline_icon_color=\"#f2f3f3\" image_max_width=\"50%\" card_padding=\"23px|30px|30px|30px|false|false\" ribbon_last_edited=\"off|desktop\" _builder_version=\"4.22.1\" _module_preset=\"default\" header_level=\"h3\" header_font=\"Baskervville|||on|||||\" header_text_align=\"left\" header_text_color=\"#CC1517\" body_font=\"Baskervville||||||||\" body_text_align=\"left\" body_font_size=\"13pt\" ribbon_text_font=\"Baskervville||||||||\" ribbon_text_text_color=\"#CC1517\" ribbon_text_font_size=\"25px\" ribbon_text_letter_spacing=\"0px\" ribbon_text_line_height=\"1.5em\" background_color=\"#f5f6f0\" background_enable_color=\"on\" body_font_size_tablet=\"11pt\" body_font_size_phone=\"11pt\" body_font_size_last_edited=\"on|tablet\" ribbon_text_font_size_tablet=\"20pt\" ribbon_text_font_size_phone=\"20pt\" ribbon_text_font_size_last_edited=\"on|phone\" border_color_all_ribbon_text=\"#CC1517\" global_colors_info=\"{}\"]<\/p><p>La traditionnelle chasse aux \u0153ufs se r\u00e9v\u00e8lera telle une chasse aux \u0153uvres d\u2019art dans les jardins remarquables de La Commanderie de Peyrassol. Au gr\u00e9 d\u2019une histoire rocambolesque et amusante, vos enfants seront invit\u00e9s \u00e0 retrouver le tr\u00e9sor (en chocolat) disparu d\u2019un personnage haut en couleur. En famille, plongez dans les myst\u00e8res du domaine dans cette chasse aux \u0153uvres. Une surprise en chocolat attendra les enfants \u00e0 la fin du parcours.<\/p><p><em>Les enfants doivent \u00eatre accompagn\u00e9s par un adulte.<\/em><\/p><p><a href=\"https:\/\/www.peyrassol.com\/reservez-votre-visite\/?re-product-id=248058&rwstep=product\"><i><u>R\u00e9server<\/u><\/i><\/a><\/p><p>[\/dipi_timeline_item][dipi_timeline_item admin_label=\"Dimanche 31 mars & lundi 1er avril\" ribbon=\"Dimanche 31 mars & lundi 1er avril\" title=\"LES RENDEZ-VOUS VIN \u00ab P\u00c2QUES \u00bb\" timeline_icon=\"\uf111||fa||900\" timeline_icon_color=\"#f2f3f3\" image_max_width=\"50%\" card_padding=\"23px|30px|30px|30px|false|false\" ribbon_last_edited=\"off|desktop\" _builder_version=\"4.22.1\" _module_preset=\"default\" header_level=\"h3\" header_font=\"Baskervville|||on|||||\" header_text_align=\"left\" header_text_color=\"#CC1517\" body_font=\"Baskervville||||||||\" body_text_align=\"left\" body_font_size=\"13pt\" ribbon_text_font=\"Baskervville||||||||\" ribbon_text_text_color=\"#CC1517\" ribbon_text_font_size=\"25px\" ribbon_text_letter_spacing=\"0px\" ribbon_text_line_height=\"1.5em\" background_color=\"#f5f6f0\" background_enable_color=\"on\" body_font_size_tablet=\"11pt\" body_font_size_phone=\"11pt\" body_font_size_last_edited=\"on|tablet\" ribbon_text_font_size_tablet=\"20pt\" ribbon_text_font_size_phone=\"20pt\" ribbon_text_font_size_last_edited=\"on|phone\" border_color_all_ribbon_text=\"#CC1517\" global_colors_info=\"{}\"]<\/p><p>Notre traditionnelle visite de chais se pare de cacao pour r\u00e9veiller vos papilles avec une d\u00e9gustation vins et chocolats mettant en avant la richesse des cuv\u00e9es du vignoble Ch\u00e2teau Peyrassol !<\/p><p><a href=\"https:\/\/www.peyrassol.com\/reservez-votre-visite\/?re-product-id=248069&rwstep=product\"><i><u>R\u00e9server<\/u><\/i><\/a><\/p><p>[\/dipi_timeline_item][dipi_timeline_item admin_label=\"Samedi 13 avril\" ribbon=\"Samedi 13 avril\" title=\"SEJOUR OENOTOURISME V\u00c9LO & BIODIVERSITE\" timeline_icon=\"\uf111||fa||900\" timeline_icon_color=\"#f2f3f3\" image_max_width=\"50%\" card_padding=\"23px|30px|30px|30px|false|false\" ribbon_last_edited=\"off|desktop\" _builder_version=\"4.22.1\" _module_preset=\"default\" header_level=\"h3\" header_font=\"Baskervville|||on|||||\" header_text_align=\"left\" header_text_color=\"#CC1517\" body_font=\"Baskervville||||||||\" body_text_align=\"left\" body_font_size=\"13pt\" ribbon_text_font=\"Baskervville||||||||\" ribbon_text_text_color=\"#CC1517\" ribbon_text_font_size=\"25px\" ribbon_text_letter_spacing=\"0px\" ribbon_text_line_height=\"1.5em\" background_color=\"#f5f6f0\" background_enable_color=\"on\" body_font_size_tablet=\"11pt\" body_font_size_phone=\"11pt\" body_font_size_last_edited=\"on|tablet\" ribbon_text_font_size_tablet=\"20pt\" ribbon_text_font_size_phone=\"20pt\" ribbon_text_font_size_last_edited=\"on|phone\" border_color_all_ribbon_text=\"#CC1517\" global_colors_info=\"{}\"]<\/p><p>Le week-end du 13 avril, p\u00e9dalez vers l'aventure ! Rejoignez-nous pour un week-end sp\u00e9cial v\u00e9lo et biodiversit\u00e9. D\u00e9couvrir la richesse de la nature et vivre une escapade sportive et revigorante au c\u0153ur de la nature pr\u00e9serv\u00e9e au cours d\u2019un s\u00e9jour 1 nuit en chambre d\u2019h\u00f4tes avec d\u00eener gastronomique dans notre restaurant Chez Jeannette.<\/p><p><a href=\"https:\/\/peyrassol-83340-booking.myasterio.com\/betemplate\/HOTELMONO\/booking?kml_code=PEYRASSOL-83340\"><i><u>R\u00e9server<\/u><\/i><\/a><\/p><p>[\/dipi_timeline_item][dipi_timeline_item admin_label=\"Samedi 11 mai\" ribbon=\"Samedi 11 mai\" title=\"SEJOUR ANIMAUX & FORET\" timeline_icon=\"\uf111||fa||900\" timeline_icon_color=\"#f2f3f3\" image_max_width=\"50%\" card_padding=\"23px|30px|30px|30px|false|false\" ribbon_last_edited=\"off|desktop\" _builder_version=\"4.22.1\" _module_preset=\"default\" header_level=\"h3\" header_font=\"Baskervville|||on|||||\" header_text_align=\"left\" header_text_color=\"#CC1517\" body_font=\"Baskervville||||||||\" body_text_align=\"left\" body_font_size=\"13pt\" ribbon_text_font=\"Baskervville||||||||\" ribbon_text_text_color=\"#CC1517\" ribbon_text_font_size=\"25px\" ribbon_text_letter_spacing=\"0px\" ribbon_text_line_height=\"1.5em\" background_color=\"#f5f6f0\" background_enable_color=\"on\" body_font_size_tablet=\"11pt\" body_font_size_phone=\"11pt\" body_font_size_last_edited=\"on|tablet\" ribbon_text_font_size_tablet=\"20pt\" ribbon_text_font_size_phone=\"20pt\" ribbon_text_font_size_last_edited=\"on|phone\" border_color_all_ribbon_text=\"#CC1517\" global_colors_info=\"{}\"]<\/p><p>Le week-end du 11 mai, partez \u00e0 la d\u00e9couverte des grands espaces de la Commanderie de Peyrassol, un week-end pour se ressourcer au coeur de notre for\u00eat pr\u00e9serv\u00e9e et au contact de nos animaux. Profiter des bienfaits du contact de la nature et d\u00e9couvrir le contact de nos ch\u00e8vres si attachantes au cours d\u2019un s\u00e9jour 1 nuit en chambre d\u2019h\u00f4tes avec d\u00eener gastronomique dans notre restaurant Chez Jeannette.<\/p><p><a href=\"https:\/\/peyrassol-83340-booking.myasterio.com\/betemplate\/HOTELMONO\/booking?kml_code=PEYRASSOL-83340\"><i><u>R\u00e9server<\/u><\/i><\/a><\/p><p>[\/dipi_timeline_item][dipi_timeline_item admin_label=\"Samedi 25 mai\" ribbon=\"Samedi 25 mai\" title=\"CHEZ JEANNETTE EN ACCORD METS ET VINS ROS\u00c9S\" timeline_icon=\"\uf111||fa||900\" timeline_icon_color=\"#f2f3f3\" image_max_width=\"50%\" card_padding=\"23px|30px|30px|30px|false|false\" ribbon_last_edited=\"off|desktop\" _builder_version=\"4.22.1\" _module_preset=\"default\" header_level=\"h3\" header_font=\"Baskervville|||on|||||\" header_text_align=\"left\" header_text_color=\"#CC1517\" body_font=\"Baskervville||||||||\" body_text_align=\"left\" body_font_size=\"13pt\" ribbon_text_font=\"Baskervville||||||||\" ribbon_text_text_color=\"#CC1517\" ribbon_text_font_size=\"25px\" ribbon_text_letter_spacing=\"0px\" ribbon_text_line_height=\"1.5em\" background_color=\"#f5f6f0\" background_enable_color=\"on\" body_font_size_tablet=\"11pt\" body_font_size_phone=\"11pt\" body_font_size_last_edited=\"on|tablet\" ribbon_text_font_size_tablet=\"20pt\" ribbon_text_font_size_phone=\"20pt\" ribbon_text_font_size_last_edited=\"on|phone\" border_color_all_ribbon_text=\"#CC1517\" global_colors_info=\"{}\"]<\/p><p>A l\u2019occasion de la sortie de nos ros\u00e9s biologiques, nous vous proposons une d\u00e9couverte de nos cuv\u00e9es 2023, des chais jusqu\u2019\u00e0 la d\u00e9gustation en accord mets et vins. Vous visiterez nos chais, aurez acc\u00e8s aux secrets de la vinification des ros\u00e9s et d\u00e9gusterez le nouveau mill\u00e9sime. Cette visite sera suivie d\u2019un d\u00e9jeuner Chez Jeannette, en accords mets et vins, r\u00e9alis\u00e9 par le chef doublement \u00e9toil\u00e9 Michel Portos.<\/p><p><a href=\"https:\/\/www.peyrassol.com\/reservez-votre-visite\/?re-product-id=242766&rwstep=product\"><i><u>R\u00e9server<\/u><\/i><\/a><\/p><p>[\/dipi_timeline_item][dipi_timeline_item admin_label=\"Vendredi 31 mai & Samedi 1er juin\" ribbon=\"Vendredi 31 mai & Samedi 1er juin\" title=\"RENDEZ-VOUS AUX JARDINS\" timeline_icon=\"\uf111||fa||900\" timeline_icon_color=\"#f2f3f3\" image_max_width=\"50%\" card_padding=\"23px|30px|30px|30px|false|false\" ribbon_last_edited=\"off|desktop\" _builder_version=\"4.22.1\" _module_preset=\"default\" header_level=\"h3\" header_font=\"Baskervville|||on|||||\" header_text_align=\"left\" header_text_color=\"#CC1517\" body_font=\"Baskervville||||||||\" body_text_align=\"left\" body_font_size=\"13pt\" ribbon_text_font=\"Baskervville||||||||\" ribbon_text_text_color=\"#CC1517\" ribbon_text_font_size=\"25px\" ribbon_text_letter_spacing=\"0px\" ribbon_text_line_height=\"1.5em\" background_color=\"#f5f6f0\" background_enable_color=\"on\" body_font_size_tablet=\"11pt\" body_font_size_phone=\"11pt\" body_font_size_last_edited=\"on|tablet\" ribbon_text_font_size_tablet=\"20pt\" ribbon_text_font_size_phone=\"20pt\" ribbon_text_font_size_last_edited=\"on|phone\" border_color_all_ribbon_text=\"#CC1517\" global_colors_info=\"{}\"]<\/p><p>Dans le cadre de la 21\u00e8me \u00e9dition des Rendez-vous aux jardins sur le th\u00e8me \u00ab Les cinq sens au jardin \u00bb, orchestr\u00e9s par le Minist\u00e8re de la Culture, la Commanderie de Peyrassol ouvre les portes de ses magnifiques jardins labellis\u00e9s \u00ab Jardin remarquable \u00bb.<\/p><p><em>Visite guid\u00e9e avec Ga\u00eble Bazennerye, architecte paysagiste de nos jardins<\/em><\/p><p><span style=\"text-decoration: underline;\"><a href=\"https:\/\/www.peyrassol.com\/reservez-votre-visite\/?re-product-id=252483&rwstep=product\"><em>R\u00e9servez<\/em><\/a><\/span><\/p><p>[\/dipi_timeline_item][dipi_timeline_item admin_label=\"Samedi 1er juin\" ribbon=\"Samedi 1er juin\" title=\"SEJOUR BIEN ETRE\" timeline_icon=\"\uf111||fa||900\" timeline_icon_color=\"#f2f3f3\" image_max_width=\"50%\" card_padding=\"23px|30px|30px|30px|false|false\" ribbon_last_edited=\"off|desktop\" _builder_version=\"4.22.1\" _module_preset=\"default\" header_level=\"h3\" header_font=\"Baskervville|||on|||||\" header_text_align=\"left\" header_text_color=\"#CC1517\" body_font=\"Baskervville||||||||\" body_text_align=\"left\" body_font_size=\"13pt\" ribbon_text_font=\"Baskervville||||||||\" ribbon_text_text_color=\"#CC1517\" ribbon_text_font_size=\"25px\" ribbon_text_letter_spacing=\"0px\" ribbon_text_line_height=\"1.5em\" background_color=\"#f5f6f0\" background_enable_color=\"on\" body_font_size_tablet=\"11pt\" body_font_size_phone=\"11pt\" body_font_size_last_edited=\"on|tablet\" ribbon_text_font_size_tablet=\"20pt\" ribbon_text_font_size_phone=\"20pt\" ribbon_text_font_size_last_edited=\"on|phone\" border_color_all_ribbon_text=\"#CC1517\" global_colors_info=\"{}\"]<\/p><p>Le week-end du 1er Juin, ressourcez-vous \u00e0 la Commanderie de Peyrassol lors d\u2019un week-end massage & yoga au c\u0153ur d'une nature pr\u00e9serv\u00e9e. Profiter des bienfaits d\u2019un s\u00e9jour bien \u00eatre au cours d\u2019un s\u00e9jour 1 nuit en chambre d\u2019h\u00f4tes avec d\u00eener gastronomique dans notre restaurant Chez Jeannette.<\/p><p><span style=\"text-decoration: underline;\"><a href=\"https:\/\/peyrassol-83340-booking.myasterio.com\/betemplate\/HOTELMONO\/booking?kml_code=PEYRASSOL-83340\"><em>R\u00e9servez<\/em><\/a><\/span><\/p><p>[\/dipi_timeline_item][dipi_timeline_item admin_label=\"Samedi 8 juin\" ribbon=\"Samedi 8 juin\" title=\"R\u00e9cital de Piano-Sacha MORIN\" timeline_icon=\"\uf111||fa||900\" timeline_icon_color=\"#f2f3f3\" image_max_width=\"50%\" card_padding=\"23px|30px|30px|30px|false|false\" ribbon_last_edited=\"off|desktop\" _builder_version=\"4.22.1\" _module_preset=\"default\" header_level=\"h3\" header_font=\"Baskervville|||on|||||\" header_text_align=\"left\" header_text_color=\"#CC1517\" body_font=\"Baskervville||||||||\" body_text_align=\"left\" body_font_size=\"13pt\" ribbon_text_font=\"Baskervville||||||||\" ribbon_text_text_color=\"#CC1517\" ribbon_text_font_size=\"25px\" ribbon_text_letter_spacing=\"0px\" ribbon_text_line_height=\"1.5em\" background_color=\"#f5f6f0\" background_enable_color=\"on\" body_font_size_tablet=\"11pt\" body_font_size_phone=\"11pt\" body_font_size_last_edited=\"on|tablet\" ribbon_text_font_size_tablet=\"20pt\" ribbon_text_font_size_phone=\"20pt\" ribbon_text_font_size_last_edited=\"on|phone\" border_color_all_ribbon_text=\"#CC1517\" global_colors_info=\"{}\"]<\/p><p>La Commanderie de Peyrassol, sur les conseils artistiques des Musicales de l\u2019abbaye du Thoronet pr\u00e9sente Sacha Morin, que Le Monde qualifiait l\u2019ann\u00e9e derni\u00e8re de \u00ab pianiste prodige de 19 ans \u00bb pour illuminer cette soir\u00e9e.<br \/>Un r\u00e9pertoire parcourant aussi bien des chefs d\u2019oeuvre baroques, romantiques que post-romantiques permettra d\u2019introduire pour la premi\u00e8re fois la musique classique dans ces murs charg\u00e9s d'histoire.<\/p><p><span style=\"text-decoration: underline;\"><em><a href=\"https:\/\/www.peyrassol.com\/reservez-votre-visite\/?re-product-id=252291&rwstep=product\">R\u00e9servez<\/a><\/em><\/span><\/p><p>[\/dipi_timeline_item][dipi_timeline_item admin_label=\"SUNSET - Jeudi 4 juillet\" ribbon=\"SUNSET - Jeudi 4 juillet\" title=\"MeG & Breakfast (Pop-folk-rock international)\" timeline_icon=\"\uf111||fa||900\" timeline_icon_color=\"#f2f3f3\" image_max_width=\"50%\" card_padding=\"23px|30px|30px|30px|false|false\" ribbon_last_edited=\"off|desktop\" _builder_version=\"4.22.1\" _module_preset=\"default\" header_level=\"h3\" header_font=\"Baskervville|||on|||||\" header_text_align=\"left\" header_text_color=\"#CC1517\" body_font=\"Baskervville||||||||\" body_text_align=\"left\" body_font_size=\"13pt\" ribbon_text_font=\"Baskervville||||||||\" ribbon_text_text_color=\"#CC1517\" ribbon_text_font_size=\"25px\" ribbon_text_letter_spacing=\"0px\" ribbon_text_line_height=\"1.5em\" background_color=\"#f5f6f0\" background_enable_color=\"on\" body_font_size_tablet=\"11pt\" body_font_size_phone=\"11pt\" body_font_size_last_edited=\"on|tablet\" ribbon_text_font_size_tablet=\"20pt\" ribbon_text_font_size_phone=\"20pt\" ribbon_text_font_size_last_edited=\"on|phone\" border_color_all_ribbon_text=\"#CC1517\" global_colors_info=\"{}\"]<\/p><p>Duo de choc et de charme, Meg & Breakfast revisite les standards internationaux tout en vous r\u00e9servant quelques surprises. En sortant des sentier battus. Une vraie pr\u00e9sence sc\u00e9nique toute en nuances, id\u00e9ale pour cette 1\u00e8re soir\u00e9e sunset 2024.<\/p><p><span style=\"text-decoration: underline;\"><em><a href=\"https:\/\/www.peyrassol.com\/reservez-votre-visite\/?re-product-id=240457&rwstep=product\">R\u00e9servez<\/a><\/em><\/span><\/p><p>[\/dipi_timeline_item][dipi_timeline_item admin_label=\"SUNSET - Jeudi 11 juillet\" ribbon=\"SUNSET - Jeudi 11 juillet\" title=\"Julie Meola Latin Quartet\" timeline_icon=\"\uf111||fa||900\" timeline_icon_color=\"#f2f3f3\" image_max_width=\"50%\" card_padding=\"23px|30px|30px|30px|false|false\" ribbon_last_edited=\"off|desktop\" _builder_version=\"4.27.0\" _module_preset=\"default\" header_level=\"h3\" header_font=\"Baskervville|||on|||||\" header_text_align=\"left\" header_text_color=\"#CC1517\" body_font=\"Baskervville||||||||\" body_text_align=\"left\" body_font_size=\"13pt\" ribbon_text_font=\"Baskervville||||||||\" ribbon_text_text_color=\"#CC1517\" ribbon_text_font_size=\"25px\" ribbon_text_letter_spacing=\"0px\" ribbon_text_line_height=\"1.5em\" background_color=\"#f5f6f0\" background_enable_color=\"on\" body_font_size_tablet=\"11pt\" body_font_size_phone=\"11pt\" body_font_size_last_edited=\"on|tablet\" ribbon_text_font_size_tablet=\"20pt\" ribbon_text_font_size_phone=\"20pt\" ribbon_text_font_size_last_edited=\"on|phone\" border_color_all_ribbon_text=\"#CC1517\" global_colors_info=\"{}\"]<\/p><p>Quand une voix faite pour le jazz s'aventure du c\u00f4t\u00e9 des sonorit\u00e9s latines et br\u00e9siliennes, la Commanderie de Peyrassol r\u00eave \u00e0 des envies d'ailleurs.<\/p><p>\u00a0<\/p><p>[\/dipi_timeline_item][dipi_timeline_item admin_label=\"SUNSET - Jeudi 18 juillet\" ribbon=\"SUNSET - Jeudi 18 juillet\" title=\"HOT WAX (Pop, Soul, funk)\" timeline_icon=\"\uf111||fa||900\" timeline_icon_color=\"#f2f3f3\" image_max_width=\"50%\" card_padding=\"23px|30px|30px|30px|false|false\" ribbon_last_edited=\"off|desktop\" _builder_version=\"4.27.0\" _module_preset=\"default\" header_level=\"h3\" header_font=\"Baskervville|||on|||||\" header_text_align=\"left\" header_text_color=\"#CC1517\" body_font=\"Baskervville||||||||\" body_text_align=\"left\" body_font_size=\"13pt\" ribbon_text_font=\"Baskervville||||||||\" ribbon_text_text_color=\"#CC1517\" ribbon_text_font_size=\"25px\" ribbon_text_letter_spacing=\"0px\" ribbon_text_line_height=\"1.5em\" background_color=\"#f5f6f0\" background_enable_color=\"on\" body_font_size_tablet=\"11pt\" body_font_size_phone=\"11pt\" body_font_size_last_edited=\"on|tablet\" ribbon_text_font_size_tablet=\"20pt\" ribbon_text_font_size_phone=\"20pt\" ribbon_text_font_size_last_edited=\"on|phone\" border_color_all_ribbon_text=\"#CC1517\" global_colors_info=\"{}\"]<\/p><p>4 prodiges de la pop internationale vous embarquent dans leur r\u00e9pertoire riche et vari\u00e9, dans la joie de vivre et le partage ! Funk, Soul, pop internationale vous donneront envie de danser jusqu\u2019au bout de la nuit.<\/p><p>\u00a0<\/p><p>[\/dipi_timeline_item][dipi_timeline_item admin_label=\"SUNSET - Jeudi 25 juillet\" ribbon=\"SUNSET - Jeudi 25 juillet\" title=\"Myriam Abel & Roland Baron (Pop-rock)\" timeline_icon=\"\uf111||fa||900\" timeline_icon_color=\"#f2f3f3\" image_max_width=\"50%\" card_padding=\"23px|30px|30px|30px|false|false\" ribbon_last_edited=\"off|desktop\" _builder_version=\"4.27.0\" _module_preset=\"default\" header_level=\"h3\" header_font=\"Baskervville|||on|||||\" header_text_align=\"left\" header_text_color=\"#CC1517\" body_font=\"Baskervville||||||||\" body_text_align=\"left\" body_font_size=\"13pt\" ribbon_text_font=\"Baskervville||||||||\" ribbon_text_text_color=\"#CC1517\" ribbon_text_font_size=\"25px\" ribbon_text_letter_spacing=\"0px\" ribbon_text_line_height=\"1.5em\" background_color=\"#f5f6f0\" background_enable_color=\"on\" body_font_size_tablet=\"11pt\" body_font_size_phone=\"11pt\" body_font_size_last_edited=\"on|tablet\" ribbon_text_font_size_tablet=\"20pt\" ribbon_text_font_size_phone=\"20pt\" ribbon_text_font_size_last_edited=\"on|phone\" border_color_all_ribbon_text=\"#CC1517\" global_colors_info=\"{}\"]<\/p><p>Myriam Abel a une voix et une pr\u00e9sence qui lui ont valu de remporter la Nouvelle Star en 2005. Elle est accompagn\u00e9e par Roland Baron, qui fut guitariste notamment de Jacques Higelin, Teri Mo\u00efse et du monument national Johnny Hallyday.<\/p><p>\u00a0<\/p><p>[\/dipi_timeline_item][dipi_timeline_item admin_label=\"SUNSET - Jeudi 1 ao\u00fbt\" ribbon=\"SUNSET - Jeudi 1 ao\u00fbt\" title=\"MeG & Breakfast (Pop-folk-rock international)\" timeline_icon=\"\uf111||fa||900\" timeline_icon_color=\"#f2f3f3\" image_max_width=\"50%\" card_padding=\"23px|30px|30px|30px|false|false\" ribbon_last_edited=\"off|desktop\" _builder_version=\"4.27.0\" _module_preset=\"default\" header_level=\"h3\" header_font=\"Baskervville|||on|||||\" header_text_align=\"left\" header_text_color=\"#CC1517\" body_font=\"Baskervville||||||||\" body_text_align=\"left\" body_font_size=\"13pt\" ribbon_text_font=\"Baskervville||||||||\" ribbon_text_text_color=\"#CC1517\" ribbon_text_font_size=\"25px\" ribbon_text_letter_spacing=\"0px\" ribbon_text_line_height=\"1.5em\" background_color=\"#f5f6f0\" background_enable_color=\"on\" body_font_size_tablet=\"11pt\" body_font_size_phone=\"11pt\" body_font_size_last_edited=\"on|tablet\" ribbon_text_font_size_tablet=\"20pt\" ribbon_text_font_size_phone=\"20pt\" ribbon_text_font_size_last_edited=\"on|phone\" border_color_all_ribbon_text=\"#CC1517\" global_colors_info=\"{}\"]<\/p><p>Duo de choc et de charme, Meg & Breakfast revisite les standards internationaux tout en vous r\u00e9servant quelques surprises. En sortant des sentier battus. Une vraie pr\u00e9sence sc\u00e9nique toute en nuances, id\u00e9ale pour cette 1\u00e8re soir\u00e9e sunset 2024.<\/p><p>[\/dipi_timeline_item][dipi_timeline_item admin_label=\"SUNSET - Jeudi 8 aout\" ribbon=\"SUNSET - Jeudi 8 ao\u00fbt\" title=\"Julie Meola Latin Quartet\" timeline_icon=\"\uf111||fa||900\" timeline_icon_color=\"#f2f3f3\" image_max_width=\"50%\" card_padding=\"23px|30px|30px|30px|false|false\" ribbon_last_edited=\"off|desktop\" _builder_version=\"4.27.0\" _module_preset=\"default\" header_level=\"h3\" header_font=\"Baskervville|||on|||||\" header_text_align=\"left\" header_text_color=\"#CC1517\" body_font=\"Baskervville||||||||\" body_text_align=\"left\" body_font_size=\"13pt\" ribbon_text_font=\"Baskervville||||||||\" ribbon_text_text_color=\"#CC1517\" ribbon_text_font_size=\"25px\" ribbon_text_letter_spacing=\"0px\" ribbon_text_line_height=\"1.5em\" background_color=\"#f5f6f0\" background_enable_color=\"on\" body_font_size_tablet=\"11pt\" body_font_size_phone=\"11pt\" body_font_size_last_edited=\"on|tablet\" ribbon_text_font_size_tablet=\"20pt\" ribbon_text_font_size_phone=\"20pt\" ribbon_text_font_size_last_edited=\"on|phone\" border_color_all_ribbon_text=\"#CC1517\" global_colors_info=\"{}\"]<\/p><p>Quand une voix faite pour le jazz s'aventure du c\u00f4t\u00e9 des sonorit\u00e9s latines et br\u00e9siliennes, la Commanderie de Peyrassol r\u00eave \u00e0 des envies d'ailleurs.<\/p><p>\u00a0<\/p><p>[\/dipi_timeline_item][dipi_timeline_item admin_label=\"SUNSET - Jeudi 15 ao\u00fbt\" ribbon=\"SUNSET - Jeudi 15 aout\" title=\"BAGASSO (Latin Fusion)\" timeline_icon=\"\uf111||fa||900\" timeline_icon_color=\"#f2f3f3\" image_max_width=\"50%\" card_padding=\"23px|30px|30px|30px|false|false\" ribbon_last_edited=\"off|desktop\" _builder_version=\"4.27.0\" _module_preset=\"default\" header_level=\"h3\" header_font=\"Baskervville|||on|||||\" header_text_align=\"left\" header_text_color=\"#CC1517\" body_font=\"Baskervville||||||||\" body_text_align=\"left\" body_font_size=\"13pt\" ribbon_text_font=\"Baskervville||||||||\" ribbon_text_text_color=\"#CC1517\" ribbon_text_font_size=\"25px\" ribbon_text_letter_spacing=\"0px\" ribbon_text_line_height=\"1.5em\" background_color=\"#f5f6f0\" background_enable_color=\"on\" body_font_size_tablet=\"11pt\" body_font_size_phone=\"11pt\" body_font_size_last_edited=\"on|tablet\" ribbon_text_font_size_tablet=\"20pt\" ribbon_text_font_size_phone=\"20pt\" ribbon_text_font_size_last_edited=\"on|phone\" border_color_all_ribbon_text=\"#CC1517\" global_colors_info=\"{}\"]<\/p><p>Un p\u00e9riple musical, entre le Br\u00e9sil, Cuba, le Cap Vert et la C\u00f4te d\u2019 Azur . Un voyage autour des th\u00e8mes de la vie, une escale imaginaire, une belle occasion de partage et de convivialit\u00e9 \u00e0 ne pas manquer.<\/p><p>\u00a0<\/p><p>[\/dipi_timeline_item][dipi_timeline_item admin_label=\"SUNSET - Jeudi 22 aout\" ribbon=\"SUNSET - Jeudi 22 aout\" title=\"HOT WAX (Pop, Soul, funk)\" timeline_icon=\"\uf111||fa||900\" timeline_icon_color=\"#f2f3f3\" image_max_width=\"50%\" card_padding=\"23px|30px|30px|30px|false|false\" ribbon_last_edited=\"off|desktop\" _builder_version=\"4.27.0\" _module_preset=\"default\" header_level=\"h3\" header_font=\"Baskervville|||on|||||\" header_text_align=\"left\" header_text_color=\"#CC1517\" body_font=\"Baskervville||||||||\" body_text_align=\"left\" body_font_size=\"13pt\" ribbon_text_font=\"Baskervville||||||||\" ribbon_text_text_color=\"#CC1517\" ribbon_text_font_size=\"25px\" ribbon_text_letter_spacing=\"0px\" ribbon_text_line_height=\"1.5em\" background_color=\"#f5f6f0\" background_enable_color=\"on\" body_font_size_tablet=\"11pt\" body_font_size_phone=\"11pt\" body_font_size_last_edited=\"on|tablet\" ribbon_text_font_size_tablet=\"20pt\" ribbon_text_font_size_phone=\"20pt\" ribbon_text_font_size_last_edited=\"on|phone\" border_color_all_ribbon_text=\"#CC1517\" global_colors_info=\"{}\"]<\/p><p>4 prodiges de la pop internationale vous embarquent dans leur r\u00e9pertoire riche et vari\u00e9, dans la joie de vivre et le partage ! Funk, Soul, pop internationale vous donneront envie de danser jusqu\u2019au bout de la nuit.<\/p><p>\u00a0<\/p><p>[\/dipi_timeline_item][dipi_timeline_item admin_label=\"SUNSET - Jeudi 29 aout\" ribbon=\"SUNSET - Jeudi 29 aout\" title=\"The SHOESHINERS BAND Swing Jazz\" timeline_icon=\"\uf111||fa||900\" timeline_icon_color=\"#f2f3f3\" image_max_width=\"50%\" card_padding=\"23px|30px|30px|30px|false|false\" ribbon_last_edited=\"off|desktop\" _builder_version=\"4.27.0\" _module_preset=\"default\" header_level=\"h3\" header_font=\"Baskervville|||on|||||\" header_text_align=\"left\" header_text_color=\"#CC1517\" body_font=\"Baskervville||||||||\" body_text_align=\"left\" body_font_size=\"13pt\" ribbon_text_font=\"Baskervville||||||||\" ribbon_text_text_color=\"#CC1517\" ribbon_text_font_size=\"25px\" ribbon_text_letter_spacing=\"0px\" ribbon_text_line_height=\"1.5em\" background_color=\"#f5f6f0\" background_enable_color=\"on\" body_font_size_tablet=\"11pt\" body_font_size_phone=\"11pt\" body_font_size_last_edited=\"on|tablet\" ribbon_text_font_size_tablet=\"20pt\" ribbon_text_font_size_phone=\"20pt\" ribbon_text_font_size_last_edited=\"on|phone\" border_color_all_ribbon_text=\"#CC1517\" global_colors_info=\"{}\"]<\/p><p>Des sonorit\u00e9s de la New Orleans, aux ballades en passant par des pi\u00e8ces explosives du r\u00e9pertoire Big Band, les dynamiques et enjou\u00e9s The Shoeshiners Band d\u00e9veloppe un swing hors du temps...ne laissant comme rep\u00e8re qu'une irr\u00e9sistible envie de danser.<\/p><p>\u00a0<\/p><p>[\/dipi_timeline_item][\/dipi_timeline][\/et_pb_column][\/et_pb_row][\/et_pb_section]<\/p>","_et_gb_content_width":"","footnotes":""},"dipi_cpt_category":[],"class_list":["post-254119","page","type-page","status-publish","hentry"],"acf":[],"yoast_head":"<!-- This site is optimized with the Yoast SEO plugin v25.6 - https:\/\/yoast.com\/wordpress\/plugins\/seo\/ -->\n<title>Agenda | Peyrassol<\/title>\n<meta name=\"robots\" content=\"noindex, nofollow\" \/>\n<meta property=\"og:locale\" content=\"en_US\" \/>\n<meta property=\"og:type\" content=\"article\" \/>\n<meta property=\"og:title\" content=\"Agenda | Peyrassol\" \/>\n<meta property=\"og:description\" content=\"Agenda Throughout the year, we offer events centered around wine, art, culture, and nature, inviting you to experience the Commanderie de Peyrassol in a different way and to once again take the time to enjoy a special moment [&hellip;]\" \/>\n<meta property=\"og:url\" content=\"https:\/\/www.peyrassol.com\/en\/agenda\/\" \/>\n<meta property=\"og:site_name\" content=\"Peyrassol\" \/>\n<meta property=\"article:modified_time\" content=\"2025-07-31T14:13:17+00:00\" \/>\n<meta property=\"og:image\" content=\"https:\/\/www.peyrassol.com\/wp-content\/uploads\/video_peyrassol_homepage.jpg\" \/>\n\t<meta property=\"og:image:width\" content=\"1920\" \/>\n\t<meta property=\"og:image:height\" content=\"1280\" \/>\n\t<meta property=\"og:image:type\" content=\"image\/jpeg\" \/>\n<meta name=\"twitter:card\" content=\"summary_large_image\" \/>\n<meta name=\"twitter:label1\" content=\"Est. reading time\" \/>\n\t<meta name=\"twitter:data1\" content=\"2 minutes\" \/>\n<script type=\"application\/ld+json\" class=\"yoast-schema-graph\">{\"@context\":\"https:\/\/schema.org\",\"@graph\":[{\"@type\":\"WebPage\",\"@id\":\"https:\/\/www.peyrassol.com\/en\/agenda\/\",\"url\":\"https:\/\/www.peyrassol.com\/en\/agenda\/\",\"name\":\"Agenda | Peyrassol\",\"isPartOf\":{\"@id\":\"https:\/\/www.peyrassol.com\/en\/#website\"},\"datePublished\":\"2025-07-17T08:36:31+00:00\",\"dateModified\":\"2025-07-31T14:13:17+00:00\",\"breadcrumb\":{\"@id\":\"https:\/\/www.peyrassol.com\/en\/agenda\/#breadcrumb\"},\"inLanguage\":\"en-US\",\"potentialAction\":[{\"@type\":\"ReadAction\",\"target\":[\"https:\/\/www.peyrassol.com\/en\/agenda\/\"]}]},{\"@type\":\"BreadcrumbList\",\"@id\":\"https:\/\/www.peyrassol.com\/en\/agenda\/#breadcrumb\",\"itemListElement\":[{\"@type\":\"ListItem\",\"position\":1,\"name\":\"Accueil\",\"item\":\"https:\/\/www.peyrassol.com\/en\/\"},{\"@type\":\"ListItem\",\"position\":2,\"name\":\"Agenda\"}]},{\"@type\":\"WebSite\",\"@id\":\"https:\/\/www.peyrassol.com\/en\/#website\",\"url\":\"https:\/\/www.peyrassol.com\/en\/\",\"name\":\"Peyrassol\",\"description\":\"Domaine de Peyrassol\",\"publisher\":{\"@id\":\"https:\/\/www.peyrassol.com\/en\/#organization\"},\"potentialAction\":[{\"@type\":\"SearchAction\",\"target\":{\"@type\":\"EntryPoint\",\"urlTemplate\":\"https:\/\/www.peyrassol.com\/en\/?s={search_term_string}\"},\"query-input\":{\"@type\":\"PropertyValueSpecification\",\"valueRequired\":true,\"valueName\":\"search_term_string\"}}],\"inLanguage\":\"en-US\"},{\"@type\":\"Organization\",\"@id\":\"https:\/\/www.peyrassol.com\/en\/#organization\",\"name\":\"Peyrassol\",\"url\":\"https:\/\/www.peyrassol.com\/en\/\",\"logo\":{\"@type\":\"ImageObject\",\"inLanguage\":\"en-US\",\"@id\":\"https:\/\/www.peyrassol.com\/en\/#\/schema\/logo\/image\/\",\"url\":\"https:\/\/www.peyrassol.com\/wp-content\/uploads\/logo-peyrassol-du.png\",\"contentUrl\":\"https:\/\/www.peyrassol.com\/wp-content\/uploads\/logo-peyrassol-du.png\",\"width\":320,\"height\":62,\"caption\":\"Peyrassol\"},\"image\":{\"@id\":\"https:\/\/www.peyrassol.com\/en\/#\/schema\/logo\/image\/\"}}]}<\/script>\n<!-- \/ Yoast SEO plugin. -->","yoast_head_json":{"title":"Agenda | Peyrassol","robots":{"index":"noindex","follow":"nofollow"},"og_locale":"en_US","og_type":"article","og_title":"Agenda | Peyrassol","og_description":"Agenda Throughout the year, we offer events centered around wine, art, culture, and nature, inviting you to experience the Commanderie de Peyrassol in a different way and to once again take the time to enjoy a special moment [&hellip;]","og_url":"https:\/\/www.peyrassol.com\/en\/agenda\/","og_site_name":"Peyrassol","article_modified_time":"2025-07-31T14:13:17+00:00","og_image":[{"width":1920,"height":1280,"url":"https:\/\/www.peyrassol.com\/wp-content\/uploads\/video_peyrassol_homepage.jpg","type":"image\/jpeg"}],"twitter_card":"summary_large_image","twitter_misc":{"Est. reading time":"2 minutes"},"schema":{"@context":"https:\/\/schema.org","@graph":[{"@type":"WebPage","@id":"https:\/\/www.peyrassol.com\/en\/agenda\/","url":"https:\/\/www.peyrassol.com\/en\/agenda\/","name":"Agenda | Peyrassol","isPartOf":{"@id":"https:\/\/www.peyrassol.com\/en\/#website"},"datePublished":"2025-07-17T08:36:31+00:00","dateModified":"2025-07-31T14:13:17+00:00","breadcrumb":{"@id":"https:\/\/www.peyrassol.com\/en\/agenda\/#breadcrumb"},"inLanguage":"en-US","potentialAction":[{"@type":"ReadAction","target":["https:\/\/www.peyrassol.com\/en\/agenda\/"]}]},{"@type":"BreadcrumbList","@id":"https:\/\/www.peyrassol.com\/en\/agenda\/#breadcrumb","itemListElement":[{"@type":"ListItem","position":1,"name":"Accueil","item":"https:\/\/www.peyrassol.com\/en\/"},{"@type":"ListItem","position":2,"name":"Agenda"}]},{"@type":"WebSite","@id":"https:\/\/www.peyrassol.com\/en\/#website","url":"https:\/\/www.peyrassol.com\/en\/","name":"Peyrassol","description":"Domaine de Peyrassol","publisher":{"@id":"https:\/\/www.peyrassol.com\/en\/#organization"},"potentialAction":[{"@type":"SearchAction","target":{"@type":"EntryPoint","urlTemplate":"https:\/\/www.peyrassol.com\/en\/?s={search_term_string}"},"query-input":{"@type":"PropertyValueSpecification","valueRequired":true,"valueName":"search_term_string"}}],"inLanguage":"en-US"},{"@type":"Organization","@id":"https:\/\/www.peyrassol.com\/en\/#organization","name":"Peyrassol","url":"https:\/\/www.peyrassol.com\/en\/","logo":{"@type":"ImageObject","inLanguage":"en-US","@id":"https:\/\/www.peyrassol.com\/en\/#\/schema\/logo\/image\/","url":"https:\/\/www.peyrassol.com\/wp-content\/uploads\/logo-peyrassol-du.png","contentUrl":"https:\/\/www.peyrassol.com\/wp-content\/uploads\/logo-peyrassol-du.png","width":320,"height":62,"caption":"Peyrassol"},"image":{"@id":"https:\/\/www.peyrassol.com\/en\/#\/schema\/logo\/image\/"}}]}},"_links":{"self":[{"href":"https:\/\/www.peyrassol.com\/en\/wp-json\/wp\/v2\/pages\/254119"}],"collection":[{"href":"https:\/\/www.peyrassol.com\/en\/wp-json\/wp\/v2\/pages"}],"about":[{"href":"https:\/\/www.peyrassol.com\/en\/wp-json\/wp\/v2\/types\/page"}],"author":[{"embeddable":true,"href":"https:\/\/www.peyrassol.com\/en\/wp-json\/wp\/v2\/users\/6"}],"replies":[{"embeddable":true,"href":"https:\/\/www.peyrassol.com\/en\/wp-json\/wp\/v2\/comments?post=254119"}],"version-history":[{"count":8,"href":"https:\/\/www.peyrassol.com\/en\/wp-json\/wp\/v2\/pages\/254119\/revisions"}],"predecessor-version":[{"id":254201,"href":"https:\/\/www.peyrassol.com\/en\/wp-json\/wp\/v2\/pages\/254119\/revisions\/254201"}],"wp:attachment":[{"href":"https:\/\/www.peyrassol.com\/en\/wp-json\/wp\/v2\/media?parent=254119"}],"wp:term":[{"taxonomy":"dipi_cpt_category","embeddable":true,"href":"https:\/\/www.peyrassol.com\/en\/wp-json\/wp\/v2\/dipi_cpt_category?post=254119"}],"curies":[{"name":"wp","href":"https:\/\/api.w.org\/{rel}","templated":true}]}}